{"id":28242,"date":"2015-02-03T22:54:56","date_gmt":"2015-02-03T21:54:56","guid":{"rendered":"http:\/\/www.vibarchitecture.com\/projects-2-2\/"},"modified":"2021-10-29T15:22:39","modified_gmt":"2021-10-29T13:22:39","slug":"projets","status":"publish","type":"page","link":"https:\/\/www.vibarchitecture.com\/fr\/projets\/","title":{"rendered":"Projets"},"content":{"rendered":"<div class=\"fusion-fullwidth fullwidth-box fusion-builder-row-1 hundred-percent-fullwidth non-hundred-percent-height-scrolling\" style=\"--awb-border-radius-top-left:0px;--awb-border-radius-top-right:0px;--awb-border-radius-bottom-right:0px;--awb-border-radius-bottom-left:0px;--awb-overflow:visible;--awb-flex-wrap:wrap;\" ><div class=\"fusion-builder-row fusion-row\"><div class=\"fusion-layout-column fusion_builder_column fusion-builder-column-0 fusion_builder_column_1_1 1_1 fusion-one-full fusion-column-first fusion-column-last fusion-column-no-min-height\" style=\"--awb-bg-size:cover;--awb-margin-bottom:0px;\"><div class=\"fusion-column-wrapper fusion-flex-column-wrapper-legacy\">\n<div class=\"fusion-recent-works fusion-portfolio-element fusion-portfolio fusion-portfolio-1 fusion-portfolio-grid fusion-portfolio-paging-pagination fusion-portfolio-two fusion-portfolio-no_text fusion-portfolio-rollover\" data-id=\"-rw-1\" data-columns=\"two\"><div><ul class=\"fusion-filters\" role=\"menu\" aria-label=\"Portfolio Filters\"><li role=\"presentation\" class=\"fusion-filter fusion-filter-all fusion-active\"><a href=\"#\" data-filter=\"*\" role=\"menuitem\">All<\/a><\/li><li role=\"presentation\" class=\"fusion-filter fusion-hidden\"><a href=\"#\" data-filter=\".bureaux\" role=\"menuitem\">bureaux<\/a><\/li><li role=\"presentation\" class=\"fusion-filter fusion-hidden\"><a href=\"#\" data-filter=\".culturel\" role=\"menuitem\">culturel<\/a><\/li><li role=\"presentation\" class=\"fusion-filter fusion-hidden\"><a href=\"#\" data-filter=\".enseignement\" role=\"menuitem\">enseignement<\/a><\/li><li role=\"presentation\" class=\"fusion-filter fusion-hidden\"><a href=\"#\" data-filter=\".industriel\" role=\"menuitem\">industriel<\/a><\/li><li role=\"presentation\" class=\"fusion-filter fusion-hidden\"><a href=\"#\" data-filter=\".logement\" role=\"menuitem\">logement<\/a><\/li><li role=\"presentation\" class=\"fusion-filter fusion-hidden\"><a href=\"#\" data-filter=\".recherche\" role=\"menuitem\">recherche<\/a><\/li><li role=\"presentation\" class=\"fusion-filter fusion-hidden\"><a href=\"#\" data-filter=\".rehabilitation\" role=\"menuitem\">rehabilitation<\/a><\/li><li role=\"presentation\" class=\"fusion-filter fusion-hidden\"><a href=\"#\" data-filter=\".sante\" role=\"menuitem\">sant\u00e9<\/a><\/li><li role=\"presentation\" class=\"fusion-filter fusion-hidden\"><a href=\"#\" data-filter=\".selection\" role=\"menuitem\">selection<\/a><\/li><li role=\"presentation\" class=\"fusion-filter fusion-hidden\"><a href=\"#\" data-filter=\".urbain\" role=\"menuitem\">urbain<\/a><\/li><\/ul><\/div><style type=\"text\/css\">.fusion-portfolio-1 .fusion-portfolio-wrapper .fusion-col-spacing{padding:6px;}<\/style><div class=\"fusion-portfolio-wrapper\" id=\"fusion-portfolio-1\" data-picturesize=\"auto\" data-pages=\"2\" style=\"margin:-6px;\"><article id=\"portfolio-1-post-33322\" class=\"fusion-portfolio-post bureaux enseignement recherche rehabilitation selection fusion-col-spacing post-33322\"><div class=\"fusion-portfolio-content-wrapper\" style=\"border:none;\"><div  class=\"fusion-image-wrapper\" aria-haspopup=\"true\">\n\t\t\t\t<img data-recalc-dims=\"1\" decoding=\"async\" width=\"1000\" height=\"643\" src=\"https:\/\/i0.wp.com\/www.vibarchitecture.com\/wp-content\/uploads\/2025\/05\/cefe_montepellier_cefe_parking_a3_2000px.jpg?resize=1000%2C643&#038;ssl=1\" class=\"attachment-full size-full wp-post-image\" alt=\"\" srcset=\"https:\/\/i0.wp.com\/www.vibarchitecture.com\/wp-content\/uploads\/2025\/05\/cefe_montepellier_cefe_parking_a3_2000px.jpg?resize=150%2C96&amp;ssl=1 150w, https:\/\/i0.wp.com\/www.vibarchitecture.com\/wp-content\/uploads\/2025\/05\/cefe_montepellier_cefe_parking_a3_2000px.jpg?resize=200%2C129&amp;ssl=1 200w, https:\/\/i0.wp.com\/www.vibarchitecture.com\/wp-content\/uploads\/2025\/05\/cefe_montepellier_cefe_parking_a3_2000px.jpg?resize=400%2C257&amp;ssl=1 400w, https:\/\/i0.wp.com\/www.vibarchitecture.com\/wp-content\/uploads\/2025\/05\/cefe_montepellier_cefe_parking_a3_2000px.jpg?resize=460%2C295&amp;ssl=1 460w, https:\/\/i0.wp.com\/www.vibarchitecture.com\/wp-content\/uploads\/2025\/05\/cefe_montepellier_cefe_parking_a3_2000px.jpg?resize=600%2C386&amp;ssl=1 600w, https:\/\/i0.wp.com\/www.vibarchitecture.com\/wp-content\/uploads\/2025\/05\/cefe_montepellier_cefe_parking_a3_2000px.jpg?resize=653%2C420&amp;ssl=1 653w, https:\/\/i0.wp.com\/www.vibarchitecture.com\/wp-content\/uploads\/2025\/05\/cefe_montepellier_cefe_parking_a3_2000px.jpg?resize=669%2C430&amp;ssl=1 669w, https:\/\/i0.wp.com\/www.vibarchitecture.com\/wp-content\/uploads\/2025\/05\/cefe_montepellier_cefe_parking_a3_2000px.jpg?resize=768%2C493&amp;ssl=1 768w, https:\/\/i0.wp.com\/www.vibarchitecture.com\/wp-content\/uploads\/2025\/05\/cefe_montepellier_cefe_parking_a3_2000px.jpg?resize=800%2C514&amp;ssl=1 800w, https:\/\/i0.wp.com\/www.vibarchitecture.com\/wp-content\/uploads\/2025\/05\/cefe_montepellier_cefe_parking_a3_2000px.jpg?resize=1000%2C643&amp;ssl=1 1000w, https:\/\/i0.wp.com\/www.vibarchitecture.com\/wp-content\/uploads\/2025\/05\/cefe_montepellier_cefe_parking_a3_2000px.jpg?resize=1200%2C771&amp;ssl=1 1200w, https:\/\/i0.wp.com\/www.vibarchitecture.com\/wp-content\/uploads\/2025\/05\/cefe_montepellier_cefe_parking_a3_2000px.jpg?resize=1536%2C987&amp;ssl=1 1536w, https:\/\/i0.wp.com\/www.vibarchitecture.com\/wp-content\/uploads\/2025\/05\/cefe_montepellier_cefe_parking_a3_2000px.jpg?fit=2000%2C1285&amp;ssl=1 2000w\" sizes=\"(min-width: 2200px) 100vw, (min-width: 665px) 494px, (min-width: 640px) 665px, \" \/><div class=\"fusion-rollover\">\n\t<div class=\"fusion-rollover-content\">\n\n\t\t\t\t\n\t\t\n\t\t\t\t\t\t\t\t\t\t\t\t<h4 class=\"fusion-rollover-title\">\n\t\t\t\t\t<a class=\"fusion-rollover-title-link\" href=\"https:\/\/www.vibarchitecture.com\/fr\/project\/cefe-centre-detude-en-ecologie-montpellier\/\">\n\t\t\t\t\t\tCEFE &#8211; Centre d&rsquo;\u00e9tude en \u00e9cologie | Montpellier\t\t\t\t\t<\/a>\n\t\t\t\t<\/h4>\n\t\t\t\n\t\t\t\t\t\t\t\t\n\t\t\n\t\t\t\t\t\t<a class=\"fusion-link-wrapper\" href=\"https:\/\/www.vibarchitecture.com\/fr\/project\/cefe-centre-detude-en-ecologie-montpellier\/\" aria-label=\"CEFE &#8211; Centre d&rsquo;\u00e9tude en \u00e9cologie | Montpellier\"><\/a>\n\t<\/div>\n<\/div>\n<\/div>\n<\/div><\/article><article id=\"portfolio-1-post-32808\" class=\"fusion-portfolio-post logement selection urbain fusion-col-spacing post-32808\"><div class=\"fusion-portfolio-content-wrapper\" style=\"border:none;\"><div  class=\"fusion-image-wrapper\" aria-haspopup=\"true\">\n\t\t\t\t<img data-recalc-dims=\"1\" decoding=\"async\" width=\"1000\" height=\"1000\" src=\"https:\/\/i0.wp.com\/www.vibarchitecture.com\/wp-content\/uploads\/2021\/10\/21070334-hr_adobervb_print-cyrillelallement_cc.jpg?resize=1000%2C1000&#038;ssl=1\" class=\"attachment-full size-full wp-post-image\" alt=\"\" srcset=\"https:\/\/i0.wp.com\/www.vibarchitecture.com\/wp-content\/uploads\/2021\/10\/21070334-hr_adobervb_print-cyrillelallement_cc.jpg?resize=66%2C66&amp;ssl=1 66w, https:\/\/i0.wp.com\/www.vibarchitecture.com\/wp-content\/uploads\/2021\/10\/21070334-hr_adobervb_print-cyrillelallement_cc.jpg?resize=150%2C150&amp;ssl=1 150w, https:\/\/i0.wp.com\/www.vibarchitecture.com\/wp-content\/uploads\/2021\/10\/21070334-hr_adobervb_print-cyrillelallement_cc.jpg?resize=200%2C200&amp;ssl=1 200w, https:\/\/i0.wp.com\/www.vibarchitecture.com\/wp-content\/uploads\/2021\/10\/21070334-hr_adobervb_print-cyrillelallement_cc.jpg?resize=400%2C400&amp;ssl=1 400w, https:\/\/i0.wp.com\/www.vibarchitecture.com\/wp-content\/uploads\/2021\/10\/21070334-hr_adobervb_print-cyrillelallement_cc.jpg?resize=600%2C600&amp;ssl=1 600w, https:\/\/i0.wp.com\/www.vibarchitecture.com\/wp-content\/uploads\/2021\/10\/21070334-hr_adobervb_print-cyrillelallement_cc.jpg?resize=653%2C653&amp;ssl=1 653w, https:\/\/i0.wp.com\/www.vibarchitecture.com\/wp-content\/uploads\/2021\/10\/21070334-hr_adobervb_print-cyrillelallement_cc.jpg?resize=768%2C768&amp;ssl=1 768w, https:\/\/i0.wp.com\/www.vibarchitecture.com\/wp-content\/uploads\/2021\/10\/21070334-hr_adobervb_print-cyrillelallement_cc.jpg?resize=800%2C800&amp;ssl=1 800w, https:\/\/i0.wp.com\/www.vibarchitecture.com\/wp-content\/uploads\/2021\/10\/21070334-hr_adobervb_print-cyrillelallement_cc.jpg?resize=1200%2C1200&amp;ssl=1 1200w, https:\/\/i0.wp.com\/www.vibarchitecture.com\/wp-content\/uploads\/2021\/10\/21070334-hr_adobervb_print-cyrillelallement_cc.jpg?resize=1536%2C1536&amp;ssl=1 1536w, https:\/\/i0.wp.com\/www.vibarchitecture.com\/wp-content\/uploads\/2021\/10\/21070334-hr_adobervb_print-cyrillelallement_cc.jpg?fit=2000%2C2000&amp;ssl=1 2000w\" sizes=\"(min-width: 2200px) 100vw, (min-width: 665px) 494px, (min-width: 640px) 665px, \" \/><div class=\"fusion-rollover\">\n\t<div class=\"fusion-rollover-content\">\n\n\t\t\t\t\n\t\t\n\t\t\t\t\t\t\t\t\t\t\t\t<h4 class=\"fusion-rollover-title\">\n\t\t\t\t\t<a class=\"fusion-rollover-title-link\" href=\"https:\/\/www.vibarchitecture.com\/fr\/project\/le-norway-pointe-presquile-caen-14-copy\/\">\n\t\t\t\t\t\tLE NORWAY | Pointe Presqu&rsquo;\u00eele | CAEN (14)\t\t\t\t\t<\/a>\n\t\t\t\t<\/h4>\n\t\t\t\n\t\t\t\t\t\t\t\t\n\t\t\n\t\t\t\t\t\t<a class=\"fusion-link-wrapper\" href=\"https:\/\/www.vibarchitecture.com\/fr\/project\/le-norway-pointe-presquile-caen-14-copy\/\" aria-label=\"LE NORWAY | Pointe Presqu&rsquo;\u00eele | CAEN (14)\"><\/a>\n\t<\/div>\n<\/div>\n<\/div>\n<\/div><\/article><article id=\"portfolio-1-post-33022\" class=\"fusion-portfolio-post enseignement sante selection urbain fusion-col-spacing post-33022\"><div class=\"fusion-portfolio-content-wrapper\" style=\"border:none;\"><div  class=\"fusion-image-wrapper\" aria-haspopup=\"true\">\n\t\t\t\t<img data-recalc-dims=\"1\" decoding=\"async\" width=\"1000\" height=\"667\" src=\"https:\/\/i0.wp.com\/www.vibarchitecture.com\/wp-content\/uploads\/2023\/03\/25116806-vib_hr_adobervb_print-cyrillelallement_2000px.jpg?resize=1000%2C667&#038;ssl=1\" class=\"attachment-full size-full wp-post-image\" alt=\"\" srcset=\"https:\/\/i0.wp.com\/www.vibarchitecture.com\/wp-content\/uploads\/2023\/03\/25116806-vib_hr_adobervb_print-cyrillelallement_2000px.jpg?resize=150%2C100&amp;ssl=1 150w, https:\/\/i0.wp.com\/www.vibarchitecture.com\/wp-content\/uploads\/2023\/03\/25116806-vib_hr_adobervb_print-cyrillelallement_2000px.jpg?resize=200%2C133&amp;ssl=1 200w, https:\/\/i0.wp.com\/www.vibarchitecture.com\/wp-content\/uploads\/2023\/03\/25116806-vib_hr_adobervb_print-cyrillelallement_2000px.jpg?resize=400%2C267&amp;ssl=1 400w, https:\/\/i0.wp.com\/www.vibarchitecture.com\/wp-content\/uploads\/2023\/03\/25116806-vib_hr_adobervb_print-cyrillelallement_2000px.jpg?resize=600%2C400&amp;ssl=1 600w, https:\/\/i0.wp.com\/www.vibarchitecture.com\/wp-content\/uploads\/2023\/03\/25116806-vib_hr_adobervb_print-cyrillelallement_2000px.jpg?resize=653%2C435&amp;ssl=1 653w, https:\/\/i0.wp.com\/www.vibarchitecture.com\/wp-content\/uploads\/2023\/03\/25116806-vib_hr_adobervb_print-cyrillelallement_2000px.jpg?resize=669%2C446&amp;ssl=1 669w, https:\/\/i0.wp.com\/www.vibarchitecture.com\/wp-content\/uploads\/2023\/03\/25116806-vib_hr_adobervb_print-cyrillelallement_2000px.jpg?resize=768%2C512&amp;ssl=1 768w, https:\/\/i0.wp.com\/www.vibarchitecture.com\/wp-content\/uploads\/2023\/03\/25116806-vib_hr_adobervb_print-cyrillelallement_2000px.jpg?resize=800%2C533&amp;ssl=1 800w, https:\/\/i0.wp.com\/www.vibarchitecture.com\/wp-content\/uploads\/2023\/03\/25116806-vib_hr_adobervb_print-cyrillelallement_2000px.jpg?resize=1000%2C667&amp;ssl=1 1000w, https:\/\/i0.wp.com\/www.vibarchitecture.com\/wp-content\/uploads\/2023\/03\/25116806-vib_hr_adobervb_print-cyrillelallement_2000px.jpg?resize=1200%2C800&amp;ssl=1 1200w, https:\/\/i0.wp.com\/www.vibarchitecture.com\/wp-content\/uploads\/2023\/03\/25116806-vib_hr_adobervb_print-cyrillelallement_2000px.jpg?resize=1536%2C1024&amp;ssl=1 1536w, https:\/\/i0.wp.com\/www.vibarchitecture.com\/wp-content\/uploads\/2023\/03\/25116806-vib_hr_adobervb_print-cyrillelallement_2000px.jpg?fit=2000%2C1333&amp;ssl=1 2000w\" sizes=\"(min-width: 2200px) 100vw, (min-width: 665px) 494px, (min-width: 640px) 665px, \" \/><div class=\"fusion-rollover\">\n\t<div class=\"fusion-rollover-content\">\n\n\t\t\t\t\n\t\t\n\t\t\t\t\t\t\t\t\t\t\t\t<h4 class=\"fusion-rollover-title\">\n\t\t\t\t\t<a class=\"fusion-rollover-title-link\" href=\"https:\/\/www.vibarchitecture.com\/fr\/project\/ifsi-et-parking-silo-evreux-27\/\">\n\t\t\t\t\t\tIFSI et parking silo | Evreux (27)\t\t\t\t\t<\/a>\n\t\t\t\t<\/h4>\n\t\t\t\n\t\t\t\t\t\t\t\t\n\t\t\n\t\t\t\t\t\t<a class=\"fusion-link-wrapper\" href=\"https:\/\/www.vibarchitecture.com\/fr\/project\/ifsi-et-parking-silo-evreux-27\/\" aria-label=\"IFSI et parking silo | Evreux (27)\"><\/a>\n\t<\/div>\n<\/div>\n<\/div>\n<\/div><\/article><article id=\"portfolio-1-post-33133\" class=\"fusion-portfolio-post industriel rehabilitation fusion-col-spacing post-33133\"><div class=\"fusion-portfolio-content-wrapper\" style=\"border:none;\"><div  class=\"fusion-image-wrapper\" aria-haspopup=\"true\">\n\t\t\t\t<img data-recalc-dims=\"1\" decoding=\"async\" width=\"1000\" height=\"500\" src=\"https:\/\/i0.wp.com\/www.vibarchitecture.com\/wp-content\/uploads\/2025\/02\/hlu-nanterre_vib_copyright_michel-denance-32_crop.jpg?resize=1000%2C500&#038;ssl=1\" class=\"attachment-full size-full wp-post-image\" alt=\"\" srcset=\"https:\/\/i0.wp.com\/www.vibarchitecture.com\/wp-content\/uploads\/2025\/02\/hlu-nanterre_vib_copyright_michel-denance-32_crop.jpg?resize=150%2C75&amp;ssl=1 150w, https:\/\/i0.wp.com\/www.vibarchitecture.com\/wp-content\/uploads\/2025\/02\/hlu-nanterre_vib_copyright_michel-denance-32_crop.jpg?resize=200%2C100&amp;ssl=1 200w, https:\/\/i0.wp.com\/www.vibarchitecture.com\/wp-content\/uploads\/2025\/02\/hlu-nanterre_vib_copyright_michel-denance-32_crop.jpg?resize=400%2C200&amp;ssl=1 400w, https:\/\/i0.wp.com\/www.vibarchitecture.com\/wp-content\/uploads\/2025\/02\/hlu-nanterre_vib_copyright_michel-denance-32_crop.jpg?resize=600%2C300&amp;ssl=1 600w, https:\/\/i0.wp.com\/www.vibarchitecture.com\/wp-content\/uploads\/2025\/02\/hlu-nanterre_vib_copyright_michel-denance-32_crop.jpg?resize=653%2C327&amp;ssl=1 653w, https:\/\/i0.wp.com\/www.vibarchitecture.com\/wp-content\/uploads\/2025\/02\/hlu-nanterre_vib_copyright_michel-denance-32_crop.jpg?resize=669%2C335&amp;ssl=1 669w, https:\/\/i0.wp.com\/www.vibarchitecture.com\/wp-content\/uploads\/2025\/02\/hlu-nanterre_vib_copyright_michel-denance-32_crop.jpg?resize=768%2C384&amp;ssl=1 768w, https:\/\/i0.wp.com\/www.vibarchitecture.com\/wp-content\/uploads\/2025\/02\/hlu-nanterre_vib_copyright_michel-denance-32_crop.jpg?resize=800%2C400&amp;ssl=1 800w, https:\/\/i0.wp.com\/www.vibarchitecture.com\/wp-content\/uploads\/2025\/02\/hlu-nanterre_vib_copyright_michel-denance-32_crop.jpg?resize=1000%2C500&amp;ssl=1 1000w, https:\/\/i0.wp.com\/www.vibarchitecture.com\/wp-content\/uploads\/2025\/02\/hlu-nanterre_vib_copyright_michel-denance-32_crop.jpg?resize=1200%2C600&amp;ssl=1 1200w, https:\/\/i0.wp.com\/www.vibarchitecture.com\/wp-content\/uploads\/2025\/02\/hlu-nanterre_vib_copyright_michel-denance-32_crop.jpg?resize=1536%2C768&amp;ssl=1 1536w, https:\/\/i0.wp.com\/www.vibarchitecture.com\/wp-content\/uploads\/2025\/02\/hlu-nanterre_vib_copyright_michel-denance-32_crop.jpg?fit=1920%2C960&amp;ssl=1 1920w\" sizes=\"(min-width: 2200px) 100vw, (min-width: 665px) 494px, (min-width: 640px) 665px, \" \/><div class=\"fusion-rollover\">\n\t<div class=\"fusion-rollover-content\">\n\n\t\t\t\t\n\t\t\n\t\t\t\t\t\t\t\t\t\t\t\t<h4 class=\"fusion-rollover-title\">\n\t\t\t\t\t<a class=\"fusion-rollover-title-link\" href=\"https:\/\/www.vibarchitecture.com\/fr\/project\/hlu-hotel-de-logistique-urbaine-nanterre-92\/\">\n\t\t\t\t\t\tHLU | H\u00f4tel de logistique urbaine | NANTERRE (92)\t\t\t\t\t<\/a>\n\t\t\t\t<\/h4>\n\t\t\t\n\t\t\t\t\t\t\t\t\n\t\t\n\t\t\t\t\t\t<a class=\"fusion-link-wrapper\" href=\"https:\/\/www.vibarchitecture.com\/fr\/project\/hlu-hotel-de-logistique-urbaine-nanterre-92\/\" aria-label=\"HLU | H\u00f4tel de logistique urbaine | NANTERRE (92)\"><\/a>\n\t<\/div>\n<\/div>\n<\/div>\n<\/div><\/article><article id=\"portfolio-1-post-31768\" class=\"fusion-portfolio-post bureaux enseignement recherche selection urbain fusion-col-spacing post-31768\"><div class=\"fusion-portfolio-content-wrapper\" style=\"border:none;\"><div  class=\"fusion-image-wrapper\" aria-haspopup=\"true\">\n\t\t\t\t<img data-recalc-dims=\"1\" decoding=\"async\" width=\"1000\" height=\"600\" src=\"https:\/\/i0.wp.com\/www.vibarchitecture.com\/wp-content\/uploads\/2020\/09\/vib_mathstic_phase2_vue_loin_phase02_correction_ciel_clair_2000.jpg?resize=1000%2C600&#038;ssl=1\" class=\"attachment-full size-full wp-post-image\" alt=\"\" srcset=\"https:\/\/i0.wp.com\/www.vibarchitecture.com\/wp-content\/uploads\/2020\/09\/vib_mathstic_phase2_vue_loin_phase02_correction_ciel_clair_2000.jpg?resize=150%2C90&amp;ssl=1 150w, https:\/\/i0.wp.com\/www.vibarchitecture.com\/wp-content\/uploads\/2020\/09\/vib_mathstic_phase2_vue_loin_phase02_correction_ciel_clair_2000.jpg?resize=200%2C120&amp;ssl=1 200w, https:\/\/i0.wp.com\/www.vibarchitecture.com\/wp-content\/uploads\/2020\/09\/vib_mathstic_phase2_vue_loin_phase02_correction_ciel_clair_2000.jpg?resize=400%2C240&amp;ssl=1 400w, https:\/\/i0.wp.com\/www.vibarchitecture.com\/wp-content\/uploads\/2020\/09\/vib_mathstic_phase2_vue_loin_phase02_correction_ciel_clair_2000.jpg?resize=600%2C360&amp;ssl=1 600w, https:\/\/i0.wp.com\/www.vibarchitecture.com\/wp-content\/uploads\/2020\/09\/vib_mathstic_phase2_vue_loin_phase02_correction_ciel_clair_2000.jpg?resize=653%2C392&amp;ssl=1 653w, https:\/\/i0.wp.com\/www.vibarchitecture.com\/wp-content\/uploads\/2020\/09\/vib_mathstic_phase2_vue_loin_phase02_correction_ciel_clair_2000.jpg?resize=669%2C401&amp;ssl=1 669w, https:\/\/i0.wp.com\/www.vibarchitecture.com\/wp-content\/uploads\/2020\/09\/vib_mathstic_phase2_vue_loin_phase02_correction_ciel_clair_2000.jpg?resize=768%2C461&amp;ssl=1 768w, https:\/\/i0.wp.com\/www.vibarchitecture.com\/wp-content\/uploads\/2020\/09\/vib_mathstic_phase2_vue_loin_phase02_correction_ciel_clair_2000.jpg?resize=800%2C480&amp;ssl=1 800w, https:\/\/i0.wp.com\/www.vibarchitecture.com\/wp-content\/uploads\/2020\/09\/vib_mathstic_phase2_vue_loin_phase02_correction_ciel_clair_2000.jpg?resize=1000%2C600&amp;ssl=1 1000w, https:\/\/i0.wp.com\/www.vibarchitecture.com\/wp-content\/uploads\/2020\/09\/vib_mathstic_phase2_vue_loin_phase02_correction_ciel_clair_2000.jpg?resize=1200%2C720&amp;ssl=1 1200w, https:\/\/i0.wp.com\/www.vibarchitecture.com\/wp-content\/uploads\/2020\/09\/vib_mathstic_phase2_vue_loin_phase02_correction_ciel_clair_2000.jpg?resize=1536%2C922&amp;ssl=1 1536w, https:\/\/i0.wp.com\/www.vibarchitecture.com\/wp-content\/uploads\/2020\/09\/vib_mathstic_phase2_vue_loin_phase02_correction_ciel_clair_2000.jpg?fit=2000%2C1200&amp;ssl=1 2000w\" sizes=\"(min-width: 2200px) 100vw, (min-width: 665px) 494px, (min-width: 640px) 665px, \" \/><div class=\"fusion-rollover\">\n\t<div class=\"fusion-rollover-content\">\n\n\t\t\t\t\n\t\t\n\t\t\t\t\t\t\t\t\t\t\t\t<h4 class=\"fusion-rollover-title\">\n\t\t\t\t\t<a class=\"fusion-rollover-title-link\" href=\"https:\/\/www.vibarchitecture.com\/fr\/project\/mathstic-departement-mathematique-et-entree-du-campus-universitaire-batiment-bas-carbone-villetaneuse-93\/\">\n\t\t\t\t\t\tMathSTIC et entr\u00e9e du Campus Universitaire | Villetaneuse (93)\t\t\t\t\t<\/a>\n\t\t\t\t<\/h4>\n\t\t\t\n\t\t\t\t\t\t\t\t\n\t\t\n\t\t\t\t\t\t<a class=\"fusion-link-wrapper\" href=\"https:\/\/www.vibarchitecture.com\/fr\/project\/mathstic-departement-mathematique-et-entree-du-campus-universitaire-batiment-bas-carbone-villetaneuse-93\/\" aria-label=\"MathSTIC et entr\u00e9e du Campus Universitaire | Villetaneuse (93)\"><\/a>\n\t<\/div>\n<\/div>\n<\/div>\n<\/div><\/article><article id=\"portfolio-1-post-30063\" class=\"fusion-portfolio-post bureaux enseignement industriel recherche rehabilitation sante selection urbain fusion-col-spacing post-30063\"><div class=\"fusion-portfolio-content-wrapper\" style=\"border:none;\"><div  class=\"fusion-image-wrapper\" aria-haspopup=\"true\">\n\t\t\t\t<img decoding=\"async\" width=\"667\" height=\"887\" src=\"https:\/\/i0.wp.com\/www.vibarchitecture.com\/wp-content\/uploads\/2016\/09\/19123653-lr_srvb_web-cyrillelallement-e1582886116642.jpg?fit=667%2C887&ssl=1\" class=\"attachment-full size-full wp-post-image\" alt=\"\" srcset=\"https:\/\/i0.wp.com\/www.vibarchitecture.com\/wp-content\/uploads\/2016\/09\/19123653-lr_srvb_web-cyrillelallement-e1582886116642.jpg?resize=200%2C266&amp;ssl=1 200w, https:\/\/i0.wp.com\/www.vibarchitecture.com\/wp-content\/uploads\/2016\/09\/19123653-lr_srvb_web-cyrillelallement-e1582886116642.jpg?resize=400%2C532&amp;ssl=1 400w, https:\/\/i0.wp.com\/www.vibarchitecture.com\/wp-content\/uploads\/2016\/09\/19123653-lr_srvb_web-cyrillelallement-e1582886116642.jpg?resize=600%2C798&amp;ssl=1 600w, https:\/\/i0.wp.com\/www.vibarchitecture.com\/wp-content\/uploads\/2016\/09\/19123653-lr_srvb_web-cyrillelallement-e1582886116642.jpg?resize=653%2C868&amp;ssl=1 653w, https:\/\/i0.wp.com\/www.vibarchitecture.com\/wp-content\/uploads\/2016\/09\/19123653-lr_srvb_web-cyrillelallement-e1582886116642.jpg?fit=667%2C887&amp;ssl=1 667w\" sizes=\"(min-width: 2200px) 100vw, (min-width: 665px) 494px, (min-width: 640px) 665px, \" \/><div class=\"fusion-rollover\">\n\t<div class=\"fusion-rollover-content\">\n\n\t\t\t\t\n\t\t\n\t\t\t\t\t\t\t\t\t\t\t\t<h4 class=\"fusion-rollover-title\">\n\t\t\t\t\t<a class=\"fusion-rollover-title-link\" href=\"https:\/\/www.vibarchitecture.com\/fr\/project\/institut-de-laudition-paris-75\/\">\n\t\t\t\t\t\tInstitut de l&rsquo;Audition | Paris (75)\t\t\t\t\t<\/a>\n\t\t\t\t<\/h4>\n\t\t\t\n\t\t\t\t\t\t\t\t\n\t\t\n\t\t\t\t\t\t<a class=\"fusion-link-wrapper\" href=\"https:\/\/www.vibarchitecture.com\/fr\/project\/institut-de-laudition-paris-75\/\" aria-label=\"Institut de l&rsquo;Audition | Paris (75)\"><\/a>\n\t<\/div>\n<\/div>\n<\/div>\n<\/div><\/article><article id=\"portfolio-1-post-33180\" class=\"fusion-portfolio-post enseignement rehabilitation sante selection fusion-col-spacing post-33180\"><div class=\"fusion-portfolio-content-wrapper\" style=\"border:none;\"><div  class=\"fusion-image-wrapper\" aria-haspopup=\"true\">\n\t\t\t\t<img data-recalc-dims=\"1\" decoding=\"async\" width=\"1000\" height=\"595\" src=\"https:\/\/i0.wp.com\/www.vibarchitecture.com\/wp-content\/uploads\/2025\/02\/phase-finale_ecole_de_chirurgie_rue_des_arbuses_2000px_crop.jpg?resize=1000%2C595&#038;ssl=1\" class=\"attachment-full size-full wp-post-image\" alt=\"\" srcset=\"https:\/\/i0.wp.com\/www.vibarchitecture.com\/wp-content\/uploads\/2025\/02\/phase-finale_ecole_de_chirurgie_rue_des_arbuses_2000px_crop.jpg?resize=150%2C89&amp;ssl=1 150w, https:\/\/i0.wp.com\/www.vibarchitecture.com\/wp-content\/uploads\/2025\/02\/phase-finale_ecole_de_chirurgie_rue_des_arbuses_2000px_crop.jpg?resize=200%2C119&amp;ssl=1 200w, https:\/\/i0.wp.com\/www.vibarchitecture.com\/wp-content\/uploads\/2025\/02\/phase-finale_ecole_de_chirurgie_rue_des_arbuses_2000px_crop.jpg?resize=400%2C238&amp;ssl=1 400w, https:\/\/i0.wp.com\/www.vibarchitecture.com\/wp-content\/uploads\/2025\/02\/phase-finale_ecole_de_chirurgie_rue_des_arbuses_2000px_crop.jpg?resize=600%2C357&amp;ssl=1 600w, https:\/\/i0.wp.com\/www.vibarchitecture.com\/wp-content\/uploads\/2025\/02\/phase-finale_ecole_de_chirurgie_rue_des_arbuses_2000px_crop.jpg?resize=653%2C389&amp;ssl=1 653w, https:\/\/i0.wp.com\/www.vibarchitecture.com\/wp-content\/uploads\/2025\/02\/phase-finale_ecole_de_chirurgie_rue_des_arbuses_2000px_crop.jpg?resize=669%2C398&amp;ssl=1 669w, https:\/\/i0.wp.com\/www.vibarchitecture.com\/wp-content\/uploads\/2025\/02\/phase-finale_ecole_de_chirurgie_rue_des_arbuses_2000px_crop.jpg?resize=768%2C457&amp;ssl=1 768w, https:\/\/i0.wp.com\/www.vibarchitecture.com\/wp-content\/uploads\/2025\/02\/phase-finale_ecole_de_chirurgie_rue_des_arbuses_2000px_crop.jpg?resize=800%2C476&amp;ssl=1 800w, https:\/\/i0.wp.com\/www.vibarchitecture.com\/wp-content\/uploads\/2025\/02\/phase-finale_ecole_de_chirurgie_rue_des_arbuses_2000px_crop.jpg?resize=1000%2C595&amp;ssl=1 1000w, https:\/\/i0.wp.com\/www.vibarchitecture.com\/wp-content\/uploads\/2025\/02\/phase-finale_ecole_de_chirurgie_rue_des_arbuses_2000px_crop.jpg?resize=1200%2C714&amp;ssl=1 1200w, https:\/\/i0.wp.com\/www.vibarchitecture.com\/wp-content\/uploads\/2025\/02\/phase-finale_ecole_de_chirurgie_rue_des_arbuses_2000px_crop.jpg?resize=1536%2C914&amp;ssl=1 1536w, https:\/\/i0.wp.com\/www.vibarchitecture.com\/wp-content\/uploads\/2025\/02\/phase-finale_ecole_de_chirurgie_rue_des_arbuses_2000px_crop.jpg?fit=2000%2C1190&amp;ssl=1 2000w\" sizes=\"(min-width: 2200px) 100vw, (min-width: 665px) 494px, (min-width: 640px) 665px, \" \/><div class=\"fusion-rollover\">\n\t<div class=\"fusion-rollover-content\">\n\n\t\t\t\t\n\t\t\n\t\t\t\t\t\t\t\t\t\t\t\t<h4 class=\"fusion-rollover-title\">\n\t\t\t\t\t<a class=\"fusion-rollover-title-link\" href=\"https:\/\/www.vibarchitecture.com\/fr\/project\/ecole-de-chirurgie-de-paris-paris-14\/\">\n\t\t\t\t\t\t\u00c9cole de chirurgie de Paris | Paris 14\t\t\t\t\t<\/a>\n\t\t\t\t<\/h4>\n\t\t\t\n\t\t\t\t\t\t\t\t\n\t\t\n\t\t\t\t\t\t<a class=\"fusion-link-wrapper\" href=\"https:\/\/www.vibarchitecture.com\/fr\/project\/ecole-de-chirurgie-de-paris-paris-14\/\" aria-label=\"\u00c9cole de chirurgie de Paris | Paris 14\"><\/a>\n\t<\/div>\n<\/div>\n<\/div>\n<\/div><\/article><article id=\"portfolio-1-post-33012\" class=\"fusion-portfolio-post bureaux enseignement recherche sante urbain fusion-col-spacing post-33012\"><div class=\"fusion-portfolio-content-wrapper\" style=\"border:none;\"><div  class=\"fusion-image-wrapper\" aria-haspopup=\"true\">\n\t\t\t\t<img data-recalc-dims=\"1\" decoding=\"async\" width=\"1000\" height=\"707\" src=\"https:\/\/i0.wp.com\/www.vibarchitecture.com\/wp-content\/uploads\/2023\/02\/vib_simmar_cloitre_02.jpg?resize=1000%2C707&#038;ssl=1\" class=\"attachment-full size-full wp-post-image\" alt=\"\" srcset=\"https:\/\/i0.wp.com\/www.vibarchitecture.com\/wp-content\/uploads\/2023\/02\/vib_simmar_cloitre_02.jpg?resize=150%2C106&amp;ssl=1 150w, https:\/\/i0.wp.com\/www.vibarchitecture.com\/wp-content\/uploads\/2023\/02\/vib_simmar_cloitre_02.jpg?resize=200%2C141&amp;ssl=1 200w, https:\/\/i0.wp.com\/www.vibarchitecture.com\/wp-content\/uploads\/2023\/02\/vib_simmar_cloitre_02.jpg?resize=400%2C283&amp;ssl=1 400w, https:\/\/i0.wp.com\/www.vibarchitecture.com\/wp-content\/uploads\/2023\/02\/vib_simmar_cloitre_02.jpg?resize=600%2C424&amp;ssl=1 600w, https:\/\/i0.wp.com\/www.vibarchitecture.com\/wp-content\/uploads\/2023\/02\/vib_simmar_cloitre_02.jpg?resize=653%2C462&amp;ssl=1 653w, https:\/\/i0.wp.com\/www.vibarchitecture.com\/wp-content\/uploads\/2023\/02\/vib_simmar_cloitre_02.jpg?resize=669%2C473&amp;ssl=1 669w, https:\/\/i0.wp.com\/www.vibarchitecture.com\/wp-content\/uploads\/2023\/02\/vib_simmar_cloitre_02.jpg?resize=768%2C543&amp;ssl=1 768w, https:\/\/i0.wp.com\/www.vibarchitecture.com\/wp-content\/uploads\/2023\/02\/vib_simmar_cloitre_02.jpg?resize=800%2C566&amp;ssl=1 800w, https:\/\/i0.wp.com\/www.vibarchitecture.com\/wp-content\/uploads\/2023\/02\/vib_simmar_cloitre_02.jpg?resize=1000%2C707&amp;ssl=1 1000w, https:\/\/i0.wp.com\/www.vibarchitecture.com\/wp-content\/uploads\/2023\/02\/vib_simmar_cloitre_02.jpg?resize=1200%2C848&amp;ssl=1 1200w, https:\/\/i0.wp.com\/www.vibarchitecture.com\/wp-content\/uploads\/2023\/02\/vib_simmar_cloitre_02.jpg?resize=1536%2C1086&amp;ssl=1 1536w, https:\/\/i0.wp.com\/www.vibarchitecture.com\/wp-content\/uploads\/2023\/02\/vib_simmar_cloitre_02.jpg?fit=2000%2C1414&amp;ssl=1 2000w\" sizes=\"(min-width: 2200px) 100vw, (min-width: 665px) 494px, (min-width: 640px) 665px, \" \/><div class=\"fusion-rollover\">\n\t<div class=\"fusion-rollover-content\">\n\n\t\t\t\t\n\t\t\n\t\t\t\t\t\t\t\t\t\t\t\t<h4 class=\"fusion-rollover-title\">\n\t\t\t\t\t<a class=\"fusion-rollover-title-link\" href=\"https:\/\/www.vibarchitecture.com\/fr\/project\/simmar\/\">\n\t\t\t\t\t\tSIMMAR | Aix-Marseille Universit\u00e9 (13)\t\t\t\t\t<\/a>\n\t\t\t\t<\/h4>\n\t\t\t\n\t\t\t\t\t\t\t\t\n\t\t\n\t\t\t\t\t\t<a class=\"fusion-link-wrapper\" href=\"https:\/\/www.vibarchitecture.com\/fr\/project\/simmar\/\" aria-label=\"SIMMAR | Aix-Marseille Universit\u00e9 (13)\"><\/a>\n\t<\/div>\n<\/div>\n<\/div>\n<\/div><\/article><article id=\"portfolio-1-post-32870\" class=\"fusion-portfolio-post bureaux enseignement recherche sante urbain fusion-col-spacing post-32870\"><div class=\"fusion-portfolio-content-wrapper\" style=\"border:none;\"><div  class=\"fusion-image-wrapper\" aria-haspopup=\"true\">\n\t\t\t\t<img data-recalc-dims=\"1\" decoding=\"async\" width=\"1000\" height=\"626\" src=\"https:\/\/i0.wp.com\/www.vibarchitecture.com\/wp-content\/uploads\/2021\/10\/copyright_p-quillet_anses_pq-5715.jpg?resize=1000%2C626&#038;ssl=1\" class=\"attachment-full size-full wp-post-image\" alt=\"\" srcset=\"https:\/\/i0.wp.com\/www.vibarchitecture.com\/wp-content\/uploads\/2021\/10\/copyright_p-quillet_anses_pq-5715.jpg?resize=200%2C125&amp;ssl=1 200w, https:\/\/i0.wp.com\/www.vibarchitecture.com\/wp-content\/uploads\/2021\/10\/copyright_p-quillet_anses_pq-5715.jpg?resize=400%2C250&amp;ssl=1 400w, https:\/\/i0.wp.com\/www.vibarchitecture.com\/wp-content\/uploads\/2021\/10\/copyright_p-quillet_anses_pq-5715.jpg?resize=600%2C375&amp;ssl=1 600w, https:\/\/i0.wp.com\/www.vibarchitecture.com\/wp-content\/uploads\/2021\/10\/copyright_p-quillet_anses_pq-5715.jpg?resize=653%2C408&amp;ssl=1 653w, https:\/\/i0.wp.com\/www.vibarchitecture.com\/wp-content\/uploads\/2021\/10\/copyright_p-quillet_anses_pq-5715.jpg?resize=768%2C480&amp;ssl=1 768w, https:\/\/i0.wp.com\/www.vibarchitecture.com\/wp-content\/uploads\/2021\/10\/copyright_p-quillet_anses_pq-5715.jpg?resize=800%2C500&amp;ssl=1 800w, https:\/\/i0.wp.com\/www.vibarchitecture.com\/wp-content\/uploads\/2021\/10\/copyright_p-quillet_anses_pq-5715.jpg?resize=1200%2C751&amp;ssl=1 1200w, https:\/\/i0.wp.com\/www.vibarchitecture.com\/wp-content\/uploads\/2021\/10\/copyright_p-quillet_anses_pq-5715.jpg?resize=1536%2C961&amp;ssl=1 1536w, https:\/\/i0.wp.com\/www.vibarchitecture.com\/wp-content\/uploads\/2021\/10\/copyright_p-quillet_anses_pq-5715.jpg?fit=2000%2C1251&amp;ssl=1 2000w\" sizes=\"(min-width: 2200px) 100vw, (min-width: 665px) 494px, (min-width: 640px) 665px, \" \/><div class=\"fusion-rollover\">\n\t<div class=\"fusion-rollover-content\">\n\n\t\t\t\t\n\t\t\n\t\t\t\t\t\t\t\t\t\t\t\t<h4 class=\"fusion-rollover-title\">\n\t\t\t\t\t<a class=\"fusion-rollover-title-link\" href=\"https:\/\/www.vibarchitecture.com\/fr\/project\/anses-ansm-lyon-69\/\">\n\t\t\t\t\t\tANSES | Lyon (69)\t\t\t\t\t<\/a>\n\t\t\t\t<\/h4>\n\t\t\t\n\t\t\t\t\t\t\t\t\n\t\t\n\t\t\t\t\t\t<a class=\"fusion-link-wrapper\" href=\"https:\/\/www.vibarchitecture.com\/fr\/project\/anses-ansm-lyon-69\/\" aria-label=\"ANSES | Lyon (69)\"><\/a>\n\t<\/div>\n<\/div>\n<\/div>\n<\/div><\/article><article id=\"portfolio-1-post-31234\" class=\"fusion-portfolio-post enseignement recherche sante urbain fusion-col-spacing post-31234\"><div class=\"fusion-portfolio-content-wrapper\" style=\"border:none;\"><div  class=\"fusion-image-wrapper\" aria-haspopup=\"true\">\n\t\t\t\t<img data-recalc-dims=\"1\" decoding=\"async\" width=\"1000\" height=\"601\" src=\"https:\/\/i0.wp.com\/www.vibarchitecture.com\/wp-content\/uploads\/2018\/12\/vib_ulm_vue_exterieure01_ciel-personnalise.jpg?resize=1000%2C601&#038;ssl=1\" class=\"attachment-full size-full wp-post-image\" alt=\"\" srcset=\"https:\/\/i0.wp.com\/www.vibarchitecture.com\/wp-content\/uploads\/2018\/12\/vib_ulm_vue_exterieure01_ciel-personnalise.jpg?resize=200%2C120&amp;ssl=1 200w, https:\/\/i0.wp.com\/www.vibarchitecture.com\/wp-content\/uploads\/2018\/12\/vib_ulm_vue_exterieure01_ciel-personnalise.jpg?resize=400%2C240&amp;ssl=1 400w, https:\/\/i0.wp.com\/www.vibarchitecture.com\/wp-content\/uploads\/2018\/12\/vib_ulm_vue_exterieure01_ciel-personnalise.jpg?resize=600%2C360&amp;ssl=1 600w, https:\/\/i0.wp.com\/www.vibarchitecture.com\/wp-content\/uploads\/2018\/12\/vib_ulm_vue_exterieure01_ciel-personnalise.jpg?resize=653%2C392&amp;ssl=1 653w, https:\/\/i0.wp.com\/www.vibarchitecture.com\/wp-content\/uploads\/2018\/12\/vib_ulm_vue_exterieure01_ciel-personnalise.jpg?resize=768%2C461&amp;ssl=1 768w, https:\/\/i0.wp.com\/www.vibarchitecture.com\/wp-content\/uploads\/2018\/12\/vib_ulm_vue_exterieure01_ciel-personnalise.jpg?resize=800%2C480&amp;ssl=1 800w, https:\/\/i0.wp.com\/www.vibarchitecture.com\/wp-content\/uploads\/2018\/12\/vib_ulm_vue_exterieure01_ciel-personnalise.jpg?resize=1200%2C721&amp;ssl=1 1200w, https:\/\/i0.wp.com\/www.vibarchitecture.com\/wp-content\/uploads\/2018\/12\/vib_ulm_vue_exterieure01_ciel-personnalise.jpg?fit=2000%2C1201&amp;ssl=1 2000w\" sizes=\"(min-width: 2200px) 100vw, (min-width: 665px) 494px, (min-width: 640px) 665px, \" \/><div class=\"fusion-rollover\">\n\t<div class=\"fusion-rollover-content\">\n\n\t\t\t\t\n\t\t\n\t\t\t\t\t\t\t\t\t\t\t\t<h4 class=\"fusion-rollover-title\">\n\t\t\t\t\t<a class=\"fusion-rollover-title-link\" href=\"https:\/\/www.vibarchitecture.com\/fr\/project\/centre-detude-de-traumatismes-multidimensionnelsulm-de\/\">\n\t\t\t\t\t\tCentre d\u2019\u00e9tude de Traumatismes multidimensionnels | ULM (DE)\t\t\t\t\t<\/a>\n\t\t\t\t<\/h4>\n\t\t\t\n\t\t\t\t\t\t\t\t\n\t\t\n\t\t\t\t\t\t<a class=\"fusion-link-wrapper\" href=\"https:\/\/www.vibarchitecture.com\/fr\/project\/centre-detude-de-traumatismes-multidimensionnelsulm-de\/\" aria-label=\"Centre d\u2019\u00e9tude de Traumatismes multidimensionnels | ULM (DE)\"><\/a>\n\t<\/div>\n<\/div>\n<\/div>\n<\/div><\/article><article id=\"portfolio-1-post-6083\" class=\"fusion-portfolio-post enseignement industriel sante selection fusion-col-spacing post-6083\"><div class=\"fusion-portfolio-content-wrapper\" style=\"border:none;\"><div  class=\"fusion-image-wrapper\" aria-haspopup=\"true\">\n\t\t\t\t<img data-recalc-dims=\"1\" decoding=\"async\" width=\"1000\" height=\"571\" src=\"https:\/\/i0.wp.com\/www.vibarchitecture.com\/wp-content\/uploads\/2018\/12\/vib_ease_hr-18059759_3000_c.jpg?resize=1000%2C571&#038;ssl=1\" class=\"attachment-full size-full wp-post-image\" alt=\"\" srcset=\"https:\/\/i0.wp.com\/www.vibarchitecture.com\/wp-content\/uploads\/2018\/12\/vib_ease_hr-18059759_3000_c.jpg?resize=200%2C114&amp;ssl=1 200w, https:\/\/i0.wp.com\/www.vibarchitecture.com\/wp-content\/uploads\/2018\/12\/vib_ease_hr-18059759_3000_c.jpg?resize=400%2C228&amp;ssl=1 400w, https:\/\/i0.wp.com\/www.vibarchitecture.com\/wp-content\/uploads\/2018\/12\/vib_ease_hr-18059759_3000_c.jpg?resize=600%2C343&amp;ssl=1 600w, https:\/\/i0.wp.com\/www.vibarchitecture.com\/wp-content\/uploads\/2018\/12\/vib_ease_hr-18059759_3000_c.jpg?resize=653%2C373&amp;ssl=1 653w, https:\/\/i0.wp.com\/www.vibarchitecture.com\/wp-content\/uploads\/2018\/12\/vib_ease_hr-18059759_3000_c.jpg?resize=768%2C439&amp;ssl=1 768w, https:\/\/i0.wp.com\/www.vibarchitecture.com\/wp-content\/uploads\/2018\/12\/vib_ease_hr-18059759_3000_c.jpg?resize=800%2C457&amp;ssl=1 800w, https:\/\/i0.wp.com\/www.vibarchitecture.com\/wp-content\/uploads\/2018\/12\/vib_ease_hr-18059759_3000_c.jpg?resize=1200%2C685&amp;ssl=1 1200w, https:\/\/i0.wp.com\/www.vibarchitecture.com\/wp-content\/uploads\/2018\/12\/vib_ease_hr-18059759_3000_c.jpg?fit=2000%2C1142&amp;ssl=1 2000w\" sizes=\"(min-width: 2200px) 100vw, (min-width: 665px) 494px, (min-width: 640px) 665px, \" \/><div class=\"fusion-rollover\">\n\t<div class=\"fusion-rollover-content\">\n\n\t\t\t\t\n\t\t\n\t\t\t\t\t\t\t\t\t\t\t\t<h4 class=\"fusion-rollover-title\">\n\t\t\t\t\t<a class=\"fusion-rollover-title-link\" href=\"https:\/\/www.vibarchitecture.com\/fr\/project\/ease-centre-de-formation-strasbourg-67\/\">\n\t\t\t\t\t\tEASE centre de formation | Strasbourg  (67)\t\t\t\t\t<\/a>\n\t\t\t\t<\/h4>\n\t\t\t\n\t\t\t\t\t\t\t\t\n\t\t\n\t\t\t\t\t\t<a class=\"fusion-link-wrapper\" href=\"https:\/\/www.vibarchitecture.com\/fr\/project\/ease-centre-de-formation-strasbourg-67\/\" aria-label=\"EASE centre de formation | Strasbourg  (67)\"><\/a>\n\t<\/div>\n<\/div>\n<\/div>\n<\/div><\/article><article id=\"portfolio-1-post-30117\" class=\"fusion-portfolio-post bureaux recherche rehabilitation sante selection urbain fusion-col-spacing post-30117\"><div class=\"fusion-portfolio-content-wrapper\" style=\"border:none;\"><div  class=\"fusion-image-wrapper\" aria-haspopup=\"true\">\n\t\t\t\t<img data-recalc-dims=\"1\" decoding=\"async\" width=\"800\" height=\"550\" src=\"https:\/\/i0.wp.com\/www.vibarchitecture.com\/wp-content\/uploads\/2016\/10\/lr-5766_c.jpg?resize=800%2C550&#038;ssl=1\" class=\"attachment-full size-full wp-post-image\" alt=\"\" srcset=\"https:\/\/i0.wp.com\/www.vibarchitecture.com\/wp-content\/uploads\/2016\/10\/lr-5766_c.jpg?resize=150%2C103&amp;ssl=1 150w, https:\/\/i0.wp.com\/www.vibarchitecture.com\/wp-content\/uploads\/2016\/10\/lr-5766_c.jpg?resize=200%2C138&amp;ssl=1 200w, https:\/\/i0.wp.com\/www.vibarchitecture.com\/wp-content\/uploads\/2016\/10\/lr-5766_c.jpg?resize=400%2C275&amp;ssl=1 400w, https:\/\/i0.wp.com\/www.vibarchitecture.com\/wp-content\/uploads\/2016\/10\/lr-5766_c.jpg?resize=600%2C413&amp;ssl=1 600w, https:\/\/i0.wp.com\/www.vibarchitecture.com\/wp-content\/uploads\/2016\/10\/lr-5766_c.jpg?resize=653%2C449&amp;ssl=1 653w, https:\/\/i0.wp.com\/www.vibarchitecture.com\/wp-content\/uploads\/2016\/10\/lr-5766_c.jpg?resize=669%2C460&amp;ssl=1 669w, https:\/\/i0.wp.com\/www.vibarchitecture.com\/wp-content\/uploads\/2016\/10\/lr-5766_c.jpg?resize=768%2C528&amp;ssl=1 768w, https:\/\/i0.wp.com\/www.vibarchitecture.com\/wp-content\/uploads\/2016\/10\/lr-5766_c.jpg?fit=800%2C550&amp;ssl=1 800w\" sizes=\"(min-width: 2200px) 100vw, (min-width: 665px) 494px, (min-width: 640px) 665px, \" \/><div class=\"fusion-rollover\">\n\t<div class=\"fusion-rollover-content\">\n\n\t\t\t\t\n\t\t\n\t\t\t\t\t\t\t\t\t\t\t\t<h4 class=\"fusion-rollover-title\">\n\t\t\t\t\t<a class=\"fusion-rollover-title-link\" href=\"https:\/\/www.vibarchitecture.com\/fr\/project\/neurocampus-bordeaux-33\/\">\n\t\t\t\t\t\tNeurocampus | Centre Broca Nouvelle Aquitaine | BORDEAUX (33)\t\t\t\t\t<\/a>\n\t\t\t\t<\/h4>\n\t\t\t\n\t\t\t\t\t\t\t\t\n\t\t\n\t\t\t\t\t\t<a class=\"fusion-link-wrapper\" href=\"https:\/\/www.vibarchitecture.com\/fr\/project\/neurocampus-bordeaux-33\/\" aria-label=\"Neurocampus | Centre Broca Nouvelle Aquitaine | BORDEAUX (33)\"><\/a>\n\t<\/div>\n<\/div>\n<\/div>\n<\/div><\/article><article id=\"portfolio-1-post-31225\" class=\"fusion-portfolio-post enseignement recherche sante urbain fusion-col-spacing post-31225\"><div class=\"fusion-portfolio-content-wrapper\" style=\"border:none;\"><div  class=\"fusion-image-wrapper\" aria-haspopup=\"true\">\n\t\t\t\t<img data-recalc-dims=\"1\" decoding=\"async\" width=\"1000\" height=\"519\" src=\"https:\/\/i0.wp.com\/www.vibarchitecture.com\/wp-content\/uploads\/2018\/12\/vib_chucaen_vuee-aerienne2.jpg?resize=1000%2C519&#038;ssl=1\" class=\"attachment-full size-full wp-post-image\" alt=\"\" srcset=\"https:\/\/i0.wp.com\/www.vibarchitecture.com\/wp-content\/uploads\/2018\/12\/vib_chucaen_vuee-aerienne2.jpg?resize=200%2C104&amp;ssl=1 200w, https:\/\/i0.wp.com\/www.vibarchitecture.com\/wp-content\/uploads\/2018\/12\/vib_chucaen_vuee-aerienne2.jpg?resize=400%2C208&amp;ssl=1 400w, https:\/\/i0.wp.com\/www.vibarchitecture.com\/wp-content\/uploads\/2018\/12\/vib_chucaen_vuee-aerienne2.jpg?resize=600%2C311&amp;ssl=1 600w, https:\/\/i0.wp.com\/www.vibarchitecture.com\/wp-content\/uploads\/2018\/12\/vib_chucaen_vuee-aerienne2.jpg?resize=653%2C339&amp;ssl=1 653w, https:\/\/i0.wp.com\/www.vibarchitecture.com\/wp-content\/uploads\/2018\/12\/vib_chucaen_vuee-aerienne2.jpg?resize=768%2C399&amp;ssl=1 768w, https:\/\/i0.wp.com\/www.vibarchitecture.com\/wp-content\/uploads\/2018\/12\/vib_chucaen_vuee-aerienne2.jpg?resize=800%2C415&amp;ssl=1 800w, https:\/\/i0.wp.com\/www.vibarchitecture.com\/wp-content\/uploads\/2018\/12\/vib_chucaen_vuee-aerienne2.jpg?resize=1200%2C623&amp;ssl=1 1200w, https:\/\/i0.wp.com\/www.vibarchitecture.com\/wp-content\/uploads\/2018\/12\/vib_chucaen_vuee-aerienne2.jpg?fit=2000%2C1038&amp;ssl=1 2000w\" sizes=\"(min-width: 2200px) 100vw, (min-width: 665px) 494px, (min-width: 640px) 665px, \" \/><div class=\"fusion-rollover\">\n\t<div class=\"fusion-rollover-content\">\n\n\t\t\t\t\n\t\t\n\t\t\t\t\t\t\t\t\t\t\t\t<h4 class=\"fusion-rollover-title\">\n\t\t\t\t\t<a class=\"fusion-rollover-title-link\" href=\"https:\/\/www.vibarchitecture.com\/fr\/project\/re-construction-du-chu-de-caen-caen-14\/\">\n\t\t\t\t\t\tReconstruction du CHU de Caen | CAEN (14)\t\t\t\t\t<\/a>\n\t\t\t\t<\/h4>\n\t\t\t\n\t\t\t\t\t\t\t\t\n\t\t\n\t\t\t\t\t\t<a class=\"fusion-link-wrapper\" href=\"https:\/\/www.vibarchitecture.com\/fr\/project\/re-construction-du-chu-de-caen-caen-14\/\" aria-label=\"Reconstruction du CHU de Caen | CAEN (14)\"><\/a>\n\t<\/div>\n<\/div>\n<\/div>\n<\/div><\/article><article id=\"portfolio-1-post-6084\" class=\"fusion-portfolio-post bureaux enseignement recherche rehabilitation fusion-col-spacing post-6084\"><div class=\"fusion-portfolio-content-wrapper\" style=\"border:none;\"><div  class=\"fusion-image-wrapper\" aria-haspopup=\"true\">\n\t\t\t\t<img data-recalc-dims=\"1\" decoding=\"async\" width=\"1000\" height=\"667\" src=\"https:\/\/i0.wp.com\/www.vibarchitecture.com\/wp-content\/uploads\/2013\/12\/18094152-hr-cyrillelallement_vib_quaero.jpg?resize=1000%2C667&#038;ssl=1\" class=\"attachment-full size-full wp-post-image\" alt=\"\" srcset=\"https:\/\/i0.wp.com\/www.vibarchitecture.com\/wp-content\/uploads\/2013\/12\/18094152-hr-cyrillelallement_vib_quaero.jpg?resize=200%2C133&amp;ssl=1 200w, https:\/\/i0.wp.com\/www.vibarchitecture.com\/wp-content\/uploads\/2013\/12\/18094152-hr-cyrillelallement_vib_quaero.jpg?resize=400%2C267&amp;ssl=1 400w, https:\/\/i0.wp.com\/www.vibarchitecture.com\/wp-content\/uploads\/2013\/12\/18094152-hr-cyrillelallement_vib_quaero.jpg?resize=600%2C400&amp;ssl=1 600w, https:\/\/i0.wp.com\/www.vibarchitecture.com\/wp-content\/uploads\/2013\/12\/18094152-hr-cyrillelallement_vib_quaero.jpg?resize=653%2C435&amp;ssl=1 653w, https:\/\/i0.wp.com\/www.vibarchitecture.com\/wp-content\/uploads\/2013\/12\/18094152-hr-cyrillelallement_vib_quaero.jpg?resize=768%2C512&amp;ssl=1 768w, https:\/\/i0.wp.com\/www.vibarchitecture.com\/wp-content\/uploads\/2013\/12\/18094152-hr-cyrillelallement_vib_quaero.jpg?resize=800%2C533&amp;ssl=1 800w, https:\/\/i0.wp.com\/www.vibarchitecture.com\/wp-content\/uploads\/2013\/12\/18094152-hr-cyrillelallement_vib_quaero.jpg?resize=1200%2C800&amp;ssl=1 1200w, https:\/\/i0.wp.com\/www.vibarchitecture.com\/wp-content\/uploads\/2013\/12\/18094152-hr-cyrillelallement_vib_quaero.jpg?fit=2000%2C1333&amp;ssl=1 2000w\" sizes=\"(min-width: 2200px) 100vw, (min-width: 665px) 494px, (min-width: 640px) 665px, \" \/><div class=\"fusion-rollover\">\n\t<div class=\"fusion-rollover-content\">\n\n\t\t\t\t\n\t\t\n\t\t\t\t\t\t\t\t\t\t\t\t<h4 class=\"fusion-rollover-title\">\n\t\t\t\t\t<a class=\"fusion-rollover-title-link\" href=\"https:\/\/www.vibarchitecture.com\/fr\/project\/quaero-orsay\/\">\n\t\t\t\t\t\tLimsi (ex. Quaero) | Orsay\t\t\t\t\t<\/a>\n\t\t\t\t<\/h4>\n\t\t\t\n\t\t\t\t\t\t\t\t\n\t\t\n\t\t\t\t\t\t<a class=\"fusion-link-wrapper\" href=\"https:\/\/www.vibarchitecture.com\/fr\/project\/quaero-orsay\/\" aria-label=\"Limsi (ex. Quaero) | Orsay\"><\/a>\n\t<\/div>\n<\/div>\n<\/div>\n<\/div><\/article><article id=\"portfolio-1-post-32860\" class=\"fusion-portfolio-post bureaux enseignement recherche sante urbain fusion-col-spacing post-32860\"><div class=\"fusion-portfolio-content-wrapper\" style=\"border:none;\"><div  class=\"fusion-image-wrapper\" aria-haspopup=\"true\">\n\t\t\t\t<img data-recalc-dims=\"1\" decoding=\"async\" width=\"1000\" height=\"500\" src=\"https:\/\/i0.wp.com\/www.vibarchitecture.com\/wp-content\/uploads\/2020\/01\/ea-ima-2-perspective-exterieure_c.jpg?resize=1000%2C500&#038;ssl=1\" class=\"attachment-full size-full wp-post-image\" alt=\"\" srcset=\"https:\/\/i0.wp.com\/www.vibarchitecture.com\/wp-content\/uploads\/2020\/01\/ea-ima-2-perspective-exterieure_c.jpg?resize=200%2C100&amp;ssl=1 200w, https:\/\/i0.wp.com\/www.vibarchitecture.com\/wp-content\/uploads\/2020\/01\/ea-ima-2-perspective-exterieure_c.jpg?resize=400%2C200&amp;ssl=1 400w, https:\/\/i0.wp.com\/www.vibarchitecture.com\/wp-content\/uploads\/2020\/01\/ea-ima-2-perspective-exterieure_c.jpg?resize=600%2C300&amp;ssl=1 600w, https:\/\/i0.wp.com\/www.vibarchitecture.com\/wp-content\/uploads\/2020\/01\/ea-ima-2-perspective-exterieure_c.jpg?resize=653%2C327&amp;ssl=1 653w, https:\/\/i0.wp.com\/www.vibarchitecture.com\/wp-content\/uploads\/2020\/01\/ea-ima-2-perspective-exterieure_c.jpg?resize=768%2C384&amp;ssl=1 768w, https:\/\/i0.wp.com\/www.vibarchitecture.com\/wp-content\/uploads\/2020\/01\/ea-ima-2-perspective-exterieure_c.jpg?resize=800%2C400&amp;ssl=1 800w, https:\/\/i0.wp.com\/www.vibarchitecture.com\/wp-content\/uploads\/2020\/01\/ea-ima-2-perspective-exterieure_c.jpg?resize=1200%2C600&amp;ssl=1 1200w, https:\/\/i0.wp.com\/www.vibarchitecture.com\/wp-content\/uploads\/2020\/01\/ea-ima-2-perspective-exterieure_c.jpg?resize=1536%2C768&amp;ssl=1 1536w, https:\/\/i0.wp.com\/www.vibarchitecture.com\/wp-content\/uploads\/2020\/01\/ea-ima-2-perspective-exterieure_c.jpg?fit=2000%2C1000&amp;ssl=1 2000w\" sizes=\"(min-width: 2200px) 100vw, (min-width: 665px) 494px, (min-width: 640px) 665px, \" \/><div class=\"fusion-rollover\">\n\t<div class=\"fusion-rollover-content\">\n\n\t\t\t\t\n\t\t\n\t\t\t\t\t\t\t\t\t\t\t\t<h4 class=\"fusion-rollover-title\">\n\t\t\t\t\t<a class=\"fusion-rollover-title-link\" href=\"https:\/\/www.vibarchitecture.com\/fr\/project\/oncolille-lille-59\/\">\n\t\t\t\t\t\tONCOLILLE | Lille (59)\t\t\t\t\t<\/a>\n\t\t\t\t<\/h4>\n\t\t\t\n\t\t\t\t\t\t\t\t\n\t\t\n\t\t\t\t\t\t<a class=\"fusion-link-wrapper\" href=\"https:\/\/www.vibarchitecture.com\/fr\/project\/oncolille-lille-59\/\" aria-label=\"ONCOLILLE | Lille (59)\"><\/a>\n\t<\/div>\n<\/div>\n<\/div>\n<\/div><\/article><article id=\"portfolio-1-post-6182\" class=\"fusion-portfolio-post bureaux industriel selection urbain fusion-col-spacing post-6182\"><div class=\"fusion-portfolio-content-wrapper\" style=\"border:none;\"><div  class=\"fusion-image-wrapper\" aria-haspopup=\"true\">\n\t\t\t\t<img decoding=\"async\" width=\"1000\" height=\"1000\" src=\"https:\/\/i0.wp.com\/www.vibarchitecture.com\/wp-content\/uploads\/2014\/09\/vib_silos13_s_chalmeau_CF052957.10001.jpg?fit=1000%2C1000&ssl=1\" class=\"attachment-full size-full wp-post-image\" alt=\"\" srcset=\"https:\/\/i0.wp.com\/www.vibarchitecture.com\/wp-content\/uploads\/2014\/09\/vib_silos13_s_chalmeau_CF052957.10001.jpg?resize=66%2C66&amp;ssl=1 66w, https:\/\/i0.wp.com\/www.vibarchitecture.com\/wp-content\/uploads\/2014\/09\/vib_silos13_s_chalmeau_CF052957.10001.jpg?resize=150%2C150&amp;ssl=1 150w, https:\/\/i0.wp.com\/www.vibarchitecture.com\/wp-content\/uploads\/2014\/09\/vib_silos13_s_chalmeau_CF052957.10001.jpg?resize=200%2C200&amp;ssl=1 200w, https:\/\/i0.wp.com\/www.vibarchitecture.com\/wp-content\/uploads\/2014\/09\/vib_silos13_s_chalmeau_CF052957.10001.jpg?resize=400%2C400&amp;ssl=1 400w, https:\/\/i0.wp.com\/www.vibarchitecture.com\/wp-content\/uploads\/2014\/09\/vib_silos13_s_chalmeau_CF052957.10001.jpg?resize=653%2C653&amp;ssl=1 653w, https:\/\/i0.wp.com\/www.vibarchitecture.com\/wp-content\/uploads\/2014\/09\/vib_silos13_s_chalmeau_CF052957.10001.jpg?resize=669%2C669&amp;ssl=1 669w, https:\/\/i0.wp.com\/www.vibarchitecture.com\/wp-content\/uploads\/2014\/09\/vib_silos13_s_chalmeau_CF052957.10001.jpg?fit=1000%2C1000&amp;ssl=1 1000w\" sizes=\"(min-width: 2200px) 100vw, (min-width: 665px) 494px, (min-width: 640px) 665px, \" \/><div class=\"fusion-rollover\">\n\t<div class=\"fusion-rollover-content\">\n\n\t\t\t\t\n\t\t\n\t\t\t\t\t\t\t\t\t\t\t\t<h4 class=\"fusion-rollover-title\">\n\t\t\t\t\t<a class=\"fusion-rollover-title-link\" href=\"https:\/\/www.vibarchitecture.com\/fr\/project\/centre-de-distribution-de-ciment-paris-13\/\">\n\t\t\t\t\t\tSilos 13 &#8211; centre de distribution de ciment| Paris 13\t\t\t\t\t<\/a>\n\t\t\t\t<\/h4>\n\t\t\t\n\t\t\t\t\t\t\t\t\n\t\t\n\t\t\t\t\t\t<a class=\"fusion-link-wrapper\" href=\"https:\/\/www.vibarchitecture.com\/fr\/project\/centre-de-distribution-de-ciment-paris-13\/\" aria-label=\"Silos 13 &#8211; centre de distribution de ciment| Paris 13\"><\/a>\n\t<\/div>\n<\/div>\n<\/div>\n<\/div><\/article><article id=\"portfolio-1-post-6157\" class=\"fusion-portfolio-post logement fusion-col-spacing post-6157\"><div class=\"fusion-portfolio-content-wrapper\" style=\"border:none;\"><div  class=\"fusion-image-wrapper\" aria-haspopup=\"true\">\n\t\t\t\t<img decoding=\"async\" width=\"1000\" height=\"500\" src=\"https:\/\/i0.wp.com\/www.vibarchitecture.com\/wp-content\/uploads\/2013\/12\/vib.gif.entree.1000.500.jpg?fit=1000%2C500&ssl=1\" class=\"attachment-full size-full wp-post-image\" alt=\"\" srcset=\"https:\/\/i0.wp.com\/www.vibarchitecture.com\/wp-content\/uploads\/2013\/12\/vib.gif.entree.1000.500.jpg?resize=150%2C75&amp;ssl=1 150w, https:\/\/i0.wp.com\/www.vibarchitecture.com\/wp-content\/uploads\/2013\/12\/vib.gif.entree.1000.500.jpg?resize=300%2C150&amp;ssl=1 300w, https:\/\/i0.wp.com\/www.vibarchitecture.com\/wp-content\/uploads\/2013\/12\/vib.gif.entree.1000.500.jpg?resize=653%2C326&amp;ssl=1 653w, https:\/\/i0.wp.com\/www.vibarchitecture.com\/wp-content\/uploads\/2013\/12\/vib.gif.entree.1000.500.jpg?resize=669%2C334&amp;ssl=1 669w, https:\/\/i0.wp.com\/www.vibarchitecture.com\/wp-content\/uploads\/2013\/12\/vib.gif.entree.1000.500.jpg?fit=1000%2C500&amp;ssl=1 1000w\" sizes=\"(min-width: 2200px) 100vw, (min-width: 665px) 494px, (min-width: 640px) 665px, \" \/><div class=\"fusion-rollover\">\n\t<div class=\"fusion-rollover-content\">\n\n\t\t\t\t\n\t\t\n\t\t\t\t\t\t\t\t\t\t\t\t<h4 class=\"fusion-rollover-title\">\n\t\t\t\t\t<a class=\"fusion-rollover-title-link\" href=\"https:\/\/www.vibarchitecture.com\/fr\/project\/construction-modulaire-bois-200-hebergements-durgence-gif-sur-yvette-91\/\">\n\t\t\t\t\t\tConstruction modulaire bois \u2013 200 h\u00e9bergements d&rsquo;urgence | Gif-sur-Yvette (91)\t\t\t\t\t<\/a>\n\t\t\t\t<\/h4>\n\t\t\t\n\t\t\t\t\t\t\t\t\n\t\t\n\t\t\t\t\t\t<a class=\"fusion-link-wrapper\" href=\"https:\/\/www.vibarchitecture.com\/fr\/project\/construction-modulaire-bois-200-hebergements-durgence-gif-sur-yvette-91\/\" aria-label=\"Construction modulaire bois \u2013 200 h\u00e9bergements d&rsquo;urgence | Gif-sur-Yvette (91)\"><\/a>\n\t<\/div>\n<\/div>\n<\/div>\n<\/div><\/article><article id=\"portfolio-1-post-13490\" class=\"fusion-portfolio-post logement selection urbain fusion-col-spacing post-13490\"><div class=\"fusion-portfolio-content-wrapper\" style=\"border:none;\"><div  class=\"fusion-image-wrapper\" aria-haspopup=\"true\">\n\t\t\t\t<img data-recalc-dims=\"1\" decoding=\"async\" width=\"1000\" height=\"562\" src=\"https:\/\/i0.wp.com\/www.vibarchitecture.com\/wp-content\/uploads\/2014\/07\/vib_girard_18094627-hr-cyrillelallement_h.jpg?resize=1000%2C562&#038;ssl=1\" class=\"attachment-full size-full wp-post-image\" alt=\"\" srcset=\"https:\/\/i0.wp.com\/www.vibarchitecture.com\/wp-content\/uploads\/2014\/07\/vib_girard_18094627-hr-cyrillelallement_h.jpg?resize=200%2C112&amp;ssl=1 200w, https:\/\/i0.wp.com\/www.vibarchitecture.com\/wp-content\/uploads\/2014\/07\/vib_girard_18094627-hr-cyrillelallement_h.jpg?resize=400%2C225&amp;ssl=1 400w, https:\/\/i0.wp.com\/www.vibarchitecture.com\/wp-content\/uploads\/2014\/07\/vib_girard_18094627-hr-cyrillelallement_h.jpg?resize=600%2C337&amp;ssl=1 600w, https:\/\/i0.wp.com\/www.vibarchitecture.com\/wp-content\/uploads\/2014\/07\/vib_girard_18094627-hr-cyrillelallement_h.jpg?resize=653%2C367&amp;ssl=1 653w, https:\/\/i0.wp.com\/www.vibarchitecture.com\/wp-content\/uploads\/2014\/07\/vib_girard_18094627-hr-cyrillelallement_h.jpg?resize=768%2C432&amp;ssl=1 768w, https:\/\/i0.wp.com\/www.vibarchitecture.com\/wp-content\/uploads\/2014\/07\/vib_girard_18094627-hr-cyrillelallement_h.jpg?resize=800%2C450&amp;ssl=1 800w, https:\/\/i0.wp.com\/www.vibarchitecture.com\/wp-content\/uploads\/2014\/07\/vib_girard_18094627-hr-cyrillelallement_h.jpg?resize=1200%2C674&amp;ssl=1 1200w, https:\/\/i0.wp.com\/www.vibarchitecture.com\/wp-content\/uploads\/2014\/07\/vib_girard_18094627-hr-cyrillelallement_h.jpg?fit=1998%2C1123&amp;ssl=1 1998w\" sizes=\"(min-width: 2200px) 100vw, (min-width: 665px) 494px, (min-width: 640px) 665px, \" \/><div class=\"fusion-rollover\">\n\t<div class=\"fusion-rollover-content\">\n\n\t\t\t\t\n\t\t\n\t\t\t\t\t\t\t\t\t\t\t\t<h4 class=\"fusion-rollover-title\">\n\t\t\t\t\t<a class=\"fusion-rollover-title-link\" href=\"https:\/\/www.vibarchitecture.com\/fr\/project\/residence-pilote-pour-etudiants-colocation-paris-18\/\">\n\t\t\t\t\t\tR\u00e9sidence pilote pour \u00e9tudiants &#8211; appartements en colocation | PARIS 18\t\t\t\t\t<\/a>\n\t\t\t\t<\/h4>\n\t\t\t\n\t\t\t\t\t\t\t\t\n\t\t\n\t\t\t\t\t\t<a class=\"fusion-link-wrapper\" href=\"https:\/\/www.vibarchitecture.com\/fr\/project\/residence-pilote-pour-etudiants-colocation-paris-18\/\" aria-label=\"R\u00e9sidence pilote pour \u00e9tudiants &#8211; appartements en colocation | PARIS 18\"><\/a>\n\t<\/div>\n<\/div>\n<\/div>\n<\/div><\/article><article id=\"portfolio-1-post-30804\" class=\"fusion-portfolio-post bureaux enseignement recherche fusion-col-spacing post-30804\"><div class=\"fusion-portfolio-content-wrapper\" style=\"border:none;\"><div  class=\"fusion-image-wrapper\" aria-haspopup=\"true\">\n\t\t\t\t<img data-recalc-dims=\"1\" decoding=\"async\" width=\"1000\" height=\"633\" src=\"https:\/\/i0.wp.com\/www.vibarchitecture.com\/wp-content\/uploads\/2017\/10\/vib_vue_exterieure_003.clair_2000.jpg?resize=1000%2C633&#038;ssl=1\" class=\"attachment-full size-full wp-post-image\" alt=\"\" srcset=\"https:\/\/i0.wp.com\/www.vibarchitecture.com\/wp-content\/uploads\/2017\/10\/vib_vue_exterieure_003.clair_2000.jpg?resize=150%2C95&amp;ssl=1 150w, https:\/\/i0.wp.com\/www.vibarchitecture.com\/wp-content\/uploads\/2017\/10\/vib_vue_exterieure_003.clair_2000.jpg?resize=200%2C127&amp;ssl=1 200w, https:\/\/i0.wp.com\/www.vibarchitecture.com\/wp-content\/uploads\/2017\/10\/vib_vue_exterieure_003.clair_2000.jpg?resize=320%2C202&amp;ssl=1 320w, https:\/\/i0.wp.com\/www.vibarchitecture.com\/wp-content\/uploads\/2017\/10\/vib_vue_exterieure_003.clair_2000.jpg?resize=400%2C253&amp;ssl=1 400w, https:\/\/i0.wp.com\/www.vibarchitecture.com\/wp-content\/uploads\/2017\/10\/vib_vue_exterieure_003.clair_2000.jpg?resize=600%2C380&amp;ssl=1 600w, https:\/\/i0.wp.com\/www.vibarchitecture.com\/wp-content\/uploads\/2017\/10\/vib_vue_exterieure_003.clair_2000.jpg?resize=653%2C413&amp;ssl=1 653w, https:\/\/i0.wp.com\/www.vibarchitecture.com\/wp-content\/uploads\/2017\/10\/vib_vue_exterieure_003.clair_2000.jpg?resize=669%2C423&amp;ssl=1 669w, https:\/\/i0.wp.com\/www.vibarchitecture.com\/wp-content\/uploads\/2017\/10\/vib_vue_exterieure_003.clair_2000.jpg?resize=768%2C486&amp;ssl=1 768w, https:\/\/i0.wp.com\/www.vibarchitecture.com\/wp-content\/uploads\/2017\/10\/vib_vue_exterieure_003.clair_2000.jpg?resize=800%2C506&amp;ssl=1 800w, https:\/\/i0.wp.com\/www.vibarchitecture.com\/wp-content\/uploads\/2017\/10\/vib_vue_exterieure_003.clair_2000.jpg?resize=1000%2C633&amp;ssl=1 1000w, https:\/\/i0.wp.com\/www.vibarchitecture.com\/wp-content\/uploads\/2017\/10\/vib_vue_exterieure_003.clair_2000.jpg?resize=1200%2C760&amp;ssl=1 1200w, https:\/\/i0.wp.com\/www.vibarchitecture.com\/wp-content\/uploads\/2017\/10\/vib_vue_exterieure_003.clair_2000.jpg?fit=2000%2C1266&amp;ssl=1 2000w\" sizes=\"(min-width: 2200px) 100vw, (min-width: 665px) 494px, (min-width: 640px) 665px, \" \/><div class=\"fusion-rollover\">\n\t<div class=\"fusion-rollover-content\">\n\n\t\t\t\t\n\t\t\n\t\t\t\t\t\t\t\t\t\t\t\t<h4 class=\"fusion-rollover-title\">\n\t\t\t\t\t<a class=\"fusion-rollover-title-link\" href=\"https:\/\/www.vibarchitecture.com\/fr\/project\/neubau-lehr-und-laborgebaude-dresden\/\">\n\t\t\t\t\t\tHTW DRESDEN &#8211;  Maison technologique du futur | Dresde\t\t\t\t\t<\/a>\n\t\t\t\t<\/h4>\n\t\t\t\n\t\t\t\t\t\t\t\t\n\t\t\n\t\t\t\t\t\t<a class=\"fusion-link-wrapper\" href=\"https:\/\/www.vibarchitecture.com\/fr\/project\/neubau-lehr-und-laborgebaude-dresden\/\" aria-label=\"HTW DRESDEN &#8211;  Maison technologique du futur | Dresde\"><\/a>\n\t<\/div>\n<\/div>\n<\/div>\n<\/div><\/article><article id=\"portfolio-1-post-30830\" class=\"fusion-portfolio-post bureaux enseignement recherche fusion-col-spacing post-30830\"><div class=\"fusion-portfolio-content-wrapper\" style=\"border:none;\"><div  class=\"fusion-image-wrapper\" aria-haspopup=\"true\">\n\t\t\t\t<img decoding=\"async\" width=\"2000\" height=\"1000\" src=\"https:\/\/i0.wp.com\/www.vibarchitecture.com\/wp-content\/uploads\/2017\/11\/vib_i2bc_vue-2_integration-b24b.2000-e1511724716538.jpg?fit=2000%2C1000&ssl=1\" class=\"attachment-full size-full wp-post-image\" alt=\"\" srcset=\"https:\/\/i0.wp.com\/www.vibarchitecture.com\/wp-content\/uploads\/2017\/11\/vib_i2bc_vue-2_integration-b24b.2000-e1511724716538.jpg?resize=150%2C75&amp;ssl=1 150w, https:\/\/i0.wp.com\/www.vibarchitecture.com\/wp-content\/uploads\/2017\/11\/vib_i2bc_vue-2_integration-b24b.2000-e1511724716538.jpg?resize=200%2C100&amp;ssl=1 200w, https:\/\/i0.wp.com\/www.vibarchitecture.com\/wp-content\/uploads\/2017\/11\/vib_i2bc_vue-2_integration-b24b.2000-e1511724716538.jpg?resize=400%2C200&amp;ssl=1 400w, https:\/\/i0.wp.com\/www.vibarchitecture.com\/wp-content\/uploads\/2017\/11\/vib_i2bc_vue-2_integration-b24b.2000-e1511724716538.jpg?resize=600%2C300&amp;ssl=1 600w, https:\/\/i0.wp.com\/www.vibarchitecture.com\/wp-content\/uploads\/2017\/11\/vib_i2bc_vue-2_integration-b24b.2000-e1511724716538.jpg?resize=653%2C327&amp;ssl=1 653w, https:\/\/i0.wp.com\/www.vibarchitecture.com\/wp-content\/uploads\/2017\/11\/vib_i2bc_vue-2_integration-b24b.2000-e1511724716538.jpg?resize=669%2C335&amp;ssl=1 669w, https:\/\/i0.wp.com\/www.vibarchitecture.com\/wp-content\/uploads\/2017\/11\/vib_i2bc_vue-2_integration-b24b.2000-e1511724716538.jpg?resize=768%2C384&amp;ssl=1 768w, https:\/\/i0.wp.com\/www.vibarchitecture.com\/wp-content\/uploads\/2017\/11\/vib_i2bc_vue-2_integration-b24b.2000-e1511724716538.jpg?resize=800%2C400&amp;ssl=1 800w, https:\/\/i0.wp.com\/www.vibarchitecture.com\/wp-content\/uploads\/2017\/11\/vib_i2bc_vue-2_integration-b24b.2000-e1511724716538.jpg?resize=1000%2C500&amp;ssl=1 1000w, https:\/\/i0.wp.com\/www.vibarchitecture.com\/wp-content\/uploads\/2017\/11\/vib_i2bc_vue-2_integration-b24b.2000-e1511724716538.jpg?resize=1200%2C600&amp;ssl=1 1200w, https:\/\/i0.wp.com\/www.vibarchitecture.com\/wp-content\/uploads\/2017\/11\/vib_i2bc_vue-2_integration-b24b.2000-e1511724716538.jpg?fit=2000%2C1000&amp;ssl=1 2000w\" sizes=\"(min-width: 2200px) 100vw, (min-width: 665px) 494px, (min-width: 640px) 665px, \" \/><div class=\"fusion-rollover\">\n\t<div class=\"fusion-rollover-content\">\n\n\t\t\t\t\n\t\t\n\t\t\t\t\t\t\t\t\t\t\t\t<h4 class=\"fusion-rollover-title\">\n\t\t\t\t\t<a class=\"fusion-rollover-title-link\" href=\"https:\/\/www.vibarchitecture.com\/fr\/project\/i2bc-cnrs-gif-sur-yvette\/\">\n\t\t\t\t\t\tI2BC &#8211;  CNRS | GIF-sur-Yvette\t\t\t\t\t<\/a>\n\t\t\t\t<\/h4>\n\t\t\t\n\t\t\t\t\t\t\t\t\n\t\t\n\t\t\t\t\t\t<a class=\"fusion-link-wrapper\" href=\"https:\/\/www.vibarchitecture.com\/fr\/project\/i2bc-cnrs-gif-sur-yvette\/\" aria-label=\"I2BC &#8211;  CNRS | GIF-sur-Yvette\"><\/a>\n\t<\/div>\n<\/div>\n<\/div>\n<\/div><\/article><article id=\"portfolio-1-post-28951\" class=\"fusion-portfolio-post enseignement logement rehabilitation selection urbain fusion-col-spacing post-28951\"><div class=\"fusion-portfolio-content-wrapper\" style=\"border:none;\"><div  class=\"fusion-image-wrapper\" aria-haspopup=\"true\">\n\t\t\t\t<img decoding=\"async\" width=\"1000\" height=\"1000\" src=\"https:\/\/i0.wp.com\/www.vibarchitecture.com\/wp-content\/uploads\/2015\/06\/VIB_Menilmontant_fin-chantier_5_carr%C3%A9_1000.jpg?fit=1000%2C1000&ssl=1\" class=\"attachment-full size-full wp-post-image\" alt=\"\" \/><div class=\"fusion-rollover\">\n\t<div class=\"fusion-rollover-content\">\n\n\t\t\t\t\n\t\t\n\t\t\t\t\t\t\t\t\t\t\t\t<h4 class=\"fusion-rollover-title\">\n\t\t\t\t\t<a class=\"fusion-rollover-title-link\" href=\"https:\/\/www.vibarchitecture.com\/fr\/project\/logements-etudiants-et-creche-paris-20\/\">\n\t\t\t\t\t\tLogements \u00e9tudiants et cr\u00e8che | PLAN CLIMAT DE LA VILLE DE PARIS | Paris 20\t\t\t\t\t<\/a>\n\t\t\t\t<\/h4>\n\t\t\t\n\t\t\t\t\t\t\t\t\n\t\t\n\t\t\t\t\t\t<a class=\"fusion-link-wrapper\" href=\"https:\/\/www.vibarchitecture.com\/fr\/project\/logements-etudiants-et-creche-paris-20\/\" aria-label=\"Logements \u00e9tudiants et cr\u00e8che | PLAN CLIMAT DE LA VILLE DE PARIS | Paris 20\"><\/a>\n\t<\/div>\n<\/div>\n<\/div>\n<\/div><\/article><article id=\"portfolio-1-post-29206\" class=\"fusion-portfolio-post enseignement sante selection fusion-col-spacing post-29206\"><div class=\"fusion-portfolio-content-wrapper\" style=\"border:none;\"><div  class=\"fusion-image-wrapper\" aria-haspopup=\"true\">\n\t\t\t\t<img data-recalc-dims=\"1\" decoding=\"async\" width=\"1000\" height=\"667\" src=\"https:\/\/i0.wp.com\/www.vibarchitecture.com\/wp-content\/uploads\/2014\/06\/vib_mtc_c.lallement_lr-7481.jpg?resize=1000%2C667&#038;ssl=1\" class=\"attachment-full size-full wp-post-image\" alt=\"\" srcset=\"https:\/\/i0.wp.com\/www.vibarchitecture.com\/wp-content\/uploads\/2014\/06\/vib_mtc_c.lallement_lr-7481.jpg?resize=150%2C100&amp;ssl=1 150w, https:\/\/i0.wp.com\/www.vibarchitecture.com\/wp-content\/uploads\/2014\/06\/vib_mtc_c.lallement_lr-7481.jpg?resize=200%2C133&amp;ssl=1 200w, https:\/\/i0.wp.com\/www.vibarchitecture.com\/wp-content\/uploads\/2014\/06\/vib_mtc_c.lallement_lr-7481.jpg?resize=400%2C267&amp;ssl=1 400w, https:\/\/i0.wp.com\/www.vibarchitecture.com\/wp-content\/uploads\/2014\/06\/vib_mtc_c.lallement_lr-7481.jpg?resize=600%2C400&amp;ssl=1 600w, https:\/\/i0.wp.com\/www.vibarchitecture.com\/wp-content\/uploads\/2014\/06\/vib_mtc_c.lallement_lr-7481.jpg?resize=653%2C436&amp;ssl=1 653w, https:\/\/i0.wp.com\/www.vibarchitecture.com\/wp-content\/uploads\/2014\/06\/vib_mtc_c.lallement_lr-7481.jpg?resize=669%2C446&amp;ssl=1 669w, https:\/\/i0.wp.com\/www.vibarchitecture.com\/wp-content\/uploads\/2014\/06\/vib_mtc_c.lallement_lr-7481.jpg?resize=768%2C512&amp;ssl=1 768w, https:\/\/i0.wp.com\/www.vibarchitecture.com\/wp-content\/uploads\/2014\/06\/vib_mtc_c.lallement_lr-7481.jpg?resize=800%2C534&amp;ssl=1 800w, https:\/\/i0.wp.com\/www.vibarchitecture.com\/wp-content\/uploads\/2014\/06\/vib_mtc_c.lallement_lr-7481.jpg?fit=1000%2C667&amp;ssl=1 1000w\" sizes=\"(min-width: 2200px) 100vw, (min-width: 665px) 494px, (min-width: 640px) 665px, \" \/><div class=\"fusion-rollover\">\n\t<div class=\"fusion-rollover-content\">\n\n\t\t\t\t\n\t\t\n\t\t\t\t\t\t\t\t\t\t\t\t<h4 class=\"fusion-rollover-title\">\n\t\t\t\t\t<a class=\"fusion-rollover-title-link\" href=\"https:\/\/www.vibarchitecture.com\/fr\/project\/medical-training-center-rouen-76\/\">\n\t\t\t\t\t\tMedical Training Center | Rouen (76)\t\t\t\t\t<\/a>\n\t\t\t\t<\/h4>\n\t\t\t\n\t\t\t\t\t\t\t\t\n\t\t\n\t\t\t\t\t\t<a class=\"fusion-link-wrapper\" href=\"https:\/\/www.vibarchitecture.com\/fr\/project\/medical-training-center-rouen-76\/\" aria-label=\"Medical Training Center | Rouen (76)\"><\/a>\n\t<\/div>\n<\/div>\n<\/div>\n<\/div><\/article><article id=\"portfolio-1-post-11373\" class=\"fusion-portfolio-post bureaux enseignement recherche sante fusion-col-spacing post-11373\"><div class=\"fusion-portfolio-content-wrapper\" style=\"border:none;\"><div  class=\"fusion-image-wrapper\" aria-haspopup=\"true\">\n\t\t\t\t<img decoding=\"async\" width=\"1000\" height=\"667\" src=\"https:\/\/i0.wp.com\/www.vibarchitecture.com\/wp-content\/uploads\/2014\/06\/vib_CEA_Perspective-au-milieu-de-la-RD306_cadre1.jpg?fit=1000%2C667&ssl=1\" class=\"attachment-full size-full wp-post-image\" alt=\"\" srcset=\"https:\/\/i0.wp.com\/www.vibarchitecture.com\/wp-content\/uploads\/2014\/06\/vib_CEA_Perspective-au-milieu-de-la-RD306_cadre1.jpg?resize=150%2C100&amp;ssl=1 150w, https:\/\/i0.wp.com\/www.vibarchitecture.com\/wp-content\/uploads\/2014\/06\/vib_CEA_Perspective-au-milieu-de-la-RD306_cadre1.jpg?resize=400%2C266&amp;ssl=1 400w, https:\/\/i0.wp.com\/www.vibarchitecture.com\/wp-content\/uploads\/2014\/06\/vib_CEA_Perspective-au-milieu-de-la-RD306_cadre1.jpg?resize=653%2C435&amp;ssl=1 653w, https:\/\/i0.wp.com\/www.vibarchitecture.com\/wp-content\/uploads\/2014\/06\/vib_CEA_Perspective-au-milieu-de-la-RD306_cadre1.jpg?resize=669%2C446&amp;ssl=1 669w, https:\/\/i0.wp.com\/www.vibarchitecture.com\/wp-content\/uploads\/2014\/06\/vib_CEA_Perspective-au-milieu-de-la-RD306_cadre1.jpg?fit=1000%2C667&amp;ssl=1 1000w\" sizes=\"(min-width: 2200px) 100vw, (min-width: 665px) 494px, (min-width: 640px) 665px, \" \/><div class=\"fusion-rollover\">\n\t<div class=\"fusion-rollover-content\">\n\n\t\t\t\t\n\t\t\n\t\t\t\t\t\t\t\t\t\t\t\t<h4 class=\"fusion-rollover-title\">\n\t\t\t\t\t<a class=\"fusion-rollover-title-link\" href=\"https:\/\/www.vibarchitecture.com\/fr\/project\/neurosciences-saclay\/\">\n\t\t\t\t\t\tNeurosciences | SACLAY (91)\t\t\t\t\t<\/a>\n\t\t\t\t<\/h4>\n\t\t\t\n\t\t\t\t\t\t\t\t\n\t\t\n\t\t\t\t\t\t<a class=\"fusion-link-wrapper\" href=\"https:\/\/www.vibarchitecture.com\/fr\/project\/neurosciences-saclay\/\" aria-label=\"Neurosciences | SACLAY (91)\"><\/a>\n\t<\/div>\n<\/div>\n<\/div>\n<\/div><\/article><article id=\"portfolio-1-post-14547\" class=\"fusion-portfolio-post logement fusion-col-spacing post-14547\"><div class=\"fusion-portfolio-content-wrapper\" style=\"border:none;\"><div  class=\"fusion-image-wrapper\" aria-haspopup=\"true\">\n\t\t\t\t<img decoding=\"async\" width=\"1000\" height=\"469\" src=\"https:\/\/i0.wp.com\/www.vibarchitecture.com\/wp-content\/uploads\/2014\/07\/vib_villetaneuse_logements_persp_ext_.jpg?fit=1000%2C469&ssl=1\" class=\"attachment-full size-full wp-post-image\" alt=\"\" srcset=\"https:\/\/i0.wp.com\/www.vibarchitecture.com\/wp-content\/uploads\/2014\/07\/vib_villetaneuse_logements_persp_ext_.jpg?resize=150%2C70&amp;ssl=1 150w, https:\/\/i0.wp.com\/www.vibarchitecture.com\/wp-content\/uploads\/2014\/07\/vib_villetaneuse_logements_persp_ext_.jpg?resize=400%2C187&amp;ssl=1 400w, https:\/\/i0.wp.com\/www.vibarchitecture.com\/wp-content\/uploads\/2014\/07\/vib_villetaneuse_logements_persp_ext_.jpg?resize=653%2C306&amp;ssl=1 653w, https:\/\/i0.wp.com\/www.vibarchitecture.com\/wp-content\/uploads\/2014\/07\/vib_villetaneuse_logements_persp_ext_.jpg?resize=669%2C313&amp;ssl=1 669w, https:\/\/i0.wp.com\/www.vibarchitecture.com\/wp-content\/uploads\/2014\/07\/vib_villetaneuse_logements_persp_ext_.jpg?fit=1000%2C469&amp;ssl=1 1000w\" sizes=\"(min-width: 2200px) 100vw, (min-width: 665px) 494px, (min-width: 640px) 665px, \" \/><div class=\"fusion-rollover\">\n\t<div class=\"fusion-rollover-content\">\n\n\t\t\t\t\n\t\t\n\t\t\t\t\t\t\t\t\t\t\t\t<h4 class=\"fusion-rollover-title\">\n\t\t\t\t\t<a class=\"fusion-rollover-title-link\" href=\"https:\/\/www.vibarchitecture.com\/fr\/project\/residence-etudiante-200-logements-villetaneuse-91\/\">\n\t\t\t\t\t\tR\u00e9sidence \u00e9tudiante 200 logements |VILLETANEUSE (93)\t\t\t\t\t<\/a>\n\t\t\t\t<\/h4>\n\t\t\t\n\t\t\t\t\t\t\t\t\n\t\t\n\t\t\t\t\t\t<a class=\"fusion-link-wrapper\" href=\"https:\/\/www.vibarchitecture.com\/fr\/project\/residence-etudiante-200-logements-villetaneuse-91\/\" aria-label=\"R\u00e9sidence \u00e9tudiante 200 logements |VILLETANEUSE (93)\"><\/a>\n\t<\/div>\n<\/div>\n<\/div>\n<\/div><\/article><article id=\"portfolio-1-post-6048\" class=\"fusion-portfolio-post bureaux enseignement recherche selection fusion-col-spacing post-6048\"><div class=\"fusion-portfolio-content-wrapper\" style=\"border:none;\"><div  class=\"fusion-image-wrapper\" aria-haspopup=\"true\">\n\t\t\t\t<img decoding=\"async\" width=\"1000\" height=\"667\" src=\"https:\/\/i0.wp.com\/www.vibarchitecture.com\/wp-content\/uploads\/2013\/12\/1-ensicaen-vib-lallement.jpg?fit=1000%2C667&ssl=1\" class=\"attachment-full size-full wp-post-image\" alt=\"\" srcset=\"https:\/\/i0.wp.com\/www.vibarchitecture.com\/wp-content\/uploads\/2013\/12\/1-ensicaen-vib-lallement.jpg?resize=150%2C100&amp;ssl=1 150w, https:\/\/i0.wp.com\/www.vibarchitecture.com\/wp-content\/uploads\/2013\/12\/1-ensicaen-vib-lallement.jpg?resize=400%2C267&amp;ssl=1 400w, https:\/\/i0.wp.com\/www.vibarchitecture.com\/wp-content\/uploads\/2013\/12\/1-ensicaen-vib-lallement.jpg?resize=653%2C436&amp;ssl=1 653w, https:\/\/i0.wp.com\/www.vibarchitecture.com\/wp-content\/uploads\/2013\/12\/1-ensicaen-vib-lallement.jpg?resize=669%2C446&amp;ssl=1 669w, https:\/\/i0.wp.com\/www.vibarchitecture.com\/wp-content\/uploads\/2013\/12\/1-ensicaen-vib-lallement.jpg?resize=768%2C512&amp;ssl=1 768w, https:\/\/i0.wp.com\/www.vibarchitecture.com\/wp-content\/uploads\/2013\/12\/1-ensicaen-vib-lallement.jpg?fit=1000%2C667&amp;ssl=1 1000w\" sizes=\"(min-width: 2200px) 100vw, (min-width: 665px) 494px, (min-width: 640px) 665px, \" \/><div class=\"fusion-rollover\">\n\t<div class=\"fusion-rollover-content\">\n\n\t\t\t\t\n\t\t\n\t\t\t\t\t\t\t\t\t\t\t\t<h4 class=\"fusion-rollover-title\">\n\t\t\t\t\t<a class=\"fusion-rollover-title-link\" href=\"https:\/\/www.vibarchitecture.com\/fr\/project\/ensicaen-caen\/\">\n\t\t\t\t\t\tEcole Nationale Sup\u00e9rieure ENSICAEN | Caen (14)\t\t\t\t\t<\/a>\n\t\t\t\t<\/h4>\n\t\t\t\n\t\t\t\t\t\t\t\t\n\t\t\n\t\t\t\t\t\t<a class=\"fusion-link-wrapper\" href=\"https:\/\/www.vibarchitecture.com\/fr\/project\/ensicaen-caen\/\" aria-label=\"Ecole Nationale Sup\u00e9rieure ENSICAEN | Caen (14)\"><\/a>\n\t<\/div>\n<\/div>\n<\/div>\n<\/div><\/article><article id=\"portfolio-1-post-29279\" class=\"fusion-portfolio-post enseignement rehabilitation selection urbain fusion-col-spacing post-29279\"><div class=\"fusion-portfolio-content-wrapper\" style=\"border:none;\"><div  class=\"fusion-image-wrapper\" aria-haspopup=\"true\">\n\t\t\t\t<img data-recalc-dims=\"1\" decoding=\"async\" width=\"1000\" height=\"667\" src=\"https:\/\/i0.wp.com\/www.vibarchitecture.com\/wp-content\/uploads\/2014\/02\/lr-5258_logements-et-creche-menilmontant-_-vib-architecture_photo-cyrille-lallement.r.jpg?resize=1000%2C667&#038;ssl=1\" class=\"attachment-full size-full wp-post-image\" alt=\"\" srcset=\"https:\/\/i0.wp.com\/www.vibarchitecture.com\/wp-content\/uploads\/2014\/02\/lr-5258_logements-et-creche-menilmontant-_-vib-architecture_photo-cyrille-lallement.r.jpg?resize=150%2C100&amp;ssl=1 150w, https:\/\/i0.wp.com\/www.vibarchitecture.com\/wp-content\/uploads\/2014\/02\/lr-5258_logements-et-creche-menilmontant-_-vib-architecture_photo-cyrille-lallement.r.jpg?resize=200%2C133&amp;ssl=1 200w, https:\/\/i0.wp.com\/www.vibarchitecture.com\/wp-content\/uploads\/2014\/02\/lr-5258_logements-et-creche-menilmontant-_-vib-architecture_photo-cyrille-lallement.r.jpg?resize=400%2C267&amp;ssl=1 400w, https:\/\/i0.wp.com\/www.vibarchitecture.com\/wp-content\/uploads\/2014\/02\/lr-5258_logements-et-creche-menilmontant-_-vib-architecture_photo-cyrille-lallement.r.jpg?resize=600%2C400&amp;ssl=1 600w, https:\/\/i0.wp.com\/www.vibarchitecture.com\/wp-content\/uploads\/2014\/02\/lr-5258_logements-et-creche-menilmontant-_-vib-architecture_photo-cyrille-lallement.r.jpg?resize=653%2C436&amp;ssl=1 653w, https:\/\/i0.wp.com\/www.vibarchitecture.com\/wp-content\/uploads\/2014\/02\/lr-5258_logements-et-creche-menilmontant-_-vib-architecture_photo-cyrille-lallement.r.jpg?resize=669%2C446&amp;ssl=1 669w, https:\/\/i0.wp.com\/www.vibarchitecture.com\/wp-content\/uploads\/2014\/02\/lr-5258_logements-et-creche-menilmontant-_-vib-architecture_photo-cyrille-lallement.r.jpg?resize=768%2C512&amp;ssl=1 768w, https:\/\/i0.wp.com\/www.vibarchitecture.com\/wp-content\/uploads\/2014\/02\/lr-5258_logements-et-creche-menilmontant-_-vib-architecture_photo-cyrille-lallement.r.jpg?resize=800%2C534&amp;ssl=1 800w, https:\/\/i0.wp.com\/www.vibarchitecture.com\/wp-content\/uploads\/2014\/02\/lr-5258_logements-et-creche-menilmontant-_-vib-architecture_photo-cyrille-lallement.r.jpg?fit=1000%2C667&amp;ssl=1 1000w\" sizes=\"(min-width: 2200px) 100vw, (min-width: 665px) 494px, (min-width: 640px) 665px, \" \/><div class=\"fusion-rollover\">\n\t<div class=\"fusion-rollover-content\">\n\n\t\t\t\t\n\t\t\n\t\t\t\t\t\t\t\t\t\t\t\t<h4 class=\"fusion-rollover-title\">\n\t\t\t\t\t<a class=\"fusion-rollover-title-link\" href=\"https:\/\/www.vibarchitecture.com\/fr\/project\/creche-et-logements-etudiants-paris-20\/\">\n\t\t\t\t\t\tCr\u00e8che et Logements \u00e9tudiants | Paris 20\t\t\t\t\t<\/a>\n\t\t\t\t<\/h4>\n\t\t\t\n\t\t\t\t\t\t\t\t\n\t\t\n\t\t\t\t\t\t<a class=\"fusion-link-wrapper\" href=\"https:\/\/www.vibarchitecture.com\/fr\/project\/creche-et-logements-etudiants-paris-20\/\" aria-label=\"Cr\u00e8che et Logements \u00e9tudiants | Paris 20\"><\/a>\n\t<\/div>\n<\/div>\n<\/div>\n<\/div><\/article><article id=\"portfolio-1-post-28766\" class=\"fusion-portfolio-post bureaux recherche sante selection fusion-col-spacing post-28766\"><div class=\"fusion-portfolio-content-wrapper\" style=\"border:none;\"><div  class=\"fusion-image-wrapper\" aria-haspopup=\"true\">\n\t\t\t\t<img decoding=\"async\" width=\"1800\" height=\"1800\" src=\"https:\/\/i0.wp.com\/www.vibarchitecture.com\/wp-content\/uploads\/2015\/05\/VIB_INSERM_CF080806_photo-S.Chalmeau-non-libre-de-droits.jpg?fit=1800%2C1800&ssl=1\" class=\"attachment-full size-full wp-post-image\" alt=\"\" srcset=\"https:\/\/i0.wp.com\/www.vibarchitecture.com\/wp-content\/uploads\/2015\/05\/VIB_INSERM_CF080806_photo-S.Chalmeau-non-libre-de-droits.jpg?resize=66%2C66&amp;ssl=1 66w, https:\/\/i0.wp.com\/www.vibarchitecture.com\/wp-content\/uploads\/2015\/05\/VIB_INSERM_CF080806_photo-S.Chalmeau-non-libre-de-droits.jpg?resize=150%2C150&amp;ssl=1 150w, https:\/\/i0.wp.com\/www.vibarchitecture.com\/wp-content\/uploads\/2015\/05\/VIB_INSERM_CF080806_photo-S.Chalmeau-non-libre-de-droits.jpg?resize=200%2C200&amp;ssl=1 200w, https:\/\/i0.wp.com\/www.vibarchitecture.com\/wp-content\/uploads\/2015\/05\/VIB_INSERM_CF080806_photo-S.Chalmeau-non-libre-de-droits.jpg?resize=400%2C400&amp;ssl=1 400w, https:\/\/i0.wp.com\/www.vibarchitecture.com\/wp-content\/uploads\/2015\/05\/VIB_INSERM_CF080806_photo-S.Chalmeau-non-libre-de-droits.jpg?resize=653%2C653&amp;ssl=1 653w, https:\/\/i0.wp.com\/www.vibarchitecture.com\/wp-content\/uploads\/2015\/05\/VIB_INSERM_CF080806_photo-S.Chalmeau-non-libre-de-droits.jpg?resize=669%2C669&amp;ssl=1 669w, https:\/\/i0.wp.com\/www.vibarchitecture.com\/wp-content\/uploads\/2015\/05\/VIB_INSERM_CF080806_photo-S.Chalmeau-non-libre-de-droits.jpg?resize=1000%2C1000&amp;ssl=1 1000w, https:\/\/i0.wp.com\/www.vibarchitecture.com\/wp-content\/uploads\/2015\/05\/VIB_INSERM_CF080806_photo-S.Chalmeau-non-libre-de-droits.jpg?fit=1800%2C1800&amp;ssl=1 1800w\" sizes=\"(min-width: 2200px) 100vw, (min-width: 665px) 494px, (min-width: 640px) 665px, \" \/><div class=\"fusion-rollover\">\n\t<div class=\"fusion-rollover-content\">\n\n\t\t\t\t\n\t\t\n\t\t\t\t\t\t\t\t\t\t\t\t<h4 class=\"fusion-rollover-title\">\n\t\t\t\t\t<a class=\"fusion-rollover-title-link\" href=\"https:\/\/www.vibarchitecture.com\/fr\/project\/centre-recherche-cancer-inserm-toulouse-31\/\">\n\t\t\t\t\t\tCentre de recherches en Canc\u00e9rologie |  Inserm | TOULOUSE (31)\t\t\t\t\t<\/a>\n\t\t\t\t<\/h4>\n\t\t\t\n\t\t\t\t\t\t\t\t\n\t\t\n\t\t\t\t\t\t<a class=\"fusion-link-wrapper\" href=\"https:\/\/www.vibarchitecture.com\/fr\/project\/centre-recherche-cancer-inserm-toulouse-31\/\" aria-label=\"Centre de recherches en Canc\u00e9rologie |  Inserm | TOULOUSE (31)\"><\/a>\n\t<\/div>\n<\/div>\n<\/div>\n<\/div><\/article><article id=\"portfolio-1-post-27555\" class=\"fusion-portfolio-post bureaux enseignement industriel recherche sante fusion-col-spacing post-27555\"><div class=\"fusion-portfolio-content-wrapper\" style=\"border:none;\"><div  class=\"fusion-image-wrapper\" aria-haspopup=\"true\">\n\t\t\t\t<img decoding=\"async\" width=\"1000\" height=\"500\" src=\"https:\/\/i0.wp.com\/www.vibarchitecture.com\/wp-content\/uploads\/2014\/03\/vib_rennes_nord_HD.jpg?fit=1000%2C500&ssl=1\" class=\"attachment-full size-full wp-post-image\" alt=\"\" srcset=\"https:\/\/i0.wp.com\/www.vibarchitecture.com\/wp-content\/uploads\/2014\/03\/vib_rennes_nord_HD.jpg?resize=150%2C75&amp;ssl=1 150w, https:\/\/i0.wp.com\/www.vibarchitecture.com\/wp-content\/uploads\/2014\/03\/vib_rennes_nord_HD.jpg?resize=400%2C200&amp;ssl=1 400w, https:\/\/i0.wp.com\/www.vibarchitecture.com\/wp-content\/uploads\/2014\/03\/vib_rennes_nord_HD.jpg?resize=653%2C326&amp;ssl=1 653w, https:\/\/i0.wp.com\/www.vibarchitecture.com\/wp-content\/uploads\/2014\/03\/vib_rennes_nord_HD.jpg?resize=669%2C334&amp;ssl=1 669w, https:\/\/i0.wp.com\/www.vibarchitecture.com\/wp-content\/uploads\/2014\/03\/vib_rennes_nord_HD.jpg?fit=1000%2C500&amp;ssl=1 1000w\" sizes=\"(min-width: 2200px) 100vw, (min-width: 665px) 494px, (min-width: 640px) 665px, \" \/><div class=\"fusion-rollover\">\n\t<div class=\"fusion-rollover-content\">\n\n\t\t\t\t\n\t\t\n\t\t\t\t\t\t\t\t\t\t\t\t<h4 class=\"fusion-rollover-title\">\n\t\t\t\t\t<a class=\"fusion-rollover-title-link\" href=\"https:\/\/www.vibarchitecture.com\/fr\/project\/research-institutehealth-environment-work-irset-rennes-35\/\">\n\t\t\t\t\t\tInstitut de Recherche | Sant\u00e9 &#8211; Environnement -Travail | IRSET| Rennes (35)\t\t\t\t\t<\/a>\n\t\t\t\t<\/h4>\n\t\t\t\n\t\t\t\t\t\t\t\t\n\t\t\n\t\t\t\t\t\t<a class=\"fusion-link-wrapper\" href=\"https:\/\/www.vibarchitecture.com\/fr\/project\/research-institutehealth-environment-work-irset-rennes-35\/\" aria-label=\"Institut de Recherche | Sant\u00e9 &#8211; Environnement -Travail | IRSET| Rennes (35)\"><\/a>\n\t<\/div>\n<\/div>\n<\/div>\n<\/div><\/article><article id=\"portfolio-1-post-6160\" class=\"fusion-portfolio-post bureaux recherche selection fusion-col-spacing post-6160\"><div class=\"fusion-portfolio-content-wrapper\" style=\"border:none;\"><div  class=\"fusion-image-wrapper\" aria-haspopup=\"true\">\n\t\t\t\t<img decoding=\"async\" width=\"1000\" height=\"804\" src=\"https:\/\/i0.wp.com\/www.vibarchitecture.com\/wp-content\/uploads\/2013\/12\/vib_caen_laboratoire_tranche1_fouquez%2Bherbe-ext_N-jour.jpg?fit=1000%2C804&ssl=1\" class=\"attachment-full size-full wp-post-image\" alt=\"\" \/><div class=\"fusion-rollover\">\n\t<div class=\"fusion-rollover-content\">\n\n\t\t\t\t\n\t\t\n\t\t\t\t\t\t\t\t\t\t\t\t<h4 class=\"fusion-rollover-title\">\n\t\t\t\t\t<a class=\"fusion-rollover-title-link\" href=\"https:\/\/www.vibarchitecture.com\/fr\/project\/prix-premiere-oeuvre-centre-recherche\/\">\n\t\t\t\t\t\tCentre de recherche &#8211; Prix de la premi\u00e8re oeuvre du Moniteur | Caen (14)\t\t\t\t\t<\/a>\n\t\t\t\t<\/h4>\n\t\t\t\n\t\t\t\t\t\t\t\t\n\t\t\n\t\t\t\t\t\t<a class=\"fusion-link-wrapper\" href=\"https:\/\/www.vibarchitecture.com\/fr\/project\/prix-premiere-oeuvre-centre-recherche\/\" aria-label=\"Centre de recherche &#8211; Prix de la premi\u00e8re oeuvre du Moniteur | Caen (14)\"><\/a>\n\t<\/div>\n<\/div>\n<\/div>\n<\/div><\/article><article id=\"portfolio-1-post-13642\" class=\"fusion-portfolio-post culturel enseignement selection fusion-col-spacing post-13642\"><div class=\"fusion-portfolio-content-wrapper\" style=\"border:none;\"><div  class=\"fusion-image-wrapper\" aria-haspopup=\"true\">\n\t\t\t\t<img decoding=\"async\" width=\"1000\" height=\"700\" src=\"https:\/\/i0.wp.com\/www.vibarchitecture.com\/wp-content\/uploads\/2014\/07\/vib_mediatheque_saint_leu_persective_-2.jpg?fit=1000%2C700&ssl=1\" class=\"attachment-full size-full wp-post-image\" alt=\"\" srcset=\"https:\/\/i0.wp.com\/www.vibarchitecture.com\/wp-content\/uploads\/2014\/07\/vib_mediatheque_saint_leu_persective_-2.jpg?resize=150%2C105&amp;ssl=1 150w, https:\/\/i0.wp.com\/www.vibarchitecture.com\/wp-content\/uploads\/2014\/07\/vib_mediatheque_saint_leu_persective_-2.jpg?resize=400%2C280&amp;ssl=1 400w, https:\/\/i0.wp.com\/www.vibarchitecture.com\/wp-content\/uploads\/2014\/07\/vib_mediatheque_saint_leu_persective_-2.jpg?resize=653%2C457&amp;ssl=1 653w, https:\/\/i0.wp.com\/www.vibarchitecture.com\/wp-content\/uploads\/2014\/07\/vib_mediatheque_saint_leu_persective_-2.jpg?resize=669%2C468&amp;ssl=1 669w, https:\/\/i0.wp.com\/www.vibarchitecture.com\/wp-content\/uploads\/2014\/07\/vib_mediatheque_saint_leu_persective_-2.jpg?fit=1000%2C700&amp;ssl=1 1000w\" sizes=\"(min-width: 2200px) 100vw, (min-width: 665px) 494px, (min-width: 640px) 665px, \" \/><div class=\"fusion-rollover\">\n\t<div class=\"fusion-rollover-content\">\n\n\t\t\t\t\n\t\t\n\t\t\t\t\t\t\t\t\t\t\t\t<h4 class=\"fusion-rollover-title\">\n\t\t\t\t\t<a class=\"fusion-rollover-title-link\" href=\"https:\/\/www.vibarchitecture.com\/fr\/project\/mediatheque-saint-leu-97\/\">\n\t\t\t\t\t\tMEDIATHEQUE | Saint Leu (97)\t\t\t\t\t<\/a>\n\t\t\t\t<\/h4>\n\t\t\t\n\t\t\t\t\t\t\t\t\n\t\t\n\t\t\t\t\t\t<a class=\"fusion-link-wrapper\" href=\"https:\/\/www.vibarchitecture.com\/fr\/project\/mediatheque-saint-leu-97\/\" aria-label=\"MEDIATHEQUE | Saint Leu (97)\"><\/a>\n\t<\/div>\n<\/div>\n<\/div>\n<\/div><\/article><article id=\"portfolio-1-post-8928\" class=\"fusion-portfolio-post bureaux enseignement industriel recherche fusion-col-spacing post-8928\"><div class=\"fusion-portfolio-content-wrapper\" style=\"border:none;\"><div  class=\"fusion-image-wrapper\" aria-haspopup=\"true\">\n\t\t\t\t<img decoding=\"async\" width=\"1000\" height=\"563\" src=\"https:\/\/i0.wp.com\/www.vibarchitecture.com\/wp-content\/uploads\/2014\/03\/vib_esiee_noisy_maquette_1.jpg?fit=1000%2C563&ssl=1\" class=\"attachment-full size-full wp-post-image\" alt=\"\" srcset=\"https:\/\/i0.wp.com\/www.vibarchitecture.com\/wp-content\/uploads\/2014\/03\/vib_esiee_noisy_maquette_1.jpg?resize=150%2C84&amp;ssl=1 150w, https:\/\/i0.wp.com\/www.vibarchitecture.com\/wp-content\/uploads\/2014\/03\/vib_esiee_noisy_maquette_1.jpg?resize=400%2C225&amp;ssl=1 400w, https:\/\/i0.wp.com\/www.vibarchitecture.com\/wp-content\/uploads\/2014\/03\/vib_esiee_noisy_maquette_1.jpg?resize=653%2C367&amp;ssl=1 653w, https:\/\/i0.wp.com\/www.vibarchitecture.com\/wp-content\/uploads\/2014\/03\/vib_esiee_noisy_maquette_1.jpg?resize=669%2C376&amp;ssl=1 669w, https:\/\/i0.wp.com\/www.vibarchitecture.com\/wp-content\/uploads\/2014\/03\/vib_esiee_noisy_maquette_1.jpg?fit=1000%2C563&amp;ssl=1 1000w\" sizes=\"(min-width: 2200px) 100vw, (min-width: 665px) 494px, (min-width: 640px) 665px, \" \/><div class=\"fusion-rollover\">\n\t<div class=\"fusion-rollover-content\">\n\n\t\t\t\t\n\t\t\n\t\t\t\t\t\t\t\t\t\t\t\t<h4 class=\"fusion-rollover-title\">\n\t\t\t\t\t<a class=\"fusion-rollover-title-link\" href=\"https:\/\/www.vibarchitecture.com\/fr\/project\/esiee-noisy-le-grand-093\/\">\n\t\t\t\t\t\tSalles blanches &#8211; ESIEE | Noisy-le-Grand (93)\t\t\t\t\t<\/a>\n\t\t\t\t<\/h4>\n\t\t\t\n\t\t\t\t\t\t\t\t\n\t\t\n\t\t\t\t\t\t<a class=\"fusion-link-wrapper\" href=\"https:\/\/www.vibarchitecture.com\/fr\/project\/esiee-noisy-le-grand-093\/\" aria-label=\"Salles blanches &#8211; ESIEE | Noisy-le-Grand (93)\"><\/a>\n\t<\/div>\n<\/div>\n<\/div>\n<\/div><\/article><article id=\"portfolio-1-post-6088\" class=\"fusion-portfolio-post rehabilitation sante fusion-col-spacing post-6088\"><div class=\"fusion-portfolio-content-wrapper\" style=\"border:none;\"><div  class=\"fusion-image-wrapper\" aria-haspopup=\"true\">\n\t\t\t\t<img decoding=\"async\" width=\"1000\" height=\"639\" src=\"https:\/\/i0.wp.com\/www.vibarchitecture.com\/wp-content\/uploads\/2013\/12\/vib_extension_ploemeur_face_ext.jpg?fit=1000%2C639&ssl=1\" class=\"attachment-full size-full wp-post-image\" alt=\"\" srcset=\"https:\/\/i0.wp.com\/www.vibarchitecture.com\/wp-content\/uploads\/2013\/12\/vib_extension_ploemeur_face_ext.jpg?resize=300%2C191&amp;ssl=1 300w, https:\/\/i0.wp.com\/www.vibarchitecture.com\/wp-content\/uploads\/2013\/12\/vib_extension_ploemeur_face_ext.jpg?resize=460%2C295&amp;ssl=1 460w, https:\/\/i0.wp.com\/www.vibarchitecture.com\/wp-content\/uploads\/2013\/12\/vib_extension_ploemeur_face_ext.jpg?resize=653%2C417&amp;ssl=1 653w, https:\/\/i0.wp.com\/www.vibarchitecture.com\/wp-content\/uploads\/2013\/12\/vib_extension_ploemeur_face_ext.jpg?resize=669%2C427&amp;ssl=1 669w, https:\/\/i0.wp.com\/www.vibarchitecture.com\/wp-content\/uploads\/2013\/12\/vib_extension_ploemeur_face_ext.jpg?fit=1000%2C639&amp;ssl=1 1000w\" sizes=\"(min-width: 2200px) 100vw, (min-width: 665px) 494px, (min-width: 640px) 665px, \" \/><div class=\"fusion-rollover\">\n\t<div class=\"fusion-rollover-content\">\n\n\t\t\t\t\n\t\t\n\t\t\t\t\t\t\t\t\t\t\t\t<h4 class=\"fusion-rollover-title\">\n\t\t\t\t\t<a class=\"fusion-rollover-title-link\" href=\"https:\/\/www.vibarchitecture.com\/fr\/project\/extension-clinique-vitalia-ploemeur-56\/\">\n\t\t\t\t\t\tExtension Clinique \u2013 VITALIA | PLOEMEUR (56)\t\t\t\t\t<\/a>\n\t\t\t\t<\/h4>\n\t\t\t\n\t\t\t\t\t\t\t\t\n\t\t\n\t\t\t\t\t\t<a class=\"fusion-link-wrapper\" href=\"https:\/\/www.vibarchitecture.com\/fr\/project\/extension-clinique-vitalia-ploemeur-56\/\" aria-label=\"Extension Clinique \u2013 VITALIA | PLOEMEUR (56)\"><\/a>\n\t<\/div>\n<\/div>\n<\/div>\n<\/div><\/article><article id=\"portfolio-1-post-6206\" class=\"fusion-portfolio-post culturel enseignement rehabilitation selection fusion-col-spacing post-6206\"><div class=\"fusion-portfolio-content-wrapper\" style=\"border:none;\"><div  class=\"fusion-image-wrapper\" aria-haspopup=\"true\">\n\t\t\t\t<img decoding=\"async\" width=\"1000\" height=\"809\" src=\"https:\/\/i0.wp.com\/www.vibarchitecture.com\/wp-content\/uploads\/2013\/12\/vib_ecole_versailles_amphitheatre-41.jpg?fit=1000%2C809&ssl=1\" class=\"attachment-full size-full wp-post-image\" alt=\"\" srcset=\"https:\/\/i0.wp.com\/www.vibarchitecture.com\/wp-content\/uploads\/2013\/12\/vib_ecole_versailles_amphitheatre-41.jpg?resize=300%2C242&amp;ssl=1 300w, https:\/\/i0.wp.com\/www.vibarchitecture.com\/wp-content\/uploads\/2013\/12\/vib_ecole_versailles_amphitheatre-41.jpg?resize=653%2C528&amp;ssl=1 653w, https:\/\/i0.wp.com\/www.vibarchitecture.com\/wp-content\/uploads\/2013\/12\/vib_ecole_versailles_amphitheatre-41.jpg?resize=669%2C541&amp;ssl=1 669w, https:\/\/i0.wp.com\/www.vibarchitecture.com\/wp-content\/uploads\/2013\/12\/vib_ecole_versailles_amphitheatre-41.jpg?fit=1000%2C809&amp;ssl=1 1000w\" sizes=\"(min-width: 2200px) 100vw, (min-width: 665px) 494px, (min-width: 640px) 665px, \" \/><div class=\"fusion-rollover\">\n\t<div class=\"fusion-rollover-content\">\n\n\t\t\t\t\n\t\t\n\t\t\t\t\t\t\t\t\t\t\t\t<h4 class=\"fusion-rollover-title\">\n\t\t\t\t\t<a class=\"fusion-rollover-title-link\" href=\"https:\/\/www.vibarchitecture.com\/fr\/project\/ecole-darchitecture-versailles-78\/\">\n\t\t\t\t\t\tEcole d\u2019Architecture | Versailles (78)\t\t\t\t\t<\/a>\n\t\t\t\t<\/h4>\n\t\t\t\n\t\t\t\t\t\t\t\t\n\t\t\n\t\t\t\t\t\t<a class=\"fusion-link-wrapper\" href=\"https:\/\/www.vibarchitecture.com\/fr\/project\/ecole-darchitecture-versailles-78\/\" aria-label=\"Ecole d\u2019Architecture | Versailles (78)\"><\/a>\n\t<\/div>\n<\/div>\n<\/div>\n<\/div><\/article><article id=\"portfolio-1-post-6191\" class=\"fusion-portfolio-post bureaux culturel industriel fusion-col-spacing post-6191\"><div class=\"fusion-portfolio-content-wrapper\" style=\"border:none;\"><div  class=\"fusion-image-wrapper\" aria-haspopup=\"true\">\n\t\t\t\t<img decoding=\"async\" width=\"1000\" height=\"680\" src=\"https:\/\/i0.wp.com\/www.vibarchitecture.com\/wp-content\/uploads\/2013\/12\/vib_leipzig_stand_exposition_renault_main.jpg?fit=1000%2C680&ssl=1\" class=\"attachment-full size-full wp-post-image\" alt=\"\" srcset=\"https:\/\/i0.wp.com\/www.vibarchitecture.com\/wp-content\/uploads\/2013\/12\/vib_leipzig_stand_exposition_renault_main.jpg?resize=300%2C204&amp;ssl=1 300w, https:\/\/i0.wp.com\/www.vibarchitecture.com\/wp-content\/uploads\/2013\/12\/vib_leipzig_stand_exposition_renault_main.jpg?resize=653%2C444&amp;ssl=1 653w, https:\/\/i0.wp.com\/www.vibarchitecture.com\/wp-content\/uploads\/2013\/12\/vib_leipzig_stand_exposition_renault_main.jpg?resize=669%2C454&amp;ssl=1 669w, https:\/\/i0.wp.com\/www.vibarchitecture.com\/wp-content\/uploads\/2013\/12\/vib_leipzig_stand_exposition_renault_main.jpg?fit=1000%2C680&amp;ssl=1 1000w\" sizes=\"(min-width: 2200px) 100vw, (min-width: 665px) 494px, (min-width: 640px) 665px, \" \/><div class=\"fusion-rollover\">\n\t<div class=\"fusion-rollover-content\">\n\n\t\t\t\t\n\t\t\n\t\t\t\t\t\t\t\t\t\t\t\t<h4 class=\"fusion-rollover-title\">\n\t\t\t\t\t<a class=\"fusion-rollover-title-link\" href=\"https:\/\/www.vibarchitecture.com\/fr\/project\/stand-dexposition-renault-leipzig-allemagne\/\">\n\t\t\t\t\t\tStand d\u2019exposition Renault | Leipzig Allemagne\t\t\t\t\t<\/a>\n\t\t\t\t<\/h4>\n\t\t\t\n\t\t\t\t\t\t\t\t\n\t\t\n\t\t\t\t\t\t<a class=\"fusion-link-wrapper\" href=\"https:\/\/www.vibarchitecture.com\/fr\/project\/stand-dexposition-renault-leipzig-allemagne\/\" aria-label=\"Stand d\u2019exposition Renault | Leipzig Allemagne\"><\/a>\n\t<\/div>\n<\/div>\n<\/div>\n<\/div><\/article><article id=\"portfolio-1-post-6186\" class=\"fusion-portfolio-post bureaux rehabilitation fusion-col-spacing post-6186\"><div class=\"fusion-portfolio-content-wrapper\" style=\"border:none;\"><div  class=\"fusion-image-wrapper\" aria-haspopup=\"true\">\n\t\t\t\t<img decoding=\"async\" width=\"1000\" height=\"500\" src=\"https:\/\/i0.wp.com\/www.vibarchitecture.com\/wp-content\/uploads\/2013\/10\/vib_tourladefense.large-2.jpg?fit=1000%2C500&ssl=1\" class=\"attachment-full size-full wp-post-image\" alt=\"\" srcset=\"https:\/\/i0.wp.com\/www.vibarchitecture.com\/wp-content\/uploads\/2013\/10\/vib_tourladefense.large-2.jpg?resize=150%2C75&amp;ssl=1 150w, https:\/\/i0.wp.com\/www.vibarchitecture.com\/wp-content\/uploads\/2013\/10\/vib_tourladefense.large-2.jpg?resize=300%2C150&amp;ssl=1 300w, https:\/\/i0.wp.com\/www.vibarchitecture.com\/wp-content\/uploads\/2013\/10\/vib_tourladefense.large-2.jpg?resize=653%2C326&amp;ssl=1 653w, https:\/\/i0.wp.com\/www.vibarchitecture.com\/wp-content\/uploads\/2013\/10\/vib_tourladefense.large-2.jpg?resize=669%2C334&amp;ssl=1 669w, https:\/\/i0.wp.com\/www.vibarchitecture.com\/wp-content\/uploads\/2013\/10\/vib_tourladefense.large-2.jpg?fit=1000%2C500&amp;ssl=1 1000w\" sizes=\"(min-width: 2200px) 100vw, (min-width: 665px) 494px, (min-width: 640px) 665px, \" \/><div class=\"fusion-rollover\">\n\t<div class=\"fusion-rollover-content\">\n\n\t\t\t\t\n\t\t\n\t\t\t\t\t\t\t\t\t\t\t\t<h4 class=\"fusion-rollover-title\">\n\t\t\t\t\t<a class=\"fusion-rollover-title-link\" href=\"https:\/\/www.vibarchitecture.com\/fr\/project\/igh-bureaux-tour-sony-puteaux-la-defense-92\/\">\n\t\t\t\t\t\tIGH Bureaux &#8211; Tour Sony | Puteaux la D\u00e9fense (92)\t\t\t\t\t<\/a>\n\t\t\t\t<\/h4>\n\t\t\t\n\t\t\t\t\t\t\t\t\n\t\t\n\t\t\t\t\t\t<a class=\"fusion-link-wrapper\" href=\"https:\/\/www.vibarchitecture.com\/fr\/project\/igh-bureaux-tour-sony-puteaux-la-defense-92\/\" aria-label=\"IGH Bureaux &#8211; Tour Sony | Puteaux la D\u00e9fense (92)\"><\/a>\n\t<\/div>\n<\/div>\n<\/div>\n<\/div><\/article><article id=\"portfolio-1-post-6087\" class=\"fusion-portfolio-post sante urbain fusion-col-spacing post-6087\"><div class=\"fusion-portfolio-content-wrapper\" style=\"border:none;\"><div  class=\"fusion-image-wrapper\" aria-haspopup=\"true\">\n\t\t\t\t<img decoding=\"async\" width=\"1000\" height=\"621\" src=\"https:\/\/i0.wp.com\/www.vibarchitecture.com\/wp-content\/uploads\/2013\/12\/vib_clinique_orleans_entree.jpg?fit=1000%2C621&ssl=1\" class=\"attachment-full size-full wp-post-image\" alt=\"\" srcset=\"https:\/\/i0.wp.com\/www.vibarchitecture.com\/wp-content\/uploads\/2013\/12\/vib_clinique_orleans_entree.jpg?resize=150%2C93&amp;ssl=1 150w, https:\/\/i0.wp.com\/www.vibarchitecture.com\/wp-content\/uploads\/2013\/12\/vib_clinique_orleans_entree.jpg?resize=400%2C248&amp;ssl=1 400w, https:\/\/i0.wp.com\/www.vibarchitecture.com\/wp-content\/uploads\/2013\/12\/vib_clinique_orleans_entree.jpg?resize=653%2C405&amp;ssl=1 653w, https:\/\/i0.wp.com\/www.vibarchitecture.com\/wp-content\/uploads\/2013\/12\/vib_clinique_orleans_entree.jpg?resize=669%2C415&amp;ssl=1 669w, https:\/\/i0.wp.com\/www.vibarchitecture.com\/wp-content\/uploads\/2013\/12\/vib_clinique_orleans_entree.jpg?fit=1000%2C621&amp;ssl=1 1000w\" sizes=\"(min-width: 2200px) 100vw, (min-width: 665px) 494px, (min-width: 640px) 665px, \" \/><div class=\"fusion-rollover\">\n\t<div class=\"fusion-rollover-content\">\n\n\t\t\t\t\n\t\t\n\t\t\t\t\t\t\t\t\t\t\t\t<h4 class=\"fusion-rollover-title\">\n\t\t\t\t\t<a class=\"fusion-rollover-title-link\" href=\"https:\/\/www.vibarchitecture.com\/fr\/project\/clinique-500-lits-vitalia-orleans-45\/\">\n\t\t\t\t\t\tClinique 500 Lits \u2013 Vitalia | Orl\u00e9ans (45)\t\t\t\t\t<\/a>\n\t\t\t\t<\/h4>\n\t\t\t\n\t\t\t\t\t\t\t\t\n\t\t\n\t\t\t\t\t\t<a class=\"fusion-link-wrapper\" href=\"https:\/\/www.vibarchitecture.com\/fr\/project\/clinique-500-lits-vitalia-orleans-45\/\" aria-label=\"Clinique 500 Lits \u2013 Vitalia | Orl\u00e9ans (45)\"><\/a>\n\t<\/div>\n<\/div>\n<\/div>\n<\/div><\/article><article id=\"portfolio-1-post-6185\" class=\"fusion-portfolio-post bureaux recherche rehabilitation fusion-col-spacing post-6185\"><div class=\"fusion-portfolio-content-wrapper\" style=\"border:none;\"><div  class=\"fusion-image-wrapper\" aria-haspopup=\"true\">\n\t\t\t\t<img decoding=\"async\" width=\"1000\" height=\"357\" src=\"https:\/\/i0.wp.com\/www.vibarchitecture.com\/wp-content\/uploads\/2013\/12\/vib_cnrs_meudon_bureaux_perspective_exterieur_3.jpg?fit=1000%2C357&ssl=1\" class=\"attachment-full size-full wp-post-image\" alt=\"\" srcset=\"https:\/\/i0.wp.com\/www.vibarchitecture.com\/wp-content\/uploads\/2013\/12\/vib_cnrs_meudon_bureaux_perspective_exterieur_3.jpg?resize=300%2C107&amp;ssl=1 300w, https:\/\/i0.wp.com\/www.vibarchitecture.com\/wp-content\/uploads\/2013\/12\/vib_cnrs_meudon_bureaux_perspective_exterieur_3.jpg?resize=653%2C233&amp;ssl=1 653w, https:\/\/i0.wp.com\/www.vibarchitecture.com\/wp-content\/uploads\/2013\/12\/vib_cnrs_meudon_bureaux_perspective_exterieur_3.jpg?resize=669%2C238&amp;ssl=1 669w, https:\/\/i0.wp.com\/www.vibarchitecture.com\/wp-content\/uploads\/2013\/12\/vib_cnrs_meudon_bureaux_perspective_exterieur_3.jpg?fit=1000%2C357&amp;ssl=1 1000w\" sizes=\"(min-width: 2200px) 100vw, (min-width: 665px) 494px, (min-width: 640px) 665px, \" \/><div class=\"fusion-rollover\">\n\t<div class=\"fusion-rollover-content\">\n\n\t\t\t\t\n\t\t\n\t\t\t\t\t\t\t\t\t\t\t\t<h4 class=\"fusion-rollover-title\">\n\t\t\t\t\t<a class=\"fusion-rollover-title-link\" href=\"https:\/\/www.vibarchitecture.com\/fr\/project\/bureaux-cnrs-meudon-92\/\">\n\t\t\t\t\t\tBureaux &#8211; CNRS | Meudon (92)\t\t\t\t\t<\/a>\n\t\t\t\t<\/h4>\n\t\t\t\n\t\t\t\t\t\t\t\t\n\t\t\n\t\t\t\t\t\t<a class=\"fusion-link-wrapper\" href=\"https:\/\/www.vibarchitecture.com\/fr\/project\/bureaux-cnrs-meudon-92\/\" aria-label=\"Bureaux &#8211; CNRS | Meudon (92)\"><\/a>\n\t<\/div>\n<\/div>\n<\/div>\n<\/div><\/article><article id=\"portfolio-1-post-8964\" class=\"fusion-portfolio-post culturel enseignement fusion-col-spacing post-8964\"><div class=\"fusion-portfolio-content-wrapper\" style=\"border:none;\"><div  class=\"fusion-image-wrapper\" aria-haspopup=\"true\">\n\t\t\t\t<img decoding=\"async\" width=\"1000\" height=\"535\" src=\"https:\/\/i0.wp.com\/www.vibarchitecture.com\/wp-content\/uploads\/2013\/12\/vib_centre_culturel_saint_leu_salle_perspective_interieur_-e1405341345116.jpg?fit=1000%2C535&ssl=1\" class=\"attachment-full size-full wp-post-image\" alt=\"\" srcset=\"https:\/\/i0.wp.com\/www.vibarchitecture.com\/wp-content\/uploads\/2013\/12\/vib_centre_culturel_saint_leu_salle_perspective_interieur_-e1405341345116.jpg?resize=150%2C80&amp;ssl=1 150w, https:\/\/i0.wp.com\/www.vibarchitecture.com\/wp-content\/uploads\/2013\/12\/vib_centre_culturel_saint_leu_salle_perspective_interieur_-e1405341345116.jpg?resize=400%2C214&amp;ssl=1 400w, https:\/\/i0.wp.com\/www.vibarchitecture.com\/wp-content\/uploads\/2013\/12\/vib_centre_culturel_saint_leu_salle_perspective_interieur_-e1405341345116.jpg?resize=653%2C349&amp;ssl=1 653w, https:\/\/i0.wp.com\/www.vibarchitecture.com\/wp-content\/uploads\/2013\/12\/vib_centre_culturel_saint_leu_salle_perspective_interieur_-e1405341345116.jpg?resize=669%2C357&amp;ssl=1 669w, https:\/\/i0.wp.com\/www.vibarchitecture.com\/wp-content\/uploads\/2013\/12\/vib_centre_culturel_saint_leu_salle_perspective_interieur_-e1405341345116.jpg?fit=1000%2C535&amp;ssl=1 1000w\" sizes=\"(min-width: 2200px) 100vw, (min-width: 665px) 494px, (min-width: 640px) 665px, \" \/><div class=\"fusion-rollover\">\n\t<div class=\"fusion-rollover-content\">\n\n\t\t\t\t\n\t\t\n\t\t\t\t\t\t\t\t\t\t\t\t<h4 class=\"fusion-rollover-title\">\n\t\t\t\t\t<a class=\"fusion-rollover-title-link\" href=\"https:\/\/www.vibarchitecture.com\/fr\/project\/centre-musical-culturel-saint-leu-97-c\/\">\n\t\t\t\t\t\tCentre musical et culturel | Saint Leu (97)\t\t\t\t\t<\/a>\n\t\t\t\t<\/h4>\n\t\t\t\n\t\t\t\t\t\t\t\t\n\t\t\n\t\t\t\t\t\t<a class=\"fusion-link-wrapper\" href=\"https:\/\/www.vibarchitecture.com\/fr\/project\/centre-musical-culturel-saint-leu-97-c\/\" aria-label=\"Centre musical et culturel | Saint Leu (97)\"><\/a>\n\t<\/div>\n<\/div>\n<\/div>\n<\/div><\/article><article id=\"portfolio-1-post-6162\" class=\"fusion-portfolio-post industriel recherche fusion-col-spacing post-6162\"><div class=\"fusion-portfolio-content-wrapper\" style=\"border:none;\"><div  class=\"fusion-image-wrapper\" aria-haspopup=\"true\">\n\t\t\t\t<img decoding=\"async\" width=\"1000\" height=\"781\" src=\"https:\/\/i0.wp.com\/www.vibarchitecture.com\/wp-content\/uploads\/2013\/12\/vib_laboratoire_caen_perspective_interieur.jpg?fit=1000%2C781&ssl=1\" class=\"attachment-full size-full wp-post-image\" alt=\"\" srcset=\"https:\/\/i0.wp.com\/www.vibarchitecture.com\/wp-content\/uploads\/2013\/12\/vib_laboratoire_caen_perspective_interieur.jpg?resize=300%2C234&amp;ssl=1 300w, https:\/\/i0.wp.com\/www.vibarchitecture.com\/wp-content\/uploads\/2013\/12\/vib_laboratoire_caen_perspective_interieur.jpg?resize=653%2C509&amp;ssl=1 653w, https:\/\/i0.wp.com\/www.vibarchitecture.com\/wp-content\/uploads\/2013\/12\/vib_laboratoire_caen_perspective_interieur.jpg?resize=669%2C522&amp;ssl=1 669w, https:\/\/i0.wp.com\/www.vibarchitecture.com\/wp-content\/uploads\/2013\/12\/vib_laboratoire_caen_perspective_interieur.jpg?fit=1000%2C781&amp;ssl=1 1000w\" sizes=\"(min-width: 2200px) 100vw, (min-width: 665px) 494px, (min-width: 640px) 665px, \" \/><div class=\"fusion-rollover\">\n\t<div class=\"fusion-rollover-content\">\n\n\t\t\t\t\n\t\t\n\t\t\t\t\t\t\t\t\t\t\t\t<h4 class=\"fusion-rollover-title\">\n\t\t\t\t\t<a class=\"fusion-rollover-title-link\" href=\"https:\/\/www.vibarchitecture.com\/fr\/project\/accelerateur-spiral-2-caen-14\/\">\n\t\t\t\t\t\tAcc\u00e9l\u00e9rateur SPIRAL 2 | Caen (14)\t\t\t\t\t<\/a>\n\t\t\t\t<\/h4>\n\t\t\t\n\t\t\t\t\t\t\t\t\n\t\t\n\t\t\t\t\t\t<a class=\"fusion-link-wrapper\" href=\"https:\/\/www.vibarchitecture.com\/fr\/project\/accelerateur-spiral-2-caen-14\/\" aria-label=\"Acc\u00e9l\u00e9rateur SPIRAL 2 | Caen (14)\"><\/a>\n\t<\/div>\n<\/div>\n<\/div>\n<\/div><\/article><article id=\"portfolio-1-post-6086\" class=\"fusion-portfolio-post bureaux sante fusion-col-spacing post-6086\"><div class=\"fusion-portfolio-content-wrapper\" style=\"border:none;\"><div  class=\"fusion-image-wrapper\" aria-haspopup=\"true\">\n\t\t\t\t<img decoding=\"async\" width=\"1000\" height=\"405\" src=\"https:\/\/i0.wp.com\/www.vibarchitecture.com\/wp-content\/uploads\/2013\/12\/vib_handicap_garches_perspective_ext-3.jpg?fit=1000%2C405&ssl=1\" class=\"attachment-full size-full wp-post-image\" alt=\"\" srcset=\"https:\/\/i0.wp.com\/www.vibarchitecture.com\/wp-content\/uploads\/2013\/12\/vib_handicap_garches_perspective_ext-3.jpg?resize=300%2C121&amp;ssl=1 300w, https:\/\/i0.wp.com\/www.vibarchitecture.com\/wp-content\/uploads\/2013\/12\/vib_handicap_garches_perspective_ext-3.jpg?resize=653%2C264&amp;ssl=1 653w, https:\/\/i0.wp.com\/www.vibarchitecture.com\/wp-content\/uploads\/2013\/12\/vib_handicap_garches_perspective_ext-3.jpg?resize=669%2C270&amp;ssl=1 669w, https:\/\/i0.wp.com\/www.vibarchitecture.com\/wp-content\/uploads\/2013\/12\/vib_handicap_garches_perspective_ext-3.jpg?fit=1000%2C405&amp;ssl=1 1000w\" sizes=\"(min-width: 2200px) 100vw, (min-width: 665px) 494px, (min-width: 640px) 665px, \" \/><div class=\"fusion-rollover\">\n\t<div class=\"fusion-rollover-content\">\n\n\t\t\t\t\n\t\t\n\t\t\t\t\t\t\t\t\t\t\t\t<h4 class=\"fusion-rollover-title\">\n\t\t\t\t\t<a class=\"fusion-rollover-title-link\" href=\"https:\/\/www.vibarchitecture.com\/fr\/project\/plateforme-devaluation-du-handicap-garches-92\/\">\n\t\t\t\t\t\tPlateforme d\u2019\u00e9valuation du Handicap | Garches (92)\t\t\t\t\t<\/a>\n\t\t\t\t<\/h4>\n\t\t\t\n\t\t\t\t\t\t\t\t\n\t\t\n\t\t\t\t\t\t<a class=\"fusion-link-wrapper\" href=\"https:\/\/www.vibarchitecture.com\/fr\/project\/plateforme-devaluation-du-handicap-garches-92\/\" aria-label=\"Plateforme d\u2019\u00e9valuation du Handicap | Garches (92)\"><\/a>\n\t<\/div>\n<\/div>\n<\/div>\n<\/div><\/article><\/div><div class=\"pagination clearfix\"><span class=\"current\">1<\/span><a href=\"https:\/\/www.vibarchitecture.com\/fr\/wp-json\/wp\/v2\/pages\/28242\/page\/2\/\" class=\"inactive\">2<\/a><a class=\"pagination-next\" rel=\"next\" href=\"https:\/\/www.vibarchitecture.com\/fr\/wp-json\/wp\/v2\/pages\/28242\/page\/2\/\"><span class=\"page-text\">Suivant<\/span><span class=\"page-next\"><\/span><\/a><\/div><div class=\"fusion-clearfix\"><\/div><\/div>\n<div class=\"fusion-clearfix\"><\/div><\/div><\/div><\/div><\/div>\n","protected":false},"excerpt":{"rendered":"","protected":false},"author":3,"featured_media":0,"parent":0,"menu_order":0,"comment_status":"open","ping_status":"closed","template":"100-width.php","meta":{"footnotes":""},"class_list":["post-28242","page","type-page","status-publish","hentry"],"acf":[],"yoast_head":"<!-- This site is optimized with the Yoast SEO plugin v27.5 - https:\/\/yoast.com\/product\/yoast-seo-wordpress\/ -->\n<title>Projets - VIB architecture<\/title>\n<meta name=\"description\" content=\"Portfolio des projets de vib architecture, avec s\u00e9lection par type de programme.\" \/>\n<meta name=\"robots\" content=\"index, follow, max-snippet:-1, max-image-preview:large, max-video-preview:-1\" \/>\n<link rel=\"canonical\" href=\"https:\/\/www.vibarchitecture.com\/fr\/projets\/\" \/>\n<meta property=\"og:locale\" content=\"fr_FR\" \/>\n<meta property=\"og:type\" content=\"article\" \/>\n<meta property=\"og:title\" content=\"Projets - VIB architecture\" \/>\n<meta property=\"og:description\" content=\"Portfolio des projets de vib architecture, avec s\u00e9lection par type de programme.\" \/>\n<meta property=\"og:url\" content=\"https:\/\/www.vibarchitecture.com\/fr\/projets\/\" \/>\n<meta property=\"og:site_name\" content=\"VIB architecture\" \/>\n<meta property=\"article:publisher\" content=\"https:\/\/www.facebook.com\/vibarchitecture\" \/>\n<meta property=\"article:modified_time\" content=\"2021-10-29T13:22:39+00:00\" \/>\n<meta property=\"og:image\" content=\"https:\/\/i0.wp.com\/www.vibarchitecture.com\/wp-content\/uploads\/2014\/06\/vib_silos13_%C2%A9s_chalmeau_CF053792.1000-e1405082211155.jpg?fit=999%2C631&ssl=1\" \/>\n\t<meta property=\"og:image:width\" content=\"999\" \/>\n\t<meta property=\"og:image:height\" content=\"631\" \/>\n\t<meta property=\"og:image:type\" content=\"image\/jpeg\" \/>\n<meta name=\"twitter:card\" content=\"summary_large_image\" \/>\n<meta name=\"twitter:site\" content=\"@vibarchitecture\" \/>\n<meta name=\"twitter:label1\" content=\"Dur\u00e9e de lecture estim\u00e9e\" \/>\n\t<meta name=\"twitter:data1\" content=\"1 minute\" \/>\n<script type=\"application\/ld+json\" class=\"yoast-schema-graph\">{\"@context\":\"https:\\\/\\\/schema.org\",\"@graph\":[{\"@type\":\"WebPage\",\"@id\":\"https:\\\/\\\/www.vibarchitecture.com\\\/fr\\\/projets\\\/\",\"url\":\"https:\\\/\\\/www.vibarchitecture.com\\\/fr\\\/projets\\\/\",\"name\":\"Projets - VIB architecture\",\"isPartOf\":{\"@id\":\"https:\\\/\\\/www.vibarchitecture.com\\\/fr\\\/#website\"},\"datePublished\":\"2015-02-03T21:54:56+00:00\",\"dateModified\":\"2021-10-29T13:22:39+00:00\",\"description\":\"Portfolio des projets de vib architecture, avec s\u00e9lection par type de programme.\",\"breadcrumb\":{\"@id\":\"https:\\\/\\\/www.vibarchitecture.com\\\/fr\\\/projets\\\/#breadcrumb\"},\"inLanguage\":\"fr-FR\",\"potentialAction\":[{\"@type\":\"ReadAction\",\"target\":[\"https:\\\/\\\/www.vibarchitecture.com\\\/fr\\\/projets\\\/\"]}]},{\"@type\":\"BreadcrumbList\",\"@id\":\"https:\\\/\\\/www.vibarchitecture.com\\\/fr\\\/projets\\\/#breadcrumb\",\"itemListElement\":[{\"@type\":\"ListItem\",\"position\":1,\"name\":\"Accueil\",\"item\":\"https:\\\/\\\/www.vibarchitecture.com\\\/fr\\\/\"},{\"@type\":\"ListItem\",\"position\":2,\"name\":\"Projets\"}]},{\"@type\":\"WebSite\",\"@id\":\"https:\\\/\\\/www.vibarchitecture.com\\\/fr\\\/#website\",\"url\":\"https:\\\/\\\/www.vibarchitecture.com\\\/fr\\\/\",\"name\":\"VIB architecture\",\"description\":\"Agence d&#039;architecture contemporaine, cr\u00e9\u00e9e par Bettina Ballus et Franck Vialet bas\u00e9e \u00e0 Paris et Bordeaux. Nous imaginons et construisons des laboratoires, logements, bureaux et projets culturels dans toute la France dans une d\u00e9marche cr\u00e9ative et responsable.\",\"potentialAction\":[{\"@type\":\"SearchAction\",\"target\":{\"@type\":\"EntryPoint\",\"urlTemplate\":\"https:\\\/\\\/www.vibarchitecture.com\\\/fr\\\/?s={search_term_string}\"},\"query-input\":{\"@type\":\"PropertyValueSpecification\",\"valueRequired\":true,\"valueName\":\"search_term_string\"}}],\"inLanguage\":\"fr-FR\"}]}<\/script>\n<!-- \/ Yoast SEO plugin. -->","yoast_head_json":{"title":"Projets - VIB architecture","description":"Portfolio des projets de vib architecture, avec s\u00e9lection par type de programme.","robots":{"index":"index","follow":"follow","max-snippet":"max-snippet:-1","max-image-preview":"max-image-preview:large","max-video-preview":"max-video-preview:-1"},"canonical":"https:\/\/www.vibarchitecture.com\/fr\/projets\/","og_locale":"fr_FR","og_type":"article","og_title":"Projets - VIB architecture","og_description":"Portfolio des projets de vib architecture, avec s\u00e9lection par type de programme.","og_url":"https:\/\/www.vibarchitecture.com\/fr\/projets\/","og_site_name":"VIB architecture","article_publisher":"https:\/\/www.facebook.com\/vibarchitecture","article_modified_time":"2021-10-29T13:22:39+00:00","og_image":[{"width":999,"height":631,"url":"https:\/\/i0.wp.com\/www.vibarchitecture.com\/wp-content\/uploads\/2014\/06\/vib_silos13_%C2%A9s_chalmeau_CF053792.1000-e1405082211155.jpg?fit=999%2C631&ssl=1","type":"image\/jpeg"}],"twitter_card":"summary_large_image","twitter_site":"@vibarchitecture","twitter_misc":{"Dur\u00e9e de lecture estim\u00e9e":"1 minute"},"schema":{"@context":"https:\/\/schema.org","@graph":[{"@type":"WebPage","@id":"https:\/\/www.vibarchitecture.com\/fr\/projets\/","url":"https:\/\/www.vibarchitecture.com\/fr\/projets\/","name":"Projets - VIB architecture","isPartOf":{"@id":"https:\/\/www.vibarchitecture.com\/fr\/#website"},"datePublished":"2015-02-03T21:54:56+00:00","dateModified":"2021-10-29T13:22:39+00:00","description":"Portfolio des projets de vib architecture, avec s\u00e9lection par type de programme.","breadcrumb":{"@id":"https:\/\/www.vibarchitecture.com\/fr\/projets\/#breadcrumb"},"inLanguage":"fr-FR","potentialAction":[{"@type":"ReadAction","target":["https:\/\/www.vibarchitecture.com\/fr\/projets\/"]}]},{"@type":"BreadcrumbList","@id":"https:\/\/www.vibarchitecture.com\/fr\/projets\/#breadcrumb","itemListElement":[{"@type":"ListItem","position":1,"name":"Accueil","item":"https:\/\/www.vibarchitecture.com\/fr\/"},{"@type":"ListItem","position":2,"name":"Projets"}]},{"@type":"WebSite","@id":"https:\/\/www.vibarchitecture.com\/fr\/#website","url":"https:\/\/www.vibarchitecture.com\/fr\/","name":"VIB architecture","description":"Agence d&#039;architecture contemporaine, cr\u00e9\u00e9e par Bettina Ballus et Franck Vialet bas\u00e9e \u00e0 Paris et Bordeaux. Nous imaginons et construisons des laboratoires, logements, bureaux et projets culturels dans toute la France dans une d\u00e9marche cr\u00e9ative et responsable.","potentialAction":[{"@type":"SearchAction","target":{"@type":"EntryPoint","urlTemplate":"https:\/\/www.vibarchitecture.com\/fr\/?s={search_term_string}"},"query-input":{"@type":"PropertyValueSpecification","valueRequired":true,"valueName":"search_term_string"}}],"inLanguage":"fr-FR"}]}},"jetpack_shortlink":"https:\/\/wp.me\/PcD29w-7lw","jetpack_sharing_enabled":true,"_links":{"self":[{"href":"https:\/\/www.vibarchitecture.com\/fr\/wp-json\/wp\/v2\/pages\/28242","targetHints":{"allow":["GET"]}}],"collection":[{"href":"https:\/\/www.vibarchitecture.com\/fr\/wp-json\/wp\/v2\/pages"}],"about":[{"href":"https:\/\/www.vibarchitecture.com\/fr\/wp-json\/wp\/v2\/types\/page"}],"author":[{"embeddable":true,"href":"https:\/\/www.vibarchitecture.com\/fr\/wp-json\/wp\/v2\/users\/3"}],"replies":[{"embeddable":true,"href":"https:\/\/www.vibarchitecture.com\/fr\/wp-json\/wp\/v2\/comments?post=28242"}],"version-history":[{"count":1,"href":"https:\/\/www.vibarchitecture.com\/fr\/wp-json\/wp\/v2\/pages\/28242\/revisions"}],"predecessor-version":[{"id":32919,"href":"https:\/\/www.vibarchitecture.com\/fr\/wp-json\/wp\/v2\/pages\/28242\/revisions\/32919"}],"wp:attachment":[{"href":"https:\/\/www.vibarchitecture.com\/fr\/wp-json\/wp\/v2\/media?parent=28242"}],"curies":[{"name":"wp","href":"https:\/\/api.w.org\/{rel}","templated":true}]}}