{"id":4029,"date":"2013-10-31T12:29:26","date_gmt":"2013-10-31T11:29:26","guid":{"rendered":"http:\/\/vi-b.eu\/?page_id=4029"},"modified":"2016-10-31T16:55:55","modified_gmt":"2016-10-31T15:55:55","slug":"vib-couverture-wide","status":"publish","type":"page","link":"https:\/\/www.vibarchitecture.com\/fr\/vib-couverture-wide\/","title":{"rendered":"accueil VIB architectes Paris"},"content":{"rendered":"<p><div class=\"fusion-fullwidth fullwidth-box fusion-builder-row-1 hundred-percent-fullwidth non-hundred-percent-height-scrolling\" style=\"--awb-border-radius-top-left:0px;--awb-border-radius-top-right:0px;--awb-border-radius-bottom-right:0px;--awb-border-radius-bottom-left:0px;--awb-overflow:visible;--awb-margin-top:10px;--awb-background-color:rgba(255,255,255,0);--awb-flex-wrap:wrap;\" ><div class=\"fusion-builder-row fusion-row\"><div class=\"fusion-layout-column fusion_builder_column fusion-builder-column-0 fusion_builder_column_1_1 1_1 fusion-one-full fusion-column-first fusion-column-last fusion-column-no-min-height\" style=\"--awb-bg-size:cover;--awb-margin-bottom:0px;\"><div class=\"fusion-column-wrapper fusion-flex-column-wrapper-legacy\"><div class=\"fusion-sep-clear\"><\/div><div class=\"fusion-separator fusion-full-width-sep\" style=\"margin-left: auto;margin-right: auto;width:100%;\"><\/div><div class=\"fusion-sep-clear\"><\/div>\n<h2 style=\"padding-left: 10px;\">Selection de projets<\/h2>\n<div class=\"fusion-clearfix\"><\/div><\/div><\/div><\/div><\/div><div class=\"fusion-fullwidth fullwidth-box fusion-builder-row-2 hundred-percent-fullwidth non-hundred-percent-height-scrolling\" style=\"--awb-border-radius-top-left:0px;--awb-border-radius-top-right:0px;--awb-border-radius-bottom-right:0px;--awb-border-radius-bottom-left:0px;--awb-overflow:visible;--awb-margin-top:0px;--awb-background-color:rgba(255,255,255,0);--awb-flex-wrap:wrap;\" ><div class=\"fusion-builder-row fusion-row\"><div class=\"fusion-layout-column fusion_builder_column fusion-builder-column-1 fusion_builder_column_1_1 1_1 fusion-one-full fusion-column-first fusion-column-last fusion-column-no-min-height\" style=\"--awb-bg-size:cover;--awb-margin-bottom:0px;\"><div class=\"fusion-column-wrapper fusion-flex-column-wrapper-legacy\"><div class=\"fusion-sep-clear\"><\/div><div class=\"fusion-separator fusion-full-width-sep\" style=\"margin-left: auto;margin-right: auto;width:100%;\"><div class=\"fusion-separator-border sep-dotted sep-single\" style=\"--awb-height:20px;--awb-amount:20px;border-color:#e0dede;border-top-width:1px;\"><\/div><\/div><div class=\"fusion-sep-clear\"><\/div><div class=\"fusion-clearfix\"><\/div><\/div><\/div><\/div><\/div><div class=\"fusion-fullwidth fullwidth-box fusion-builder-row-3 hundred-percent-fullwidth non-hundred-percent-height-scrolling\" style=\"--awb-border-radius-top-left:0px;--awb-border-radius-top-right:0px;--awb-border-radius-bottom-right:0px;--awb-border-radius-bottom-left:0px;--awb-overflow:visible;--awb-flex-wrap:wrap;\" ><div class=\"fusion-builder-row fusion-row\"><div class=\"fusion-layout-column fusion_builder_column fusion-builder-column-2 fusion_builder_column_1_1 1_1 fusion-one-full fusion-column-first fusion-column-last fusion-column-no-min-height\" style=\"--awb-bg-size:cover;--awb-margin-bottom:0px;\"><div class=\"fusion-column-wrapper fusion-flex-column-wrapper-legacy\"><div class=\"fusion-recent-works fusion-portfolio-element fusion-portfolio fusion-portfolio-1 fusion-portfolio-grid fusion-portfolio-paging-none fusion-portfolio-four fusion-portfolio-no_text fusion-portfolio-rollover\" data-id=\"-rw-1\" data-columns=\"four\"><style type=\"text\/css\">.fusion-portfolio-1 .fusion-portfolio-wrapper .fusion-col-spacing{padding:2.5px;}<\/style><div class=\"fusion-portfolio-wrapper\" id=\"fusion-portfolio-1\" data-picturesize=\"fixed\" data-pages=\"3\" style=\"margin:-2.5px;\"><article id=\"portfolio-1-post-33322\" class=\"fusion-portfolio-post bureaux enseignement recherche rehabilitation selection fusion-col-spacing post-33322\"><div class=\"fusion-portfolio-content-wrapper\" style=\"border:none;\"><div  class=\"fusion-image-wrapper fusion-image-size-fixed\" aria-haspopup=\"true\">\n\t\t\t\t<img decoding=\"async\" width=\"300\" height=\"214\" src=\"https:\/\/i0.wp.com\/www.vibarchitecture.com\/wp-content\/uploads\/2025\/05\/cefe_montepellier_cefe_parking_a3_2000px.jpg?resize=300%2C214&amp;ssl=1\" class=\"attachment-portfolio-three size-portfolio-three wp-post-image\" alt=\"\" srcset=\"https:\/\/i0.wp.com\/www.vibarchitecture.com\/wp-content\/uploads\/2025\/05\/cefe_montepellier_cefe_parking_a3_2000px.jpg?resize=300%2C214&amp;ssl=1 300w, https:\/\/i0.wp.com\/www.vibarchitecture.com\/wp-content\/uploads\/2025\/05\/cefe_montepellier_cefe_parking_a3_2000px.jpg?zoom=2&amp;resize=300%2C214&amp;ssl=1 600w, https:\/\/i0.wp.com\/www.vibarchitecture.com\/wp-content\/uploads\/2025\/05\/cefe_montepellier_cefe_parking_a3_2000px.jpg?zoom=3&amp;resize=300%2C214&amp;ssl=1 900w, https:\/\/i0.wp.com\/www.vibarchitecture.com\/wp-content\/uploads\/2025\/05\/cefe_montepellier_cefe_parking_a3_2000px.jpg?fit=2000%2C1285&amp;ssl=1 2000w\" sizes=\"(max-width: 300px) 100vw, 300px\" \/><div class=\"fusion-rollover\">\n\t<div class=\"fusion-rollover-content\">\n\n\t\t\t\t\n\t\t\n\t\t\t\t\t\t\t\t\t\t\t\t<h4 class=\"fusion-rollover-title\">\n\t\t\t\t\t<a class=\"fusion-rollover-title-link\" href=\"https:\/\/www.vibarchitecture.com\/fr\/project\/cefe-centre-detude-en-ecologie-montpellier\/?portfolioCats=320\">\n\t\t\t\t\t\tCEFE &#8211; Centre d&rsquo;\u00e9tude en \u00e9cologie | Montpellier\t\t\t\t\t<\/a>\n\t\t\t\t<\/h4>\n\t\t\t\n\t\t\t\t\t\t\t\t\n\t\t\n\t\t\t\t\t\t<a class=\"fusion-link-wrapper\" href=\"https:\/\/www.vibarchitecture.com\/fr\/project\/cefe-centre-detude-en-ecologie-montpellier\/?portfolioCats=320\" aria-label=\"CEFE &#8211; Centre d&rsquo;\u00e9tude en \u00e9cologie | Montpellier\"><\/a>\n\t<\/div>\n<\/div>\n<\/div>\n<\/div><\/article><article id=\"portfolio-1-post-32808\" class=\"fusion-portfolio-post logement selection urbain fusion-col-spacing post-32808\"><div class=\"fusion-portfolio-content-wrapper\" style=\"border:none;\"><div  class=\"fusion-image-wrapper fusion-image-size-fixed\" aria-haspopup=\"true\">\n\t\t\t\t<img decoding=\"async\" width=\"300\" height=\"214\" src=\"https:\/\/i0.wp.com\/www.vibarchitecture.com\/wp-content\/uploads\/2021\/10\/21070334-hr_adobervb_print-cyrillelallement_cc.jpg?resize=300%2C214&amp;ssl=1\" class=\"attachment-portfolio-three size-portfolio-three wp-post-image\" alt=\"\" srcset=\"https:\/\/i0.wp.com\/www.vibarchitecture.com\/wp-content\/uploads\/2021\/10\/21070334-hr_adobervb_print-cyrillelallement_cc.jpg?resize=300%2C214&amp;ssl=1 300w, https:\/\/i0.wp.com\/www.vibarchitecture.com\/wp-content\/uploads\/2021\/10\/21070334-hr_adobervb_print-cyrillelallement_cc.jpg?zoom=2&amp;resize=300%2C214&amp;ssl=1 600w, https:\/\/i0.wp.com\/www.vibarchitecture.com\/wp-content\/uploads\/2021\/10\/21070334-hr_adobervb_print-cyrillelallement_cc.jpg?zoom=3&amp;resize=300%2C214&amp;ssl=1 900w, https:\/\/i0.wp.com\/www.vibarchitecture.com\/wp-content\/uploads\/2021\/10\/21070334-hr_adobervb_print-cyrillelallement_cc.jpg?fit=2000%2C2000&amp;ssl=1 2000w\" sizes=\"(max-width: 300px) 100vw, 300px\" \/><div class=\"fusion-rollover\">\n\t<div class=\"fusion-rollover-content\">\n\n\t\t\t\t\n\t\t\n\t\t\t\t\t\t\t\t\t\t\t\t<h4 class=\"fusion-rollover-title\">\n\t\t\t\t\t<a class=\"fusion-rollover-title-link\" href=\"https:\/\/www.vibarchitecture.com\/fr\/project\/le-norway-pointe-presquile-caen-14-copy\/?portfolioCats=320\">\n\t\t\t\t\t\tLE NORWAY | Pointe Presqu&rsquo;\u00eele | CAEN (14)\t\t\t\t\t<\/a>\n\t\t\t\t<\/h4>\n\t\t\t\n\t\t\t\t\t\t\t\t\n\t\t\n\t\t\t\t\t\t<a class=\"fusion-link-wrapper\" href=\"https:\/\/www.vibarchitecture.com\/fr\/project\/le-norway-pointe-presquile-caen-14-copy\/?portfolioCats=320\" aria-label=\"LE NORWAY | Pointe Presqu&rsquo;\u00eele | CAEN (14)\"><\/a>\n\t<\/div>\n<\/div>\n<\/div>\n<\/div><\/article><article id=\"portfolio-1-post-33022\" class=\"fusion-portfolio-post enseignement sante selection urbain fusion-col-spacing post-33022\"><div class=\"fusion-portfolio-content-wrapper\" style=\"border:none;\"><div  class=\"fusion-image-wrapper fusion-image-size-fixed\" aria-haspopup=\"true\">\n\t\t\t\t<img decoding=\"async\" width=\"300\" height=\"214\" src=\"https:\/\/i0.wp.com\/www.vibarchitecture.com\/wp-content\/uploads\/2023\/03\/25116806-vib_hr_adobervb_print-cyrillelallement_2000px.jpg?resize=300%2C214&amp;ssl=1\" class=\"attachment-portfolio-three size-portfolio-three wp-post-image\" alt=\"\" srcset=\"https:\/\/i0.wp.com\/www.vibarchitecture.com\/wp-content\/uploads\/2023\/03\/25116806-vib_hr_adobervb_print-cyrillelallement_2000px.jpg?resize=300%2C214&amp;ssl=1 300w, https:\/\/i0.wp.com\/www.vibarchitecture.com\/wp-content\/uploads\/2023\/03\/25116806-vib_hr_adobervb_print-cyrillelallement_2000px.jpg?zoom=2&amp;resize=300%2C214&amp;ssl=1 600w, https:\/\/i0.wp.com\/www.vibarchitecture.com\/wp-content\/uploads\/2023\/03\/25116806-vib_hr_adobervb_print-cyrillelallement_2000px.jpg?zoom=3&amp;resize=300%2C214&amp;ssl=1 900w, https:\/\/i0.wp.com\/www.vibarchitecture.com\/wp-content\/uploads\/2023\/03\/25116806-vib_hr_adobervb_print-cyrillelallement_2000px.jpg?fit=2000%2C1333&amp;ssl=1 2000w\" sizes=\"(max-width: 300px) 100vw, 300px\" \/><div class=\"fusion-rollover\">\n\t<div class=\"fusion-rollover-content\">\n\n\t\t\t\t\n\t\t\n\t\t\t\t\t\t\t\t\t\t\t\t<h4 class=\"fusion-rollover-title\">\n\t\t\t\t\t<a class=\"fusion-rollover-title-link\" href=\"https:\/\/www.vibarchitecture.com\/fr\/project\/ifsi-et-parking-silo-evreux-27\/?portfolioCats=320\">\n\t\t\t\t\t\tIFSI et parking silo | Evreux (27)\t\t\t\t\t<\/a>\n\t\t\t\t<\/h4>\n\t\t\t\n\t\t\t\t\t\t\t\t\n\t\t\n\t\t\t\t\t\t<a class=\"fusion-link-wrapper\" href=\"https:\/\/www.vibarchitecture.com\/fr\/project\/ifsi-et-parking-silo-evreux-27\/?portfolioCats=320\" aria-label=\"IFSI et parking silo | Evreux (27)\"><\/a>\n\t<\/div>\n<\/div>\n<\/div>\n<\/div><\/article><article id=\"portfolio-1-post-31768\" class=\"fusion-portfolio-post bureaux enseignement recherche selection urbain fusion-col-spacing post-31768\"><div class=\"fusion-portfolio-content-wrapper\" style=\"border:none;\"><div  class=\"fusion-image-wrapper fusion-image-size-fixed\" aria-haspopup=\"true\">\n\t\t\t\t<img decoding=\"async\" width=\"300\" height=\"214\" src=\"https:\/\/i0.wp.com\/www.vibarchitecture.com\/wp-content\/uploads\/2020\/09\/vib_mathstic_phase2_vue_loin_phase02_correction_ciel_clair_2000.jpg?resize=300%2C214&amp;ssl=1\" class=\"attachment-portfolio-three size-portfolio-three wp-post-image\" alt=\"\" srcset=\"https:\/\/i0.wp.com\/www.vibarchitecture.com\/wp-content\/uploads\/2020\/09\/vib_mathstic_phase2_vue_loin_phase02_correction_ciel_clair_2000.jpg?resize=300%2C214&amp;ssl=1 300w, https:\/\/i0.wp.com\/www.vibarchitecture.com\/wp-content\/uploads\/2020\/09\/vib_mathstic_phase2_vue_loin_phase02_correction_ciel_clair_2000.jpg?zoom=2&amp;resize=300%2C214&amp;ssl=1 600w, https:\/\/i0.wp.com\/www.vibarchitecture.com\/wp-content\/uploads\/2020\/09\/vib_mathstic_phase2_vue_loin_phase02_correction_ciel_clair_2000.jpg?zoom=3&amp;resize=300%2C214&amp;ssl=1 900w, https:\/\/i0.wp.com\/www.vibarchitecture.com\/wp-content\/uploads\/2020\/09\/vib_mathstic_phase2_vue_loin_phase02_correction_ciel_clair_2000.jpg?fit=2000%2C1200&amp;ssl=1 2000w\" sizes=\"(max-width: 300px) 100vw, 300px\" \/><div class=\"fusion-rollover\">\n\t<div class=\"fusion-rollover-content\">\n\n\t\t\t\t\n\t\t\n\t\t\t\t\t\t\t\t\t\t\t\t<h4 class=\"fusion-rollover-title\">\n\t\t\t\t\t<a class=\"fusion-rollover-title-link\" href=\"https:\/\/www.vibarchitecture.com\/fr\/project\/mathstic-departement-mathematique-et-entree-du-campus-universitaire-batiment-bas-carbone-villetaneuse-93\/?portfolioCats=320\">\n\t\t\t\t\t\tMathSTIC et entr\u00e9e du Campus Universitaire | Villetaneuse (93)\t\t\t\t\t<\/a>\n\t\t\t\t<\/h4>\n\t\t\t\n\t\t\t\t\t\t\t\t\n\t\t\n\t\t\t\t\t\t<a class=\"fusion-link-wrapper\" href=\"https:\/\/www.vibarchitecture.com\/fr\/project\/mathstic-departement-mathematique-et-entree-du-campus-universitaire-batiment-bas-carbone-villetaneuse-93\/?portfolioCats=320\" aria-label=\"MathSTIC et entr\u00e9e du Campus Universitaire | Villetaneuse (93)\"><\/a>\n\t<\/div>\n<\/div>\n<\/div>\n<\/div><\/article><article id=\"portfolio-1-post-30063\" class=\"fusion-portfolio-post bureaux enseignement industriel recherche rehabilitation sante selection urbain fusion-col-spacing post-30063\"><div class=\"fusion-portfolio-content-wrapper\" style=\"border:none;\"><div  class=\"fusion-image-wrapper fusion-image-size-fixed\" aria-haspopup=\"true\">\n\t\t\t\t<img decoding=\"async\" width=\"300\" height=\"214\" src=\"https:\/\/i0.wp.com\/www.vibarchitecture.com\/wp-content\/uploads\/2016\/09\/19123653-lr_srvb_web-cyrillelallement-e1582886116642.jpg?resize=300%2C214&amp;ssl=1\" class=\"attachment-portfolio-three size-portfolio-three wp-post-image\" alt=\"\" srcset=\"https:\/\/i0.wp.com\/www.vibarchitecture.com\/wp-content\/uploads\/2016\/09\/19123653-lr_srvb_web-cyrillelallement-e1582886116642.jpg?resize=300%2C214&amp;ssl=1 300w, https:\/\/i0.wp.com\/www.vibarchitecture.com\/wp-content\/uploads\/2016\/09\/19123653-lr_srvb_web-cyrillelallement-e1582886116642.jpg?zoom=2&amp;resize=300%2C214&amp;ssl=1 600w, https:\/\/i0.wp.com\/www.vibarchitecture.com\/wp-content\/uploads\/2016\/09\/19123653-lr_srvb_web-cyrillelallement-e1582886116642.jpg?fit=667%2C887&amp;ssl=1 667w\" sizes=\"(max-width: 300px) 100vw, 300px\" \/><div class=\"fusion-rollover\">\n\t<div class=\"fusion-rollover-content\">\n\n\t\t\t\t\n\t\t\n\t\t\t\t\t\t\t\t\t\t\t\t<h4 class=\"fusion-rollover-title\">\n\t\t\t\t\t<a class=\"fusion-rollover-title-link\" href=\"https:\/\/www.vibarchitecture.com\/fr\/project\/institut-de-laudition-paris-75\/?portfolioCats=320\">\n\t\t\t\t\t\tInstitut de l&rsquo;Audition | Paris (75)\t\t\t\t\t<\/a>\n\t\t\t\t<\/h4>\n\t\t\t\n\t\t\t\t\t\t\t\t\n\t\t\n\t\t\t\t\t\t<a class=\"fusion-link-wrapper\" href=\"https:\/\/www.vibarchitecture.com\/fr\/project\/institut-de-laudition-paris-75\/?portfolioCats=320\" aria-label=\"Institut de l&rsquo;Audition | Paris (75)\"><\/a>\n\t<\/div>\n<\/div>\n<\/div>\n<\/div><\/article><article id=\"portfolio-1-post-33180\" class=\"fusion-portfolio-post enseignement rehabilitation sante selection fusion-col-spacing post-33180\"><div class=\"fusion-portfolio-content-wrapper\" style=\"border:none;\"><div  class=\"fusion-image-wrapper fusion-image-size-fixed\" aria-haspopup=\"true\">\n\t\t\t\t<img decoding=\"async\" width=\"300\" height=\"214\" src=\"https:\/\/i0.wp.com\/www.vibarchitecture.com\/wp-content\/uploads\/2025\/02\/phase-finale_ecole_de_chirurgie_rue_des_arbuses_2000px_crop.jpg?resize=300%2C214&amp;ssl=1\" class=\"attachment-portfolio-three size-portfolio-three wp-post-image\" alt=\"\" srcset=\"https:\/\/i0.wp.com\/www.vibarchitecture.com\/wp-content\/uploads\/2025\/02\/phase-finale_ecole_de_chirurgie_rue_des_arbuses_2000px_crop.jpg?resize=300%2C214&amp;ssl=1 300w, https:\/\/i0.wp.com\/www.vibarchitecture.com\/wp-content\/uploads\/2025\/02\/phase-finale_ecole_de_chirurgie_rue_des_arbuses_2000px_crop.jpg?zoom=2&amp;resize=300%2C214&amp;ssl=1 600w, https:\/\/i0.wp.com\/www.vibarchitecture.com\/wp-content\/uploads\/2025\/02\/phase-finale_ecole_de_chirurgie_rue_des_arbuses_2000px_crop.jpg?zoom=3&amp;resize=300%2C214&amp;ssl=1 900w, https:\/\/i0.wp.com\/www.vibarchitecture.com\/wp-content\/uploads\/2025\/02\/phase-finale_ecole_de_chirurgie_rue_des_arbuses_2000px_crop.jpg?fit=2000%2C1190&amp;ssl=1 2000w\" sizes=\"(max-width: 300px) 100vw, 300px\" \/><div class=\"fusion-rollover\">\n\t<div class=\"fusion-rollover-content\">\n\n\t\t\t\t\n\t\t\n\t\t\t\t\t\t\t\t\t\t\t\t<h4 class=\"fusion-rollover-title\">\n\t\t\t\t\t<a class=\"fusion-rollover-title-link\" href=\"https:\/\/www.vibarchitecture.com\/fr\/project\/ecole-de-chirurgie-de-paris-paris-14\/?portfolioCats=320\">\n\t\t\t\t\t\t\u00c9cole de chirurgie de Paris | Paris 14\t\t\t\t\t<\/a>\n\t\t\t\t<\/h4>\n\t\t\t\n\t\t\t\t\t\t\t\t\n\t\t\n\t\t\t\t\t\t<a class=\"fusion-link-wrapper\" href=\"https:\/\/www.vibarchitecture.com\/fr\/project\/ecole-de-chirurgie-de-paris-paris-14\/?portfolioCats=320\" aria-label=\"\u00c9cole de chirurgie de Paris | Paris 14\"><\/a>\n\t<\/div>\n<\/div>\n<\/div>\n<\/div><\/article><article id=\"portfolio-1-post-6083\" class=\"fusion-portfolio-post enseignement industriel sante selection fusion-col-spacing post-6083\"><div class=\"fusion-portfolio-content-wrapper\" style=\"border:none;\"><div  class=\"fusion-image-wrapper fusion-image-size-fixed\" aria-haspopup=\"true\">\n\t\t\t\t<img decoding=\"async\" width=\"300\" height=\"214\" src=\"https:\/\/i0.wp.com\/www.vibarchitecture.com\/wp-content\/uploads\/2018\/12\/vib_ease_hr-18059759_3000_c.jpg?resize=300%2C214&amp;ssl=1\" class=\"attachment-portfolio-three size-portfolio-three wp-post-image\" alt=\"\" srcset=\"https:\/\/i0.wp.com\/www.vibarchitecture.com\/wp-content\/uploads\/2018\/12\/vib_ease_hr-18059759_3000_c.jpg?resize=300%2C214&amp;ssl=1 300w, https:\/\/i0.wp.com\/www.vibarchitecture.com\/wp-content\/uploads\/2018\/12\/vib_ease_hr-18059759_3000_c.jpg?zoom=2&amp;resize=300%2C214&amp;ssl=1 600w, https:\/\/i0.wp.com\/www.vibarchitecture.com\/wp-content\/uploads\/2018\/12\/vib_ease_hr-18059759_3000_c.jpg?zoom=3&amp;resize=300%2C214&amp;ssl=1 900w, https:\/\/i0.wp.com\/www.vibarchitecture.com\/wp-content\/uploads\/2018\/12\/vib_ease_hr-18059759_3000_c.jpg?fit=2000%2C1142&amp;ssl=1 2000w\" sizes=\"(max-width: 300px) 100vw, 300px\" \/><div class=\"fusion-rollover\">\n\t<div class=\"fusion-rollover-content\">\n\n\t\t\t\t\n\t\t\n\t\t\t\t\t\t\t\t\t\t\t\t<h4 class=\"fusion-rollover-title\">\n\t\t\t\t\t<a class=\"fusion-rollover-title-link\" href=\"https:\/\/www.vibarchitecture.com\/fr\/project\/ease-centre-de-formation-strasbourg-67\/?portfolioCats=320\">\n\t\t\t\t\t\tEASE centre de formation | Strasbourg  (67)\t\t\t\t\t<\/a>\n\t\t\t\t<\/h4>\n\t\t\t\n\t\t\t\t\t\t\t\t\n\t\t\n\t\t\t\t\t\t<a class=\"fusion-link-wrapper\" href=\"https:\/\/www.vibarchitecture.com\/fr\/project\/ease-centre-de-formation-strasbourg-67\/?portfolioCats=320\" aria-label=\"EASE centre de formation | Strasbourg  (67)\"><\/a>\n\t<\/div>\n<\/div>\n<\/div>\n<\/div><\/article><article id=\"portfolio-1-post-30117\" class=\"fusion-portfolio-post bureaux recherche rehabilitation sante selection urbain fusion-col-spacing post-30117\"><div class=\"fusion-portfolio-content-wrapper\" style=\"border:none;\"><div  class=\"fusion-image-wrapper fusion-image-size-fixed\" aria-haspopup=\"true\">\n\t\t\t\t<img decoding=\"async\" width=\"300\" height=\"214\" src=\"https:\/\/i0.wp.com\/www.vibarchitecture.com\/wp-content\/uploads\/2016\/10\/lr-5766_c.jpg?resize=300%2C214&amp;ssl=1\" class=\"attachment-portfolio-three size-portfolio-three wp-post-image\" alt=\"\" srcset=\"https:\/\/i0.wp.com\/www.vibarchitecture.com\/wp-content\/uploads\/2016\/10\/lr-5766_c.jpg?resize=300%2C214&amp;ssl=1 300w, https:\/\/i0.wp.com\/www.vibarchitecture.com\/wp-content\/uploads\/2016\/10\/lr-5766_c.jpg?zoom=2&amp;resize=300%2C214&amp;ssl=1 600w, https:\/\/i0.wp.com\/www.vibarchitecture.com\/wp-content\/uploads\/2016\/10\/lr-5766_c.jpg?fit=800%2C550&amp;ssl=1 800w\" sizes=\"(max-width: 300px) 100vw, 300px\" \/><div class=\"fusion-rollover\">\n\t<div class=\"fusion-rollover-content\">\n\n\t\t\t\t\n\t\t\n\t\t\t\t\t\t\t\t\t\t\t\t<h4 class=\"fusion-rollover-title\">\n\t\t\t\t\t<a class=\"fusion-rollover-title-link\" href=\"https:\/\/www.vibarchitecture.com\/fr\/project\/neurocampus-bordeaux-33\/?portfolioCats=320\">\n\t\t\t\t\t\tNeurocampus | Centre Broca Nouvelle Aquitaine | BORDEAUX (33)\t\t\t\t\t<\/a>\n\t\t\t\t<\/h4>\n\t\t\t\n\t\t\t\t\t\t\t\t\n\t\t\n\t\t\t\t\t\t<a class=\"fusion-link-wrapper\" href=\"https:\/\/www.vibarchitecture.com\/fr\/project\/neurocampus-bordeaux-33\/?portfolioCats=320\" aria-label=\"Neurocampus | Centre Broca Nouvelle Aquitaine | BORDEAUX (33)\"><\/a>\n\t<\/div>\n<\/div>\n<\/div>\n<\/div><\/article><\/div><\/div>\n<h2 style=\"padding-left: 10px;\">Actualit\u00e9s de vib architecture<\/h2>\n<div class=\"fusion-sep-clear\"><\/div><div class=\"fusion-separator fusion-full-width-sep\" style=\"margin-left: auto;margin-right: auto;width:100%;\"><div class=\"fusion-separator-border sep-dotted sep-single\" style=\"--awb-height:20px;--awb-amount:20px;border-color:#e0dede;border-top-width:1px;\"><\/div><\/div><div class=\"fusion-sep-clear\"><\/div>\n<div class=\"fusion-sep-clear\"><\/div><div class=\"fusion-separator fusion-full-width-sep\" style=\"margin-left: auto;margin-right: auto;margin-top:10px;margin-bottom:10px;width:100%;\"><\/div><div class=\"fusion-sep-clear\"><\/div>\n<div class=\"fusion-clearfix\"><\/div><\/div><\/div><div class=\"fusion-layout-column fusion_builder_column fusion-builder-column-3 fusion_builder_column_1_1 1_1 fusion-one-full fusion-column-first fusion-column-last fusion-column-no-min-height\" style=\"--awb-bg-size:cover;--awb-margin-bottom:0px;\"><div class=\"fusion-column-wrapper fusion-flex-column-wrapper-legacy\"><div class=\"fusion-recent-posts fusion-recent-posts-1 avada-container layout-default layout-columns-4\"><section class=\"fusion-columns columns fusion-columns-4 columns-4\"><article class=\"post fusion-column column col col-lg-3 col-md-3 col-sm-3\"><div class=\"fusion-flexslider fusion-flexslider-loading flexslider flexslider-hover-type-none\"><ul class=\"slides\"><li><a href=\"https:\/\/www.vibarchitecture.com\/fr\/livre-ifpe-et-parking-silo-a-evreux\/\" aria-label=\"Livr\u00e9 ! IFPE et parking silo \u00e0 Evreux\" class=\"hover-type-none\"><img decoding=\"async\" width=\"700\" height=\"441\" src=\"https:\/\/i0.wp.com\/www.vibarchitecture.com\/wp-content\/uploads\/2025\/11\/ifsi_copyright_-luc-decoulare-delafontaine.jpg?resize=700%2C441&amp;ssl=1\" class=\"attachment-recent-posts size-recent-posts\" alt=\"\" srcset=\"https:\/\/i0.wp.com\/www.vibarchitecture.com\/wp-content\/uploads\/2025\/11\/ifsi_copyright_-luc-decoulare-delafontaine.jpg?resize=320%2C202&amp;ssl=1 320w, https:\/\/i0.wp.com\/www.vibarchitecture.com\/wp-content\/uploads\/2025\/11\/ifsi_copyright_-luc-decoulare-delafontaine.jpg?resize=700%2C441&amp;ssl=1 700w, https:\/\/i0.wp.com\/www.vibarchitecture.com\/wp-content\/uploads\/2025\/11\/ifsi_copyright_-luc-decoulare-delafontaine.jpg?zoom=2&amp;resize=700%2C441&amp;ssl=1 1400w, https:\/\/i0.wp.com\/www.vibarchitecture.com\/wp-content\/uploads\/2025\/11\/ifsi_copyright_-luc-decoulare-delafontaine.jpg?fit=2000%2C1125&amp;ssl=1 2000w\" sizes=\"(max-width: 700px) 100vw, 700px\" \/><\/a><\/li><\/ul><\/div><div class=\"recent-posts-content\"><h4 class=\"\"><a href=\"https:\/\/www.vibarchitecture.com\/fr\/livre-ifpe-et-parking-silo-a-evreux\/\">Livr\u00e9 ! IFPE et parking silo \u00e0 Evreux<\/a><\/h4><p class=\"meta\"><span>26 novembre 2025 <\/span><span class=\"fusion-inline-sep\">|<\/span><span class=\"fusion-comments\"><a href=\"https:\/\/www.vibarchitecture.com\/fr\/livre-ifpe-et-parking-silo-a-evreux\/#respond\">0 Comments<\/a><\/span><\/p><p>\u00c0 la lisi\u00e8re d'un nouveau parc urbain, nous avons livr\u00e9 cet automne le nouvel Institut<a href=\"https:\/\/www.vibarchitecture.com\/fr\/livre-ifpe-et-parking-silo-a-evreux\/\"> [...]<\/a><\/p><\/div><\/article><article class=\"post fusion-column column col col-lg-3 col-md-3 col-sm-3\"><div class=\"fusion-flexslider fusion-flexslider-loading flexslider flexslider-hover-type-none\"><ul class=\"slides\"><li><a href=\"https:\/\/www.vibarchitecture.com\/fr\/mathstic-1-bientot-livree\/\" aria-label=\"Bient\u00f4t livr\u00e9e : phase 1 du d\u00e9partement de math\u00e9matique, Universit\u00e9 Sorbonne Paris Nord.\" class=\"hover-type-none\"><img decoding=\"async\" width=\"700\" height=\"441\" src=\"https:\/\/i0.wp.com\/www.vibarchitecture.com\/wp-content\/uploads\/2025\/11\/vib_mathstic_pose-volets-bois-2.jpg?resize=700%2C441&amp;ssl=1\" class=\"attachment-recent-posts size-recent-posts\" alt=\"\" srcset=\"https:\/\/i0.wp.com\/www.vibarchitecture.com\/wp-content\/uploads\/2025\/11\/vib_mathstic_pose-volets-bois-2.jpg?resize=320%2C202&amp;ssl=1 320w, https:\/\/i0.wp.com\/www.vibarchitecture.com\/wp-content\/uploads\/2025\/11\/vib_mathstic_pose-volets-bois-2.jpg?resize=700%2C441&amp;ssl=1 700w, https:\/\/i0.wp.com\/www.vibarchitecture.com\/wp-content\/uploads\/2025\/11\/vib_mathstic_pose-volets-bois-2.jpg?zoom=2&amp;resize=700%2C441&amp;ssl=1 1400w, https:\/\/i0.wp.com\/www.vibarchitecture.com\/wp-content\/uploads\/2025\/11\/vib_mathstic_pose-volets-bois-2.jpg?fit=1458%2C1129&amp;ssl=1 1458w\" sizes=\"(max-width: 700px) 100vw, 700px\" \/><\/a><\/li><\/ul><\/div><div class=\"recent-posts-content\"><h4 class=\"\"><a href=\"https:\/\/www.vibarchitecture.com\/fr\/mathstic-1-bientot-livree\/\">Bient\u00f4t livr\u00e9e : phase 1 du d\u00e9partement de math\u00e9matique, Universit\u00e9 Sorbonne Paris Nord.<\/a><\/h4><p class=\"meta\"><span>24 novembre 2025 <\/span><span class=\"fusion-inline-sep\">|<\/span><span class=\"fusion-comments\"><a href=\"https:\/\/www.vibarchitecture.com\/fr\/mathstic-1-bientot-livree\/#respond\">0 Comments<\/a><\/span><\/p><p>La phase 1 du p\u00f4le MathSTIC, regroupant le d\u00e9partement de math\u00e9matiques de l\u2019Universit\u00e9 Sorbonne Paris<a href=\"https:\/\/www.vibarchitecture.com\/fr\/mathstic-1-bientot-livree\/\"> [...]<\/a><\/p><\/div><\/article><article class=\"post fusion-column column col col-lg-3 col-md-3 col-sm-3\"><div class=\"fusion-flexslider fusion-flexslider-loading flexslider flexslider-hover-type-none\"><ul class=\"slides\"><li><a href=\"https:\/\/www.vibarchitecture.com\/fr\/inauguration-a-evreux\/\" aria-label=\"Inauguration \u00e0 \u00c9vreux\" class=\"hover-type-none\"><img decoding=\"async\" width=\"700\" height=\"441\" src=\"https:\/\/i0.wp.com\/www.vibarchitecture.com\/wp-content\/uploads\/2025\/09\/vib_ifsi_prelivraison-2.jpg?resize=700%2C441&amp;ssl=1\" class=\"attachment-recent-posts size-recent-posts\" alt=\"\" srcset=\"https:\/\/i0.wp.com\/www.vibarchitecture.com\/wp-content\/uploads\/2025\/09\/vib_ifsi_prelivraison-2.jpg?resize=320%2C202&amp;ssl=1 320w, https:\/\/i0.wp.com\/www.vibarchitecture.com\/wp-content\/uploads\/2025\/09\/vib_ifsi_prelivraison-2.jpg?resize=700%2C441&amp;ssl=1 700w, https:\/\/i0.wp.com\/www.vibarchitecture.com\/wp-content\/uploads\/2025\/09\/vib_ifsi_prelivraison-2.jpg?fit=1006%2C1536&amp;ssl=1 1006w\" sizes=\"(max-width: 700px) 100vw, 700px\" \/><\/a><\/li><\/ul><\/div><div class=\"recent-posts-content\"><h4 class=\"\"><a href=\"https:\/\/www.vibarchitecture.com\/fr\/inauguration-a-evreux\/\">Inauguration \u00e0 \u00c9vreux<\/a><\/h4><p class=\"meta\"><span>01 septembre 2025 <\/span><span class=\"fusion-inline-sep\">|<\/span><span class=\"fusion-comments\"><a href=\"https:\/\/www.vibarchitecture.com\/fr\/inauguration-a-evreux\/#respond\">0 Comments<\/a><\/span><\/p><p>Vendredi 29 ao\u00fbt 2025 s\u2019est tenue l\u2019inauguration du Parc Saint-Louis \u00e0 \u00c9vreux, con\u00e7u par PHILIPPON<a href=\"https:\/\/www.vibarchitecture.com\/fr\/inauguration-a-evreux\/\"> [...]<\/a><\/p><\/div><\/article><article class=\"post fusion-column column col col-lg-3 col-md-3 col-sm-3\"><div class=\"fusion-flexslider fusion-flexslider-loading flexslider flexslider-hover-type-none\"><ul class=\"slides\"><li><a href=\"https:\/\/www.vibarchitecture.com\/fr\/projet-laureat-centre-detude-en-ecologie\/\" aria-label=\"Projet laur\u00e9at &#8211; centre d&rsquo;\u00e9tude en \u00e9cologie\" class=\"hover-type-none\"><img decoding=\"async\" width=\"700\" height=\"441\" src=\"https:\/\/i0.wp.com\/www.vibarchitecture.com\/wp-content\/uploads\/2025\/05\/cefe_montepellier_cefe_pieton_a3_2000px.jpg?resize=700%2C441&amp;ssl=1\" class=\"attachment-recent-posts size-recent-posts\" alt=\"\" srcset=\"https:\/\/i0.wp.com\/www.vibarchitecture.com\/wp-content\/uploads\/2025\/05\/cefe_montepellier_cefe_pieton_a3_2000px.jpg?resize=150%2C96&amp;ssl=1 150w, https:\/\/i0.wp.com\/www.vibarchitecture.com\/wp-content\/uploads\/2025\/05\/cefe_montepellier_cefe_pieton_a3_2000px.jpg?resize=320%2C202&amp;ssl=1 320w, https:\/\/i0.wp.com\/www.vibarchitecture.com\/wp-content\/uploads\/2025\/05\/cefe_montepellier_cefe_pieton_a3_2000px.jpg?resize=700%2C441&amp;ssl=1 700w, https:\/\/i0.wp.com\/www.vibarchitecture.com\/wp-content\/uploads\/2025\/05\/cefe_montepellier_cefe_pieton_a3_2000px.jpg?zoom=2&amp;resize=700%2C441&amp;ssl=1 1400w, https:\/\/i0.wp.com\/www.vibarchitecture.com\/wp-content\/uploads\/2025\/05\/cefe_montepellier_cefe_pieton_a3_2000px.jpg?fit=2000%2C1285&amp;ssl=1 2000w\" sizes=\"(max-width: 700px) 100vw, 700px\" \/><\/a><\/li><\/ul><\/div><div class=\"recent-posts-content\"><h4 class=\"\"><a href=\"https:\/\/www.vibarchitecture.com\/fr\/projet-laureat-centre-detude-en-ecologie\/\">Projet laur\u00e9at &#8211; centre d&rsquo;\u00e9tude en \u00e9cologie<\/a><\/h4><p class=\"meta\"><span>12 mai 2025 <\/span><span class=\"fusion-inline-sep\">|<\/span><span class=\"fusion-comments\"><a href=\"https:\/\/www.vibarchitecture.com\/fr\/projet-laureat-centre-detude-en-ecologie\/#respond\">0 Comments<\/a><\/span><\/p><p>L\u2019agence est l\u2019heureuse laur\u00e9ate du concours pour le CEFE, centre d\u2019\u00e9tude en \u00e9cologie de Montpellier<a href=\"https:\/\/www.vibarchitecture.com\/fr\/projet-laureat-centre-detude-en-ecologie\/\"> [...]<\/a><\/p><\/div><\/article><\/section><\/div>\n<div class=\"fusion-sep-clear\"><\/div><div class=\"fusion-separator fusion-full-width-sep\" style=\"margin-left: auto;margin-right: auto;width:100%;\"><div class=\"fusion-separator-border sep-dotted sep-single\" style=\"--awb-height:20px;--awb-amount:20px;border-color:#e0dede;border-top-width:1px;\"><\/div><\/div><div class=\"fusion-sep-clear\"><\/div>\n<div class=\"fusion-sep-clear\"><\/div><div class=\"fusion-separator fusion-full-width-sep\" style=\"margin-left: auto;margin-right: auto;margin-top:30px;margin-bottom:30px;width:100%;\"><\/div><div class=\"fusion-sep-clear\"><\/div>\n<div class=\"fusion-clearfix\"><\/div><\/div><\/div><div class=\"fusion-layout-column fusion_builder_column fusion-builder-column-4 fusion_builder_column_1_1 1_1 fusion-one-full fusion-column-first fusion-column-last fusion-column-no-min-height\" style=\"--awb-bg-size:cover;--awb-margin-bottom:0px;\"><div class=\"fusion-column-wrapper fusion-flex-column-wrapper-legacy\"><div class=\"fusion-sharing-box fusion-sharing-box-1 has-taglines layout-floated layout-medium-floated layout-small-floated\" style=\"background-color:#f6f6f6;--awb-layout:row;--awb-alignment-small:space-between;\" data-title=\"vib architecture\" data-description=\"Bettina Ballus et Franck Vialet make Vialet architecture evolve into vib architecture. Our multicultural team of 20 architects based in Paris, designs in a creative and sustainable way.\" data-link=\"www.vibarchitecture.com\" data-image=\"https:\/\/www.vibarchitecture.comhttps:\/\/www.vibarchitecture.com\/wp-content\/uploads\/2013\/08\/vib_silos_insitu_chantier_.10001-400x224.jpg\"><h4 class=\"tagline\" style=\"color:#333333;\">Merci de partager nos pages!<\/h4><div class=\"fusion-social-networks sharingbox-shortcode-icon-wrapper sharingbox-shortcode-icon-wrapper-1\"><span><a href=\"https:\/\/www.facebook.com\/sharer.php?u=www.vibarchitecture.com&amp;t=vib%20architecture\" target=\"_blank\" rel=\"noreferrer\" title=\"Facebook\" aria-label=\"Facebook\" data-placement=\"top\" data-toggle=\"tooltip\" data-title=\"Facebook\"><i class=\"fusion-social-network-icon fusion-tooltip fusion-facebook awb-icon-facebook\" style=\"color:#bebdbd;\" aria-hidden=\"true\"><\/i><\/a><\/span><span><a href=\"https:\/\/x.com\/intent\/post?text=vib%20architecture&amp;url=www.vibarchitecture.com\" target=\"_blank\" rel=\"noopener noreferrer\" title=\"X\" aria-label=\"X\" data-placement=\"top\" data-toggle=\"tooltip\" data-title=\"X\"><i class=\"fusion-social-network-icon fusion-tooltip fusion-twitter awb-icon-twitter\" style=\"color:#bebdbd;\" aria-hidden=\"true\"><\/i><\/a><\/span><span><a href=\"https:\/\/www.linkedin.com\/shareArticle?mini=true&amp;url=www.vibarchitecture.com&amp;title=vib%20architecture&amp;summary=Bettina%20Ballus%20et%20Franck%20Vialet%20make%20Vialet%20architecture%20evolve%20into%20vib%20architecture.%20Our%20multicultural%20team%20of%2020%20architects%20based%20in%20Paris%2C%20designs%20in%20a%20creative%20and%20sustainable%20way.\" target=\"_blank\" rel=\"noopener noreferrer\" title=\"LinkedIn\" aria-label=\"LinkedIn\" data-placement=\"top\" data-toggle=\"tooltip\" data-title=\"LinkedIn\"><i class=\"fusion-social-network-icon fusion-tooltip fusion-linkedin awb-icon-linkedin\" style=\"color:#bebdbd;\" aria-hidden=\"true\"><\/i><\/a><\/span><\/div><\/div>\n<p>&nbsp;<div class=\"fusion-clearfix\"><\/div><\/div><\/div><\/div><\/div><\/p>\n","protected":false},"excerpt":{"rendered":"","protected":false},"author":11,"featured_media":0,"parent":0,"menu_order":13,"comment_status":"closed","ping_status":"closed","template":"","meta":{"footnotes":""},"class_list":["post-4029","page","type-page","status-publish","hentry"],"acf":[],"yoast_head":"<!-- This site is optimized with the Yoast SEO plugin v27.5 - https:\/\/yoast.com\/product\/yoast-seo-wordpress\/ -->\n<title>VIB architecture | Ballus + Vialet<\/title>\n<meta name=\"description\" content=\"Agence d&#039;architecture contemporaine bas\u00e9e \u00e0 Paris, cr\u00e9\u00e9e pour concevoir et construire des projets dans une d\u00e9marche cr\u00e9ative et responsable.\" \/>\n<meta name=\"robots\" content=\"index, follow, max-snippet:-1, max-image-preview:large, max-video-preview:-1\" \/>\n<link rel=\"canonical\" href=\"https:\/\/www.vibarchitecture.com\/fr\/vib-couverture-wide\/\" \/>\n<meta property=\"og:locale\" content=\"fr_FR\" \/>\n<meta property=\"og:type\" content=\"article\" \/>\n<meta property=\"og:title\" content=\"VIB | ballus + vialet | architectes paris\" \/>\n<meta property=\"og:description\" content=\"Agence d&#039;architecture contemporaine bas\u00e9e \u00e0 Paris, cr\u00e9\u00e9e par Bettina Ballus et Franck Vialet pour concevoir et construire des projets dans une d\u00e9marche cr\u00e9ative et responsable.\" \/>\n<meta property=\"og:url\" content=\"https:\/\/www.vibarchitecture.com\/fr\/vib-couverture-wide\/\" \/>\n<meta property=\"og:site_name\" content=\"VIB architecture\" \/>\n<meta property=\"article:publisher\" content=\"https:\/\/www.facebook.com\/vibarchitecture\" \/>\n<meta property=\"article:modified_time\" content=\"2016-10-31T15:55:55+00:00\" \/>\n<meta property=\"og:image\" content=\"https:\/\/i2.wp.com\/www.vibarchitecture.com\/wp-content\/uploads\/2015\/02\/vib.mini-album-projet.2015.jpg?fit=1000%2C1419&ssl=1\" \/>\n\t<meta property=\"og:image:width\" content=\"1000\" \/>\n\t<meta property=\"og:image:height\" content=\"1419\" \/>\n\t<meta property=\"og:image:type\" content=\"image\/jpeg\" \/>\n<meta name=\"twitter:card\" content=\"summary_large_image\" \/>\n<meta name=\"twitter:site\" content=\"@vibarchitecture\" \/>\n<meta name=\"twitter:label1\" content=\"Dur\u00e9e de lecture estim\u00e9e\" \/>\n\t<meta name=\"twitter:data1\" content=\"3 minutes\" \/>\n<script type=\"application\/ld+json\" class=\"yoast-schema-graph\">{\"@context\":\"https:\\\/\\\/schema.org\",\"@graph\":[{\"@type\":\"WebPage\",\"@id\":\"https:\\\/\\\/www.vibarchitecture.com\\\/fr\\\/vib-couverture-wide\\\/\",\"url\":\"https:\\\/\\\/www.vibarchitecture.com\\\/fr\\\/vib-couverture-wide\\\/\",\"name\":\"VIB architecture | Ballus + Vialet\",\"isPartOf\":{\"@id\":\"https:\\\/\\\/www.vibarchitecture.com\\\/fr\\\/#website\"},\"datePublished\":\"2013-10-31T11:29:26+00:00\",\"dateModified\":\"2016-10-31T15:55:55+00:00\",\"description\":\"Agence d'architecture contemporaine bas\u00e9e \u00e0 Paris, cr\u00e9\u00e9e pour concevoir et construire des projets dans une d\u00e9marche cr\u00e9ative et responsable.\",\"breadcrumb\":{\"@id\":\"https:\\\/\\\/www.vibarchitecture.com\\\/fr\\\/vib-couverture-wide\\\/#breadcrumb\"},\"inLanguage\":\"fr-FR\",\"potentialAction\":[{\"@type\":\"ReadAction\",\"target\":[\"https:\\\/\\\/www.vibarchitecture.com\\\/fr\\\/vib-couverture-wide\\\/\"]}]},{\"@type\":\"BreadcrumbList\",\"@id\":\"https:\\\/\\\/www.vibarchitecture.com\\\/fr\\\/vib-couverture-wide\\\/#breadcrumb\",\"itemListElement\":[{\"@type\":\"ListItem\",\"position\":1,\"name\":\"Accueil\",\"item\":\"https:\\\/\\\/www.vibarchitecture.com\\\/fr\\\/\"},{\"@type\":\"ListItem\",\"position\":2,\"name\":\"accueil VIB architectes Paris\"}]},{\"@type\":\"WebSite\",\"@id\":\"https:\\\/\\\/www.vibarchitecture.com\\\/fr\\\/#website\",\"url\":\"https:\\\/\\\/www.vibarchitecture.com\\\/fr\\\/\",\"name\":\"VIB architecture\",\"description\":\"Agence d&#039;architecture contemporaine, cr\u00e9\u00e9e par Bettina Ballus et Franck Vialet bas\u00e9e \u00e0 Paris et Bordeaux. Nous imaginons et construisons des laboratoires, logements, bureaux et projets culturels dans toute la France dans une d\u00e9marche cr\u00e9ative et responsable.\",\"potentialAction\":[{\"@type\":\"SearchAction\",\"target\":{\"@type\":\"EntryPoint\",\"urlTemplate\":\"https:\\\/\\\/www.vibarchitecture.com\\\/fr\\\/?s={search_term_string}\"},\"query-input\":{\"@type\":\"PropertyValueSpecification\",\"valueRequired\":true,\"valueName\":\"search_term_string\"}}],\"inLanguage\":\"fr-FR\"}]}<\/script>\n<!-- \/ Yoast SEO plugin. -->","yoast_head_json":{"title":"VIB architecture | Ballus + Vialet","description":"Agence d'architecture contemporaine bas\u00e9e \u00e0 Paris, cr\u00e9\u00e9e pour concevoir et construire des projets dans une d\u00e9marche cr\u00e9ative et responsable.","robots":{"index":"index","follow":"follow","max-snippet":"max-snippet:-1","max-image-preview":"max-image-preview:large","max-video-preview":"max-video-preview:-1"},"canonical":"https:\/\/www.vibarchitecture.com\/fr\/vib-couverture-wide\/","og_locale":"fr_FR","og_type":"article","og_title":"VIB | ballus + vialet | architectes paris","og_description":"Agence d'architecture contemporaine bas\u00e9e \u00e0 Paris, cr\u00e9\u00e9e par Bettina Ballus et Franck Vialet pour concevoir et construire des projets dans une d\u00e9marche cr\u00e9ative et responsable.","og_url":"https:\/\/www.vibarchitecture.com\/fr\/vib-couverture-wide\/","og_site_name":"VIB architecture","article_publisher":"https:\/\/www.facebook.com\/vibarchitecture","article_modified_time":"2016-10-31T15:55:55+00:00","og_image":[{"width":1000,"height":1419,"url":"https:\/\/i2.wp.com\/www.vibarchitecture.com\/wp-content\/uploads\/2015\/02\/vib.mini-album-projet.2015.jpg?fit=1000%2C1419&ssl=1","type":"image\/jpeg"}],"twitter_card":"summary_large_image","twitter_site":"@vibarchitecture","twitter_misc":{"Dur\u00e9e de lecture estim\u00e9e":"3 minutes"},"schema":{"@context":"https:\/\/schema.org","@graph":[{"@type":"WebPage","@id":"https:\/\/www.vibarchitecture.com\/fr\/vib-couverture-wide\/","url":"https:\/\/www.vibarchitecture.com\/fr\/vib-couverture-wide\/","name":"VIB architecture | Ballus + Vialet","isPartOf":{"@id":"https:\/\/www.vibarchitecture.com\/fr\/#website"},"datePublished":"2013-10-31T11:29:26+00:00","dateModified":"2016-10-31T15:55:55+00:00","description":"Agence d'architecture contemporaine bas\u00e9e \u00e0 Paris, cr\u00e9\u00e9e pour concevoir et construire des projets dans une d\u00e9marche cr\u00e9ative et responsable.","breadcrumb":{"@id":"https:\/\/www.vibarchitecture.com\/fr\/vib-couverture-wide\/#breadcrumb"},"inLanguage":"fr-FR","potentialAction":[{"@type":"ReadAction","target":["https:\/\/www.vibarchitecture.com\/fr\/vib-couverture-wide\/"]}]},{"@type":"BreadcrumbList","@id":"https:\/\/www.vibarchitecture.com\/fr\/vib-couverture-wide\/#breadcrumb","itemListElement":[{"@type":"ListItem","position":1,"name":"Accueil","item":"https:\/\/www.vibarchitecture.com\/fr\/"},{"@type":"ListItem","position":2,"name":"accueil VIB architectes Paris"}]},{"@type":"WebSite","@id":"https:\/\/www.vibarchitecture.com\/fr\/#website","url":"https:\/\/www.vibarchitecture.com\/fr\/","name":"VIB architecture","description":"Agence d&#039;architecture contemporaine, cr\u00e9\u00e9e par Bettina Ballus et Franck Vialet bas\u00e9e \u00e0 Paris et Bordeaux. Nous imaginons et construisons des laboratoires, logements, bureaux et projets culturels dans toute la France dans une d\u00e9marche cr\u00e9ative et responsable.","potentialAction":[{"@type":"SearchAction","target":{"@type":"EntryPoint","urlTemplate":"https:\/\/www.vibarchitecture.com\/fr\/?s={search_term_string}"},"query-input":{"@type":"PropertyValueSpecification","valueRequired":true,"valueName":"search_term_string"}}],"inLanguage":"fr-FR"}]}},"jetpack_shortlink":"https:\/\/wp.me\/PcD29w-12Z","jetpack_sharing_enabled":true,"_links":{"self":[{"href":"https:\/\/www.vibarchitecture.com\/fr\/wp-json\/wp\/v2\/pages\/4029","targetHints":{"allow":["GET"]}}],"collection":[{"href":"https:\/\/www.vibarchitecture.com\/fr\/wp-json\/wp\/v2\/pages"}],"about":[{"href":"https:\/\/www.vibarchitecture.com\/fr\/wp-json\/wp\/v2\/types\/page"}],"author":[{"embeddable":true,"href":"https:\/\/www.vibarchitecture.com\/fr\/wp-json\/wp\/v2\/users\/11"}],"replies":[{"embeddable":true,"href":"https:\/\/www.vibarchitecture.com\/fr\/wp-json\/wp\/v2\/comments?post=4029"}],"version-history":[{"count":0,"href":"https:\/\/www.vibarchitecture.com\/fr\/wp-json\/wp\/v2\/pages\/4029\/revisions"}],"wp:attachment":[{"href":"https:\/\/www.vibarchitecture.com\/fr\/wp-json\/wp\/v2\/media?parent=4029"}],"curies":[{"name":"wp","href":"https:\/\/api.w.org\/{rel}","templated":true}]}}